{"id":12457,"date":"2025-07-23T16:33:25","date_gmt":"2025-07-23T16:33:25","guid":{"rendered":"https:\/\/cdu-kempen.de\/?page_id=12457"},"modified":"2025-08-07T18:07:32","modified_gmt":"2025-08-07T18:07:32","slug":"unsere-kandidaten","status":"publish","type":"page","link":"https:\/\/cdu-kempen.de\/index.php\/unsere-kandidaten\/","title":{"rendered":"Unsere Kandidaten"},"content":{"rendered":"<p>[et_pb_section fb_built=&#8220;1&#8243; _builder_version=&#8220;4.26.1&#8243; _module_preset=&#8220;default&#8220; min_height=&#8220;144px&#8220; custom_padding=&#8220;||84px|||&#8220; global_colors_info=&#8220;{}&#8220;][et_pb_row _builder_version=&#8220;4.26.1&#8243; _module_preset=&#8220;default&#8220; global_colors_info=&#8220;{}&#8220;][et_pb_column type=&#8220;4_4&#8243; _builder_version=&#8220;4.26.1&#8243; _module_preset=&#8220;default&#8220; global_colors_info=&#8220;{}&#8220;][et_pb_text _builder_version=&#8220;4.26.1&#8243; _module_preset=&#8220;default&#8220; global_colors_info=&#8220;{}&#8220;]<\/p>\n<h1><strong>Unsere Kandidaten<\/strong><\/h1>\n<p>[\/et_pb_text][\/et_pb_column][\/et_pb_row][et_pb_row _builder_version=&#8220;4.26.1&#8243; _module_preset=&#8220;default&#8220; min_height=&#8220;111px&#8220; custom_margin=&#8220;|auto|-17px|auto||&#8220; global_colors_info=&#8220;{}&#8220;][et_pb_column type=&#8220;4_4&#8243; _builder_version=&#8220;4.26.1&#8243; _module_preset=&#8220;default&#8220; global_colors_info=&#8220;{}&#8220;][et_pb_text _builder_version=&#8220;4.26.1&#8243; _module_preset=&#8220;default&#8220; custom_padding=&#8220;8px|||||&#8220; global_colors_info=&#8220;{}&#8220;]<\/p>\n<h1><strong>Kempen<\/strong><\/h1>\n<p>[\/et_pb_text][\/et_pb_column][\/et_pb_row][\/et_pb_section][et_pb_section fb_built=&#8220;1&#8243; _builder_version=&#8220;4.26.1&#8243; _module_preset=&#8220;default&#8220; min_height=&#8220;668.5px&#8220; custom_margin=&#8220;-70px|||||&#8220; custom_padding=&#8220;0px||0px|||&#8220; global_colors_info=&#8220;{}&#8220;][et_pb_row column_structure=&#8220;1_2,1_2&#8243; _builder_version=&#8220;4.26.1&#8243; _module_preset=&#8220;default&#8220; custom_padding=&#8220;||0px|||&#8220; global_colors_info=&#8220;{}&#8220;][et_pb_column type=&#8220;1_2&#8243; _builder_version=&#8220;4.26.1&#8243; _module_preset=&#8220;default&#8220; global_colors_info=&#8220;{}&#8220;][et_pb_image src=&#8220;https:\/\/cdu-kempen.de\/wp-content\/uploads\/2025\/07\/Website_500x500_PeterJosefCoenen-e1753969526840.jpg&#8220; title_text=&#8220;Peter Josef Coenen&#8220; _builder_version=&#8220;4.26.1&#8243; _module_preset=&#8220;default&#8220; global_colors_info=&#8220;{}&#8220;][\/et_pb_image][\/et_pb_column][et_pb_column type=&#8220;1_2&#8243; _builder_version=&#8220;4.26.1&#8243; _module_preset=&#8220;default&#8220; global_colors_info=&#8220;{}&#8220;][et_pb_text _builder_version=&#8220;4.26.1&#8243; _module_preset=&#8220;default&#8220; global_colors_info=&#8220;{}&#8220;]<\/p>\n<h2>Wahlbezirk 3010 &#8211; Kempen-Land<\/h2>\n<p>Mein Name ist Peter Josef Coenen, ich bin 66 Jahre alt und selbstst\u00e4ndiger Landwirt. Als engagierter B\u00fcrger m\u00f6chte ich die Belange unserer Stadt aktiv mitgestalten \u2013 besonders in Kempen Land, wo meine Wurzeln liegen. Heimatverbundenheit, eine lebendige Altstadt und eine moderne Einkaufsstadt geh\u00f6ren f\u00fcr mich zusammen.<\/p>\n<p>Ein vielf\u00e4ltiges Gewerbe, ein starkes Vereinsleben und der Erhalt der Landwirtschaft auf der Kempener Lehmplatte sind mir wichtig. Ich stehe f\u00fcr eine Politik die Tradition und Zukunft miteinander verbindet \u2013 f\u00fcr ein starkes und lebenswertes Kempen.<\/p>\n<p>Meine Schwerpunkte = Bauen und Wirtschaft.<br \/>\nMeine Lieblingsorte = Altstadt und Buttermarkt.<br \/>\nMeine Hobbys &amp; Ehrenamt = Brauchtumspflege, Vorsitz Reit- und Fahrverein Schmalbroich, Pferdesport, Jagd.<\/p>\n<p>[\/et_pb_text][\/et_pb_column][\/et_pb_row][et_pb_row column_structure=&#8220;1_2,1_2&#8243; _builder_version=&#8220;4.26.1&#8243; _module_preset=&#8220;default&#8220; custom_padding=&#8220;||3px|||&#8220; global_colors_info=&#8220;{}&#8220;][et_pb_column type=&#8220;1_2&#8243; _builder_version=&#8220;4.26.1&#8243; _module_preset=&#8220;default&#8220; global_colors_info=&#8220;{}&#8220;][et_pb_text _builder_version=&#8220;4.26.1&#8243; _module_preset=&#8220;default&#8220; global_colors_info=&#8220;{}&#8220;]<\/p>\n<h2> Wahlkreis 3020 &#8211; Kempen-Hagelkreuz<\/h2>\n<p>Mein Name ist Peter Fischer, ich bin 55 Jahre alt und Verwaltungsleiter im Kinderheim St. Annenhof. Seit 1989, damals als j\u00fcngster Ratsherr, setze ich mich aktiv f\u00fcr unsere Stadt ein. Heute bringe ich Erfahrung und Gestaltungswillen in den Stadtrat ein, statt nur zuzuschauen.<\/p>\n<p>Wichtige Anliegen sind f\u00fcr mich die St\u00e4rkung unserer Stadtwerke, der Erhalt von Schwimmbad, Kultur, Schulen und Kitas sowie die F\u00f6rderung von Vereinen und Einzelhandel. Ich m\u00f6chte dazu beitragen, dass unser Hagelkreuz und ganz Kempen lebendig und attraktiv bleiben \u2013 so wie wir es kennen und lieben.<\/p>\n<p>Meine Schwerpunkte = Stadtwerke, Soziales, Jugendhilfe, Wirtschaft, Bauen.<br \/>\nMein Lieblingsort = Mein Garten im Hagelkreuz.<br \/>\nHobbys &#038; Ehrenamt = Politik, Ehrenamt, Vereine, Reisen, Fotografie.\n<\/p>\n<p>[\/et_pb_text][\/et_pb_column][et_pb_column type=&#8220;1_2&#8243; _builder_version=&#8220;4.26.1&#8243; _module_preset=&#8220;default&#8220; global_colors_info=&#8220;{}&#8220;][et_pb_image src=&#8220;https:\/\/cdu-kempen.de\/wp-content\/uploads\/2025\/07\/Website_500x500_PeterFischer-e1753969426217.jpg&#8220; title_text=&#8220;Peter Fischer&#8220; _builder_version=&#8220;4.26.1&#8243; _module_preset=&#8220;default&#8220; global_colors_info=&#8220;{}&#8220;][\/et_pb_image][\/et_pb_column][\/et_pb_row][et_pb_row column_structure=&#8220;1_2,1_2&#8243; _builder_version=&#8220;4.26.1&#8243; _module_preset=&#8220;default&#8220; custom_padding=&#8220;||3px|||&#8220; global_colors_info=&#8220;{}&#8220;][et_pb_column type=&#8220;1_2&#8243; _builder_version=&#8220;4.26.1&#8243; _module_preset=&#8220;default&#8220; global_colors_info=&#8220;{}&#8220;][et_pb_image src=&#8220;https:\/\/cdu-kempen.de\/wp-content\/uploads\/2025\/07\/Website_500x500_GerdWilhelmStueckemann-e1753969588853.jpg&#8220; title_text=&#8220;Gerd-Wilhelm Stueckemann&#8220; _builder_version=&#8220;4.26.1&#8243; _module_preset=&#8220;default&#8220; global_colors_info=&#8220;{}&#8220;][\/et_pb_image][\/et_pb_column][et_pb_column type=&#8220;1_2&#8243; _builder_version=&#8220;4.26.1&#8243; _module_preset=&#8220;default&#8220; global_colors_info=&#8220;{}&#8220;][et_pb_text _builder_version=&#8220;4.26.1&#8243; _module_preset=&#8220;default&#8220; global_colors_info=&#8220;{}&#8220;]<\/p>\n<h2>Wahlkreis 3030 &#8211; Kempen-Hagelkreuz<\/h2>\n<p>Mein Name ist Gerd-Wilhelm St\u00fcckemann, ich bin 59 Jahre alt, Haushaltsabteilungsleiter an einem Berufskolleg, verheiratet und Vater von drei Kindern. Ich kandidiere, um unsere lebens- und liebenswerte Stadt aktiv weiterzuentwickeln.<\/p>\n<p>Kempen steht f\u00fcr mich f\u00fcr attraktive Wohn- und Gewerbefl\u00e4chen, eine gute Infrastruktur, starke Schulen und Betreuung, lebendige Altstadt und echten Gemeinsinn. F\u00fcr diese Werte m\u00f6chte ich mich engagiert einsetzen \u2013 verantwortungsvoll und mit Blick auf kommende Generationen.<\/p>\n<p>Meine Schwerpunkte = Finanzen, Bildung, Stadtentwicklung, Radverkehr.<br \/>\nMeine Lieblingsorte = Felder und Wiesen rund um Kempen.<br \/>\nMeine Hobbys &#038; Ehrenamt = Joggen, Radfahren, Lesen, \u00f6rtliche Vereine.\n<\/p>\n<p>[\/et_pb_text][\/et_pb_column][\/et_pb_row][et_pb_row column_structure=&#8220;1_2,1_2&#8243; _builder_version=&#8220;4.26.1&#8243; _module_preset=&#8220;default&#8220; custom_padding=&#8220;||3px|||&#8220; global_colors_info=&#8220;{}&#8220;][et_pb_column type=&#8220;1_2&#8243; _builder_version=&#8220;4.26.1&#8243; _module_preset=&#8220;default&#8220; global_colors_info=&#8220;{}&#8220;][et_pb_text _builder_version=&#8220;4.26.1&#8243; _module_preset=&#8220;default&#8220; global_colors_info=&#8220;{}&#8220;]<\/p>\n<h2>Wahlkreis 3040 &#8211; Kempen-Hagelkreuz<\/h2>\n<p>Mein Name ist Willi Stenhorst, ich bin 70 Jahre alt und Rentner. Ich kandidiere, damit das Hagelkreuz im Guten bewahrt und verantwortungsvoll weiterentwickelt wird \u2013 mit Blick auf die Menschen, die hier leben.<\/p>\n<p>Meine Schwerpunkte liegen in der Stadtentwicklung, bei Senioren- und Vereinsangelegenheiten sowie besonders im Bereich Hagelkreuz. Auch wenn es R\u00fcckschl\u00e4ge gibt: In Kempen geht es meistens positiv voran \u2013 und daran m\u00f6chte ich weiterhin mitwirken.<\/p>\n<p>Meine Schwerpunkte = Soziales, Stadtentwicklung, Kultur, Haushalt.<br \/>\nMein Lieblingsort = Kempen.<br \/>\nMeine Hobbys &#038; Ehrenamt = Garten, Reisen, Politik, Ehrenamt im Senioren- &#038; B\u00fcrgerverein.\n<\/p>\n<p>[\/et_pb_text][\/et_pb_column][et_pb_column type=&#8220;1_2&#8243; _builder_version=&#8220;4.26.1&#8243; _module_preset=&#8220;default&#8220; global_colors_info=&#8220;{}&#8220;][et_pb_image src=&#8220;https:\/\/cdu-kempen.de\/wp-content\/uploads\/2025\/07\/Website_500x500_WilliStenhorst-e1753973416367.jpg&#8220; title_text=&#8220;Willi Stenhorst&#8220; _builder_version=&#8220;4.26.1&#8243; _module_preset=&#8220;default&#8220; global_colors_info=&#8220;{}&#8220;][\/et_pb_image][\/et_pb_column][\/et_pb_row][\/et_pb_section][et_pb_section fb_built=&#8220;1&#8243; _builder_version=&#8220;4.26.1&#8243; _module_preset=&#8220;default&#8220; min_height=&#8220;569.5px&#8220; custom_margin=&#8220;-85px|||||&#8220; custom_padding=&#8220;||94px|||&#8220; locked=&#8220;off&#8220; global_colors_info=&#8220;{}&#8220;][et_pb_row column_structure=&#8220;1_2,1_2&#8243; _builder_version=&#8220;4.26.1&#8243; _module_preset=&#8220;default&#8220; custom_margin=&#8220;17px|auto||auto||&#8220; custom_padding=&#8220;||3px|||&#8220; global_colors_info=&#8220;{}&#8220;][et_pb_column type=&#8220;1_2&#8243; _builder_version=&#8220;4.26.1&#8243; _module_preset=&#8220;default&#8220; global_colors_info=&#8220;{}&#8220;][et_pb_image src=&#8220;https:\/\/cdu-kempen.de\/wp-content\/uploads\/2025\/07\/Website_500x500_HeikeHoeltken-e1753973851618.jpg&#8220; title_text=&#8220;Heike Hoeltken&#8220; _builder_version=&#8220;4.26.1&#8243; _module_preset=&#8220;default&#8220; global_colors_info=&#8220;{}&#8220;][\/et_pb_image][\/et_pb_column][et_pb_column type=&#8220;1_2&#8243; _builder_version=&#8220;4.26.1&#8243; _module_preset=&#8220;default&#8220; global_colors_info=&#8220;{}&#8220;][et_pb_text _builder_version=&#8220;4.26.1&#8243; _module_preset=&#8220;default&#8220; hover_enabled=&#8220;0&#8243; global_colors_info=&#8220;{}&#8220; sticky_enabled=&#8220;0&#8243;]<\/p>\n<h2>\u00a0Wahlkreis 3050 Kempen-Mitte<\/h2>\n<p>Mein Name ist Heike H\u00f6ltken, ich bin 62 Jahre alt, Bankkauffrau, Mutter zweier erwachsener T\u00f6chter und stolze Oma. Ich arbeite als Institutsassistenz im \u00f6ffentlichen Dienst und vertrete seit 2009 die Interessen der Kempener B\u00fcrger im Stadtrat.<\/p>\n<p>Kempen ist meine Heimat. \u2013 Ich setze mich weiterhin f\u00fcr gute Bildung, wohnortnahe Arbeit, F\u00f6rderung von Nachhaltigkeit, eine lebendige Innenstadt, ein gutes Kulturangebot \u2013 von der Stadtbibliothek bis zur Musik \u2013 und ein starkes soziales Miteinander ein.<\/p>\n<p>Meine Schwerpunkte = Kultur und Soziales.<br \/>Mein Lieblingsort = Mein Garten.<br \/>Meine Hobbys &amp; Ehrenamt = Wandern, Fahrradfahren und Kultur, Vorsitz der F\u00f6rdergemeinschaft der Kreismusikschule.<\/p>\n<p>[\/et_pb_text][\/et_pb_column][\/et_pb_row][et_pb_row column_structure=&#8220;1_2,1_2&#8243; _builder_version=&#8220;4.26.1&#8243; _module_preset=&#8220;default&#8220; custom_padding=&#8220;||3px|||&#8220; global_colors_info=&#8220;{}&#8220;][et_pb_column type=&#8220;1_2&#8243; _builder_version=&#8220;4.26.1&#8243; _module_preset=&#8220;default&#8220; global_colors_info=&#8220;{}&#8220;][et_pb_text _builder_version=&#8220;4.26.1&#8243; _module_preset=&#8220;default&#8220; global_colors_info=&#8220;{}&#8220;]<\/p>\n<h2>Wahlkreis 3060 &#8211; Kempen-Mitte<\/h2>\n<p>Mein Name ist Ramona Peters, ich bin 47 Jahre alt und arbeite als Regierungsbesch\u00e4ftigte beim Arbeitsgericht. Ich m\u00f6chte dazu beitragen, dass unsere Gesellschaft gut funktioniert und f\u00fcr alle lebenswert bleibt.<\/p>\n<p>Besonders wichtig sind mir: B\u00fcrokratieabbau, Digitalisierung der Verwaltung, Sportf\u00f6rderung und echte Teilhabe f\u00fcr alle B\u00fcrgerinnen und B\u00fcrger. Mich motiviert es, L\u00f6sungen zu finden, die zu einem harmonischen Miteinander f\u00fchren \u2013 auch wenn die Bed\u00fcrfnisse vielf\u00e4ltig und der Weg zum Konsens manchmal herausfordernd ist.<\/p>\n<p>Meine Schwerpunkte = Soziales und Sport.<br \/>\nMein Lieblingsort = In der Natur.<br \/>\nMeine Hobbys &#038; Ehrenamt = Triathlon, Wandern, N\u00e4hen, Lesen, Rehasport.\n<\/p>\n<p>[\/et_pb_text][\/et_pb_column][et_pb_column type=&#8220;1_2&#8243; _builder_version=&#8220;4.26.1&#8243; _module_preset=&#8220;default&#8220; global_colors_info=&#8220;{}&#8220;][et_pb_image src=&#8220;https:\/\/cdu-kempen.de\/wp-content\/uploads\/2025\/07\/Website_500x500_RamoaPeters-e1753973583890.jpg&#8220; title_text=&#8220;Ramona Peters&#8220; _builder_version=&#8220;4.26.1&#8243; _module_preset=&#8220;default&#8220; global_colors_info=&#8220;{}&#8220;][\/et_pb_image][\/et_pb_column][\/et_pb_row][et_pb_row column_structure=&#8220;1_2,1_2&#8243; _builder_version=&#8220;4.26.1&#8243; _module_preset=&#8220;default&#8220; custom_padding=&#8220;||3px|||&#8220; global_colors_info=&#8220;{}&#8220;][et_pb_column type=&#8220;1_2&#8243; _builder_version=&#8220;4.26.1&#8243; _module_preset=&#8220;default&#8220; global_colors_info=&#8220;{}&#8220;][et_pb_image src=&#8220;https:\/\/cdu-kempen.de\/wp-content\/uploads\/2025\/07\/Website_500x500_HansJoachimHerbst-e1753973290991.jpg&#8220; title_text=&#8220;Hans-Joachim Herbst&#8220; _builder_version=&#8220;4.26.1&#8243; _module_preset=&#8220;default&#8220; global_colors_info=&#8220;{}&#8220;][\/et_pb_image][\/et_pb_column][et_pb_column type=&#8220;1_2&#8243; _builder_version=&#8220;4.26.1&#8243; _module_preset=&#8220;default&#8220; global_colors_info=&#8220;{}&#8220;][et_pb_text _builder_version=&#8220;4.26.1&#8243; _module_preset=&#8220;default&#8220; global_colors_info=&#8220;{}&#8220;]<\/p>\n<h2>Wahlkreis 3070 &#8211; Kempen S\u00fcd<\/h2>\n<p>Mein Name ist Hans-Joachim Herbst, ich bin 69 Jahre alt, Industriekaufmann, verheiratet und Vater zweier erwachsener Kinder. Nach fast 50 Jahren Berufsleben \u2013 zuletzt weltweit t\u00e4tig als Expert Order-Manager in einem Stahlkonzern \u2013 engagiere ich mich seit 1989 im Stadtrat f\u00fcr die Interessen der Kempener B\u00fcrgerinnen und B\u00fcrger.<\/p>\n<p>Kempen ist meine Heimat. Ich sch\u00e4tze unsere hervorragende Infrastruktur, starke Bildung, sichere Umwelt, gute Gesundheitsversorgung und hohe Lebensqualit\u00e4t. F\u00fcr ein lebenswertes, modernes Kempen mit guten Radwegen, \u00d6PNV, Kultur und Freizeitangeboten setze ich mich weiterhin mit ganzer Kraft ein.<\/p>\n<p>Meine Schwerpunkte = Wirtschaft, Klima, Bev\u00f6lkerungsschutz.<br \/>\nMein Lieblingsort = Am Strand.<br \/>\nMeine Hobbys &#038; Ehrenamt = Sport, Hund, Eishockey, St.-Martin-Verein.\n<\/p>\n<p>[\/et_pb_text][\/et_pb_column][\/et_pb_row][et_pb_row column_structure=&#8220;1_2,1_2&#8243; _builder_version=&#8220;4.26.1&#8243; _module_preset=&#8220;default&#8220; custom_padding=&#8220;||3px|||&#8220; global_colors_info=&#8220;{}&#8220;][et_pb_column type=&#8220;1_2&#8243; _builder_version=&#8220;4.26.1&#8243; _module_preset=&#8220;default&#8220; global_colors_info=&#8220;{}&#8220;][et_pb_text _builder_version=&#8220;4.26.1&#8243; _module_preset=&#8220;default&#8220; global_colors_info=&#8220;{}&#8220;]<\/p>\n<h2>Wahlkreis 3080 &#8211; Kempen-S\u00fcd<\/h2>\n<p>Mein Name ist Marcus La\u00dfek, ich bin 32 Jahre alt und arbeite als Referent im Finanzministerium NRW. Mir ist Anpacken lieber als Zuschauen \u2013 Politik sollte Probleme erkennen, L\u00f6sungen entwickeln und Dinge ins Rollen bringen.<\/p>\n<p>Solide Finanzen und eine starke Wirtschaft sind daf\u00fcr das Fundament. B\u00fcrokratie darf dem gesunden Menschenverstand  nicht im Weg stehen \u2013 deshalb: Keep it simple. Ich denke gerne aus verschiedenen Perspektiven, setze Priorit\u00e4ten und treffe Entscheidungen \u2013 pragmatisch, klar und mit Freude an der Sache.<\/p>\n<p>Meine Schwerpunkte = Finanzen, Wirtschaft, Verkehr.<br \/>\nMeine Lieblingsorte = Meinen Garten, Buttermarkt, K\u00f6nigsh\u00fctte-See.<br \/>\nMeine Hobbys &#038; Ehrenamt = Rennrad, Fu\u00dfball, Musik, Handwerk, SV Thomasstadt.\n<\/p>\n<p>[\/et_pb_text][\/et_pb_column][et_pb_column type=&#8220;1_2&#8243; _builder_version=&#8220;4.26.1&#8243; _module_preset=&#8220;default&#8220; global_colors_info=&#8220;{}&#8220;][et_pb_image src=&#8220;https:\/\/cdu-kempen.de\/wp-content\/uploads\/2025\/07\/Website_500x500_MarcusLassek-e1753973740204.jpg&#8220; title_text=&#8220;Marcus La\u00dfek&#8220; _builder_version=&#8220;4.26.1&#8243; _module_preset=&#8220;default&#8220; global_colors_info=&#8220;{}&#8220;][\/et_pb_image][\/et_pb_column][\/et_pb_row][et_pb_row column_structure=&#8220;1_2,1_2&#8243; _builder_version=&#8220;4.26.1&#8243; _module_preset=&#8220;default&#8220; global_colors_info=&#8220;{}&#8220;][et_pb_column type=&#8220;1_2&#8243; _builder_version=&#8220;4.26.1&#8243; _module_preset=&#8220;default&#8220; global_colors_info=&#8220;{}&#8220;][et_pb_image src=&#8220;https:\/\/cdu-kempen.de\/wp-content\/uploads\/2025\/07\/Website_500x500_HeidiLabitzke-e1753973899326.jpg&#8220; title_text=&#8220;Heidi Labitzke&#8220; _builder_version=&#8220;4.26.1&#8243; _module_preset=&#8220;default&#8220; global_colors_info=&#8220;{}&#8220;][\/et_pb_image][\/et_pb_column][et_pb_column type=&#8220;1_2&#8243; _builder_version=&#8220;4.26.1&#8243; _module_preset=&#8220;default&#8220; global_colors_info=&#8220;{}&#8220;][et_pb_text _builder_version=&#8220;4.26.1&#8243; _module_preset=&#8220;default&#8220; global_colors_info=&#8220;{}&#8220;]<\/p>\n<h2>Wahlkreis 3090 &#8211; Kempen-S\u00fcd<\/h2>\n<p>Mein Name ist Heidi Labitzke. Ich bin 57 Jahre alt, verheiratet, Mutter von 2 erwachsenen S\u00f6hnen und arbeite als Grundschullehrerin. Hier lebe ich mit meiner Familie, hier bin ich gl\u00fccklich \u2013 deshalb liegt mir unsere Stadt besonders am Herzen.<\/p>\n<p>Seit 2021 darf ich im Stadtrat die Interessen der B\u00fcrger vertreten. Dabei liegt mein politischer Schwerpunkt in der Bildung \u2013 in Schule und Kindergarten. Zudem setze ich mich f\u00fcr eine verantwortungsvolle Stadtentwicklung ein. Ich m\u00f6chte aktiv dazu beitragen, dass Kempen weiterhin lebens- und liebenswert bleibt.<\/p>\n<p>Meine Schwerpunkte = Schule Bildung und Stadtentwicklung.<br \/>\nMeine Lieblingsorte = Altstadt Kempen, Sommerliche Au\u00dfengastronomie.<br \/>\nMeine Hobbys &#038; Ehrenamt = Politik, Familie, Reisen, St. Martinsverein.\n<\/p>\n<p>[\/et_pb_text][\/et_pb_column][\/et_pb_row][et_pb_row column_structure=&#8220;1_2,1_2&#8243; _builder_version=&#8220;4.26.1&#8243; _module_preset=&#8220;default&#8220; global_colors_info=&#8220;{}&#8220;][et_pb_column type=&#8220;1_2&#8243; _builder_version=&#8220;4.26.1&#8243; _module_preset=&#8220;default&#8220; global_colors_info=&#8220;{}&#8220;][et_pb_text _builder_version=&#8220;4.26.1&#8243; _module_preset=&#8220;default&#8220; global_colors_info=&#8220;{}&#8220;]<\/p>\n<h2> Wahlkreis 3100 &#8211; Kempen-Mitte<\/h2>\n<p>Mein Name ist Hans-Willi Schmitz, ich bin 66 Jahre alt, verheiratet, Vater von 2 erwachsenen S\u00f6hnen und Bankkaufmann im Ruhestand. Kempen ist f\u00fcr mich eine lebenswerte und lebendige Stadt \u2013 mit meiner Kandidatur m\u00f6chte ich dazu beitragen, dass<br \/>\ndas so bleibt.<\/p>\n<p>Besonders wichtig ist mir die Schaffung von Wohnraum, vor allem f\u00fcr junge Kempener Familien. Ebenso    setze ich mich f\u00fcr den Erhalt unserer Altstadt als attraktiven Einkaufs- und Aufenthaltsort ein. F\u00fcr ein Kempen, dass Zukunft und Tradition verbindet.<\/p>\n<p>Meine Schwerpunkte = Sicherheit, Planung, Wirtschaft, Finanzen.<br \/>\nMeine Lieblingsorte = Mein Garten, Buttermarkt.<br \/>\nMeine Hobbys &#038; Ehrenamt = Familie, Lesen, DRK.\n<\/p>\n<p>[\/et_pb_text][\/et_pb_column][et_pb_column type=&#8220;1_2&#8243; _builder_version=&#8220;4.26.1&#8243; _module_preset=&#8220;default&#8220; global_colors_info=&#8220;{}&#8220;][et_pb_image src=&#8220;https:\/\/cdu-kempen.de\/wp-content\/uploads\/2025\/07\/Website_500x500_HansWiliSchmitz-e1753973877894.jpg&#8220; title_text=&#8220;Hans Wili Schmitz&#8220; _builder_version=&#8220;4.26.1&#8243; _module_preset=&#8220;default&#8220; global_colors_info=&#8220;{}&#8220;][\/et_pb_image][\/et_pb_column][\/et_pb_row][et_pb_row column_structure=&#8220;1_2,1_2&#8243; _builder_version=&#8220;4.26.1&#8243; _module_preset=&#8220;default&#8220; global_colors_info=&#8220;{}&#8220;][et_pb_column type=&#8220;1_2&#8243; _builder_version=&#8220;4.26.1&#8243; _module_preset=&#8220;default&#8220; global_colors_info=&#8220;{}&#8220;][et_pb_image src=&#8220;https:\/\/cdu-kempen.de\/wp-content\/uploads\/2025\/07\/Website_500x500_JochenHouben-e1753973698162.jpg&#8220; title_text=&#8220;Dr. Jochen Houben&#8220; _builder_version=&#8220;4.26.1&#8243; _module_preset=&#8220;default&#8220; global_colors_info=&#8220;{}&#8220;][\/et_pb_image][\/et_pb_column][et_pb_column type=&#8220;1_2&#8243; _builder_version=&#8220;4.26.1&#8243; _module_preset=&#8220;default&#8220; global_colors_info=&#8220;{}&#8220;][et_pb_text _builder_version=&#8220;4.26.1&#8243; _module_preset=&#8220;default&#8220; global_colors_info=&#8220;{}&#8220;]<\/p>\n<h2>Wahlkreis 3110 &#8211; Kempen-S\u00fcd<\/h2>\n<p>Mein Name ist Dr. Jochen Houben, ich bin 66 Jahre alt, Chemiker und kandidiere f\u00fcr den Stadtrat, um Kempen so lebenswert zu erhalten, wie es heute ist. Ich wurde hier geboren und lebe mit meiner Familie seit \u00fcber 30 Jahren in unserer Stadt.<\/p>\n<p>Unsere Kinder und einige unserer Enkelkinder sind hier geboren, in den Kindergarten und zur Schule gegangen.  Deshalb liegt mir die Entwicklung von Kinderg\u00e4rten und Schulen besonders am Herzen \u2013 f\u00fcr eine starke Zukunft unserer Stadt und der n\u00e4chsten<br \/>\nGenerationen.<\/p>\n<p>Meine Schwerpunkte = Schule, Ordnung und Bauen.<br \/>\nMeine Lieblingsorte = Kempen und Bergamo.<br \/>\nMeine Hobbys &#038; Ehrenamt = Radfahren, Wandern und Sport.\n<\/p>\n<p>[\/et_pb_text][\/et_pb_column][\/et_pb_row][et_pb_row column_structure=&#8220;1_2,1_2&#8243; _builder_version=&#8220;4.26.1&#8243; _module_preset=&#8220;default&#8220; global_colors_info=&#8220;{}&#8220;][et_pb_column type=&#8220;1_2&#8243; _builder_version=&#8220;4.26.1&#8243; _module_preset=&#8220;default&#8220; global_colors_info=&#8220;{}&#8220;][et_pb_text _builder_version=&#8220;4.26.1&#8243; _module_preset=&#8220;default&#8220; hover_enabled=&#8220;0&#8243; global_colors_info=&#8220;{}&#8220; sticky_enabled=&#8220;0&#8243;]<\/p>\n<h2>Wahlkreis 3120 &#8211; Kempen-Mitte<\/h2>\n<p>Mein Name ist Tobias St\u00fcmges. Ich bin 36 Jahre alt, geb\u00fcrtiger Kempener und von Beruf Verleger. Gemeinsam mit meiner Familie lebe ich im Wahlkreis 3120 und bewerbe mich genau hier am 14. September um Ihr Vertrauen \u2013 und um Ihre Stimme.<\/p>\n<p>Als Herausgeber von KEMPEN life und vielseitiges Vereinsmitglied bin ich nah dran an dem, was unsere Stadt bewegt \u2013 an den Menschen, den Ideen, aber auch an den Herausforderungen. Ich m\u00f6chte mitgestalten und mitdenken \u2013 f\u00fcr ein Kempen, das lebendig bleibt und sich mit Weitsicht f\u00fcr die Zukunft aufstellt.<\/p>\n<p>#Klarf\u00fcrKempen \u2013 f\u00fcr ein starkes Kempen im Hier und Jetzt und in der Zukunft.<\/p>\n<p>Meine Schwerpunkte = Ordnung, Rettung, Bau, Wirtschaft, Sport.<br \/>\nMein Lieblingsort = Kempen.<br \/>\nMeine Hobbys &#038; Ehrenamt = Radsport, Karneval, Vereinsnetzwerk Kempen.\n<\/p>\n<p>[\/et_pb_text][\/et_pb_column][et_pb_column type=&#8220;1_2&#8243; _builder_version=&#8220;4.26.1&#8243; _module_preset=&#8220;default&#8220; global_colors_info=&#8220;{}&#8220;][et_pb_image src=&#8220;https:\/\/cdu-kempen.de\/wp-content\/uploads\/2025\/07\/Website_500x500_TobiasStuemges-e1753973490645.jpg&#8220; title_text=&#8220;Tobias St\u00fcmges&#8220; _builder_version=&#8220;4.26.1&#8243; _module_preset=&#8220;default&#8220; global_colors_info=&#8220;{}&#8220;][\/et_pb_image][\/et_pb_column][\/et_pb_row][et_pb_row column_structure=&#8220;1_2,1_2&#8243; _builder_version=&#8220;4.26.1&#8243; _module_preset=&#8220;default&#8220; custom_padding=&#8220;0px|||||&#8220; global_colors_info=&#8220;{}&#8220;][et_pb_column type=&#8220;1_2&#8243; _builder_version=&#8220;4.26.1&#8243; _module_preset=&#8220;default&#8220; global_colors_info=&#8220;{}&#8220;][et_pb_image src=&#8220;https:\/\/cdu-kempen.de\/wp-content\/uploads\/2025\/07\/Website_500x500_InaGermes-Dohmen-e1753973790872.jpg&#8220; title_text=&#8220;Dr. Ina Germes-Dohmen&#8220; _builder_version=&#8220;4.26.1&#8243; _module_preset=&#8220;default&#8220; global_colors_info=&#8220;{}&#8220;][\/et_pb_image][\/et_pb_column][et_pb_column type=&#8220;1_2&#8243; _builder_version=&#8220;4.26.1&#8243; _module_preset=&#8220;default&#8220; global_colors_info=&#8220;{}&#8220;][et_pb_text _builder_version=&#8220;4.26.1&#8243; _module_preset=&#8220;default&#8220; global_colors_info=&#8220;{}&#8220;]<\/p>\n<h2>Wahlkreis 3130 &#8211; Kempen-Mitte<\/h2>\n<p>Ich hei\u00dfe Ina Germes-Dohmen, bin 63 Jahre alt, Historikerin und lebe seit fast 40 Jahren in Kempen. Ich kandidiere f\u00fcr die CDU, um eine b\u00fcrgerorientierte, demokratische Politik in Kempen zu st\u00e4rken \u2013 gemeinsam mit allen demokratischen Kr\u00e4ften im Rat.<\/p>\n<p>Besonders am Herzen liegt mir das Kempener Kulturleben. Kultur verbindet, schafft Gemeinschaft und verdient gerade in finanziell schwierigen Zeiten eine starke Stimme. Ich setze mich f\u00fcr unsere Vereine, eine bl\u00fchende  Gesch\u00e4ftswelt, den Erhalt der Altstadt und unseres baulichen Erbes ein \u2013 damit Kempen auch in Zukunft lebenswert und voller Charme bleibt.<\/p>\n<p>Meine Schwerpunkte = Kultur, Bauen, Klima und Umwelt.<br \/>\nMein Lieblingsort = Unser Garten mit Blick auf den Kirchturm von St. Josef.<br \/>\nMeine Hobbys &#038; Ehrenamt = Reisen, Lesen, Garten, Freunde, Engagement in Kultur- und Kirchenvereinen.\n<\/p>\n<p>[\/et_pb_text][\/et_pb_column][\/et_pb_row][et_pb_row _builder_version=&#8220;4.26.1&#8243; _module_preset=&#8220;default&#8220; min_height=&#8220;110.6px&#8220; global_colors_info=&#8220;{}&#8220;][et_pb_column type=&#8220;4_4&#8243; _builder_version=&#8220;4.26.1&#8243; _module_preset=&#8220;default&#8220; global_colors_info=&#8220;{}&#8220;][et_pb_text _builder_version=&#8220;4.26.1&#8243; _module_preset=&#8220;default&#8220; custom_margin=&#8220;-3px|||||&#8220; custom_padding=&#8220;30px||0px|||&#8220; global_colors_info=&#8220;{}&#8220;]<\/p>\n<h1><strong>St. Hubert<\/strong><\/h1>\n<p>[\/et_pb_text][\/et_pb_column][\/et_pb_row][et_pb_row column_structure=&#8220;1_2,1_2&#8243; _builder_version=&#8220;4.26.1&#8243; _module_preset=&#8220;default&#8220; global_colors_info=&#8220;{}&#8220;][et_pb_column type=&#8220;1_2&#8243; _builder_version=&#8220;4.26.1&#8243; _module_preset=&#8220;default&#8220; global_colors_info=&#8220;{}&#8220;][et_pb_text _builder_version=&#8220;4.26.1&#8243; _module_preset=&#8220;default&#8220; global_colors_info=&#8220;{}&#8220;]<\/p>\n<h2>Wahlkreis 3140 &#8211; Kempen-St. Hubert<\/h2>\n<p>Mein Name ist Michael Smeets, ich bin 59 Jahre alt und selbst\u00e4ndiger Handwerksmeister im SHK-Bereich. Ich kandidiere, weil ich etwas f\u00fcr Kempen bewegen m\u00f6chte \u2013 pragmatisch, engagiert und im starken Team.<\/p>\n<p>Meine Schwerpunkte liegen in den Bereichen Sport, Stadtplanung, Wirtschaft und Ordnungswesen. Hier m\u00f6chte ich meine Erfahrung einbringen, mitgestalten und daf\u00fcr sorgen, dass Kempen weiterhin gut aufgestellt bleibt \u2013 f\u00fcr alle Generationen.<\/p>\n<p>Meine Schwerpunkte = Sport, Planung, Wirtschaft, Ordnung.<br \/>\nMein Lieblingsort = Kempen.<br \/>\nMeine Hobbys &#038; Ehrenamt = Reisen und Innungsarbeit.\n<\/p>\n<p>[\/et_pb_text][\/et_pb_column][et_pb_column type=&#8220;1_2&#8243; _builder_version=&#8220;4.26.1&#8243; _module_preset=&#8220;default&#8220; global_colors_info=&#8220;{}&#8220;][et_pb_image src=&#8220;https:\/\/cdu-kempen.de\/wp-content\/uploads\/2025\/07\/Website_500x500_MichaelSmeets-e1753973640737.jpg&#8220; title_text=&#8220;Michael Smeets&#8220; _builder_version=&#8220;4.26.1&#8243; _module_preset=&#8220;default&#8220; global_colors_info=&#8220;{}&#8220;][\/et_pb_image][\/et_pb_column][\/et_pb_row][et_pb_row column_structure=&#8220;1_2,1_2&#8243; _builder_version=&#8220;4.26.1&#8243; _module_preset=&#8220;default&#8220; hover_enabled=&#8220;0&#8243; global_colors_info=&#8220;{}&#8220; sticky_enabled=&#8220;0&#8243; border_radii=&#8220;off||||&#8220;][et_pb_column type=&#8220;1_2&#8243; _builder_version=&#8220;4.26.1&#8243; _module_preset=&#8220;default&#8220; global_colors_info=&#8220;{}&#8220;][et_pb_image src=&#8220;https:\/\/cdu-kempen.de\/wp-content\/uploads\/2025\/07\/Website_500x500_HansPetervanderBloemen-e1753973181166.jpg&#8220; title_text=&#8220;Hans-Peter van der Bloemen&#8220; _builder_version=&#8220;4.26.1&#8243; _module_preset=&#8220;default&#8220; global_colors_info=&#8220;{}&#8220;][\/et_pb_image][\/et_pb_column][et_pb_column type=&#8220;1_2&#8243; _builder_version=&#8220;4.26.1&#8243; _module_preset=&#8220;default&#8220; global_colors_info=&#8220;{}&#8220;][et_pb_text _builder_version=&#8220;4.26.1&#8243; _module_preset=&#8220;default&#8220; hover_enabled=&#8220;0&#8243; global_colors_info=&#8220;{}&#8220; sticky_enabled=&#8220;0&#8243;]<\/p>\n<h2>Wahlkreis 3150 &#8211; Kempen-St .Hubert<\/h2>\n<p>Mein Name ist Hans-Peter van der Bloemen, ich bin 69 Jahre alt und G\u00e4rtnermeister. Die Menschen in meiner Umgebung liegen mir sehr am Herzen \u2013 ich m\u00f6chte ihre Interessen vertreten und mich f\u00fcr ein lebendiges, faires Miteinander einsetzen.<\/p>\n<p>Brauchtum und Tradition, ein attraktives gesellschaftliches Leben f\u00fcr Alt und Jung sowie der Erhalt des gewachsenen Ortsbildes in St. Hubert sind mir besonders wichtig. Offenheit, Ehrlichkeit und sachliche Politik sind f\u00fcr mich die Grundlage, um unser St. Hubert mit Herz und Verstand zu gestalten.<\/p>\n<p>Meine Schwerpunkte = Wirtschaft, Energie, Umwelt.<br \/>\nMein Lieblingsort = Mein Garten.<br \/>\nMeine Hobbys &#038; Ehrenamt = Politik, Sport, Wandern, Vereinsleben.\n<\/p>\n<p>[\/et_pb_text][\/et_pb_column][\/et_pb_row][et_pb_row column_structure=&#8220;1_2,1_2&#8243; _builder_version=&#8220;4.26.1&#8243; _module_preset=&#8220;default&#8220; global_colors_info=&#8220;{}&#8220;][et_pb_column type=&#8220;1_2&#8243; _builder_version=&#8220;4.26.1&#8243; _module_preset=&#8220;default&#8220; global_colors_info=&#8220;{}&#8220;][et_pb_text _builder_version=&#8220;4.26.1&#8243; _module_preset=&#8220;default&#8220; global_colors_info=&#8220;{}&#8220;]<\/p>\n<h2> Wahlkreis 3160 &#8211; Kempen-St. Hubert<\/h2>\n<p>Mein Name ist Stefanie Beyss, ich bin 56 Jahre alt, verheiratet, Mutter zweier erwachsener T\u00f6chter und arbeite als B\u00fcrokauffrau. Ich bin in St. Hubert aufgewachsen, hier f\u00fchle ich mich zuhause.<\/p>\n<p>F\u00fcr ein starkes St. Hubert und ein zukunftsf\u00e4higes Kempen vertrete ich seit 2009 mit viel Engagement die Interessen der B\u00fcrgerinnen und B\u00fcrger im Stadtrat. Mit offener, ehrlicher und sachlicher Politik m\u00f6chte ich weiterhin f\u00fcr St. Hubert etwas bewegen. Unser Dorf muss f\u00fcr alle Generationen lebens- und liebenswert bleiben \u2013 daf\u00fcr setze ich mich ein.<\/p>\n<p>Meine Schwerpunkte = Stadtplanung, Wirtschaftsf\u00f6rderung und Finanzen.<br \/>\nMeine Lieblingsorte = Garten, Schadbruch und Buttermarkt.<br \/>\nMeine Hobbys &#038; Ehrenamt = Fahrradfahren, Hund, Garten, Schatzmeisterin F\u00f6rderverein Lazarus Haus.\n<\/p>\n<p>[\/et_pb_text][\/et_pb_column][et_pb_column type=&#8220;1_2&#8243; _builder_version=&#8220;4.26.1&#8243; _module_preset=&#8220;default&#8220; global_colors_info=&#8220;{}&#8220;][et_pb_image src=&#8220;https:\/\/cdu-kempen.de\/wp-content\/uploads\/2025\/07\/Website_500x500_StefanieBeyss-e1753973531732.jpg&#8220; title_text=&#8220;Stefanie Bey\u00df&#8220; _builder_version=&#8220;4.26.1&#8243; _module_preset=&#8220;default&#8220; global_colors_info=&#8220;{}&#8220;][\/et_pb_image][\/et_pb_column][\/et_pb_row][et_pb_row column_structure=&#8220;1_2,1_2&#8243; _builder_version=&#8220;4.26.1&#8243; _module_preset=&#8220;default&#8220; global_colors_info=&#8220;{}&#8220;][et_pb_column type=&#8220;1_2&#8243; _builder_version=&#8220;4.26.1&#8243; _module_preset=&#8220;default&#8220; global_colors_info=&#8220;{}&#8220;][et_pb_image src=&#8220;https:\/\/cdu-kempen.de\/wp-content\/uploads\/2025\/07\/Website_500x500_GeroScheiermann-e1753973336849.jpg&#8220; title_text=&#8220;Gero Scheiermann&#8220; _builder_version=&#8220;4.26.1&#8243; _module_preset=&#8220;default&#8220; global_colors_info=&#8220;{}&#8220;][\/et_pb_image][\/et_pb_column][et_pb_column type=&#8220;1_2&#8243; _builder_version=&#8220;4.26.1&#8243; _module_preset=&#8220;default&#8220; global_colors_info=&#8220;{}&#8220;][et_pb_text _builder_version=&#8220;4.26.1&#8243; _module_preset=&#8220;default&#8220; global_colors_info=&#8220;{}&#8220;]<\/p>\n<h2>Wahlkreis 3170 &#8211; Kempen-St. Hubert<\/h2>\n<p>Mein Name ist Gero Scheiermann, ich bin 35 Jahre alt, Familienvater von zwei Kindern und arbeite als Referatsleiter im NRW-Gesundheitsministerium. Ich engagiere mich f\u00fcr Kempen, weil ich unsere Stadt aktiv mitgestalten und ihre Entwicklung aus Sicht der jungen Generation mitpr\u00e4gen m\u00f6chte.<\/p>\n<p>Kommunalpolitik beginnt vor der eigenen Haust\u00fcr \u2013 hier m\u00fcssen wir anpacken. Besonders wichtig sind mir die Themen Jugend, Familie, Bildung und Wirtschaft. F\u00fcr ein zukunftsf\u00e4higes Kempen, das allen Generationen Perspektiven bietet.<\/p>\n<p>Meine Schwerpunkte = Jugend, Bildung und Wirtschaft.<br \/>\nMein Lieblingsort = Buttermarkt in der Altstadt.<br \/>\nMeine Hobbys &#038; Ehrenamt = Fitness, Lesen, Skifahren, Politik.\n<\/p>\n<p>[\/et_pb_text][\/et_pb_column][\/et_pb_row][et_pb_row column_structure=&#8220;1_2,1_2&#8243; _builder_version=&#8220;4.26.1&#8243; _module_preset=&#8220;default&#8220; global_colors_info=&#8220;{}&#8220;][et_pb_column type=&#8220;1_2&#8243; _builder_version=&#8220;4.26.1&#8243; _module_preset=&#8220;default&#8220; global_colors_info=&#8220;{}&#8220;][et_pb_text _builder_version=&#8220;4.26.1&#8243; _module_preset=&#8220;default&#8220; global_colors_info=&#8220;{}&#8220;]<\/p>\n<h2>Wahlkreis 3180 &#8211; Kempen-St. Hubert<\/h2>\n<p>Mein Name ist Christian Drabben, ich bin 55 Jahre alt und selbstst\u00e4ndiger Dachdeckermeister. Mit meiner dritten Kandidatur f\u00fcr den Wahlkreis 3180 in St. Hubert m\u00f6chte ich Ihre Interessen erneut im Stadtrat vertreten \u2013 weil ich wei\u00df, was die Menschen bewegt.<\/p>\n<p>Ich stehe f\u00fcr b\u00fcrgernahe und transparente Politik, den Erhalt und die Weiterentwicklung unseres Ortsbildes sowie starke Vereine und Treffpunkte. St. Hubert braucht L\u00f6sungen mit Augenma\u00df \u2013 f\u00fcr Familien, Gesch\u00e4fte und junge Menschen. Durch mein langj\u00e4hriges ehrenamtliches Engagement bringe ich Erfahrung, N\u00e4he und Verbundenheit mit \u2013 f\u00fcr ein St. Hubert, das weiter aufbl\u00fcht.<\/p>\n<p>Meine Schwerpunkte = Bau, Denkmal, Planung und Liegenschaften.<br \/>\nMein Lieblingsort = Zuhause bei meiner Familie.<br \/>\nMeine Hobbys &#038; Ehrenamt = Reisen, Vereinsleben: B\u00fcrgerring, Prinzengarde, Kegelclub.\n<\/p>\n<p>[\/et_pb_text][\/et_pb_column][et_pb_column type=&#8220;1_2&#8243; _builder_version=&#8220;4.26.1&#8243; _module_preset=&#8220;default&#8220; global_colors_info=&#8220;{}&#8220;][et_pb_image src=&#8220;https:\/\/cdu-kempen.de\/wp-content\/uploads\/2025\/07\/Website_500x500_ChristianDrabben-1-e1753973378142.jpg&#8220; title_text=&#8220;Christian Drabben&#8220; _builder_version=&#8220;4.26.1&#8243; _module_preset=&#8220;default&#8220; global_colors_info=&#8220;{}&#8220;][\/et_pb_image][\/et_pb_column][\/et_pb_row][et_pb_row _builder_version=&#8220;4.26.1&#8243; _module_preset=&#8220;default&#8220; min_height=&#8220;110.6px&#8220; global_colors_info=&#8220;{}&#8220;][et_pb_column type=&#8220;4_4&#8243; _builder_version=&#8220;4.26.1&#8243; _module_preset=&#8220;default&#8220; global_colors_info=&#8220;{}&#8220;][et_pb_text _builder_version=&#8220;4.26.1&#8243; _module_preset=&#8220;default&#8220; global_colors_info=&#8220;{}&#8220;]<\/p>\n<h1><strong>T\u00f6nisberg<\/strong><\/h1>\n<p>[\/et_pb_text][\/et_pb_column][\/et_pb_row][et_pb_row column_structure=&#8220;1_2,1_2&#8243; _builder_version=&#8220;4.26.1&#8243; _module_preset=&#8220;default&#8220; global_colors_info=&#8220;{}&#8220;][et_pb_column type=&#8220;1_2&#8243; _builder_version=&#8220;4.26.1&#8243; _module_preset=&#8220;default&#8220; global_colors_info=&#8220;{}&#8220;][et_pb_image src=&#8220;https:\/\/cdu-kempen.de\/wp-content\/uploads\/2025\/07\/Website_500x500_HansJosefMinten-e1753973245611.jpg&#8220; title_text=&#8220;Hans Josef Minten&#8220; _builder_version=&#8220;4.26.1&#8243; _module_preset=&#8220;default&#8220; global_colors_info=&#8220;{}&#8220;][\/et_pb_image][\/et_pb_column][et_pb_column type=&#8220;1_2&#8243; _builder_version=&#8220;4.26.1&#8243; _module_preset=&#8220;default&#8220; global_colors_info=&#8220;{}&#8220;][et_pb_text _builder_version=&#8220;4.26.1&#8243; _module_preset=&#8220;default&#8220; global_colors_info=&#8220;{}&#8220;]<\/p>\n<h2>Wahlkreis 3190 &#8211; Kempen-T\u00f6nisberg<\/h2>\n<p>Mein Name ist Hans Josef Minten, ich bin 67 Jahre alt, Rentner und Landwirt. Nach 40 Jahren im aktiven Feuerwehrdienst m\u00f6chte ich mich weiterhin mit Herz und Erfahrung f\u00fcr unser Dorf T\u00f6nisberg einsetzen. <\/p>\n<p>Mir liegt besonders die Sicherheit der Menschen am Herzen, die hier leben. Genauso wichtig ist mir der Erhalt unserer sch\u00f6nen Landschaft und Natur \u2013 damit T\u00f6nisberg lebenswert bleibt, f\u00fcr heutige und kommende Generationen.<\/p>\n<p>Meine Schwerpunkte = Sicherheit, Landschafts- und Naturschutz.<br \/>\nMein Lieblingsort = T\u00f6nisberg.\n<\/p>\n<p>[\/et_pb_text][\/et_pb_column][\/et_pb_row][et_pb_row column_structure=&#8220;1_2,1_2&#8243; _builder_version=&#8220;4.26.1&#8243; _module_preset=&#8220;default&#8220; global_colors_info=&#8220;{}&#8220;][et_pb_column type=&#8220;1_2&#8243; _builder_version=&#8220;4.26.1&#8243; _module_preset=&#8220;default&#8220; global_colors_info=&#8220;{}&#8220;][et_pb_text _builder_version=&#8220;4.26.1&#8243; _module_preset=&#8220;default&#8220; global_colors_info=&#8220;{}&#8220;]<\/p>\n<h2>Wahlkreis 3200 &#8211; Kempen-T\u00f6nisberg<\/h2>\n<p>Mein Name ist Maximilian Thelen, ich bin 30 Jahre alt, Bauingenieur und in T\u00f6nisberg zuhause. Hier bin ich aufgewachsen \u2013 hier m\u00f6chte ich unsere gemeinsame Zukunft mitgestalten. Unsere starke Dorfgemeinschaft zeigt immer wieder, was gemeinsam<br \/>\nm\u00f6glich ist. Darauf bin ich stolz.<\/p>\n<p>T\u00f6nisberg braucht eine starke Stimme im Stadtrat. Mein Ziel ist es, Schul- und Kindergartenstandorte zu sichern, die neue Feuerwache umzusetzen und den Kirmesplatz zu gestalten. Wohnen und arbeiten vor Ort muss m\u00f6glich bleiben \u2013 besonders f\u00fcr junge Familien. Daf\u00fcr setze ich mich ein.<\/p>\n<p>Meine Schwerpunkte = Ordnung, Rettung, Bildung, Sport, Planung.<br \/>\nMein Lieblingsort = An der M\u00fchle in T\u00f6nisberg.<br \/>\nMeine Hobbys &#038; Ehrenamt = Feuerwehr, Bruderschaft, Kirche, Politik, Vereine.\n<\/p>\n<p>[\/et_pb_text][\/et_pb_column][et_pb_column type=&#8220;1_2&#8243; _builder_version=&#8220;4.26.1&#8243; _module_preset=&#8220;default&#8220; global_colors_info=&#8220;{}&#8220;][et_pb_image src=&#8220;https:\/\/cdu-kempen.de\/wp-content\/uploads\/2025\/07\/Website_500x500_MaximilianThelen-e1753973685617.jpg&#8220; title_text=&#8220;Maximilian Thelen&#8220; _builder_version=&#8220;4.26.1&#8243; _module_preset=&#8220;default&#8220; global_colors_info=&#8220;{}&#8220;][\/et_pb_image][\/et_pb_column][\/et_pb_row][\/et_pb_section][et_pb_section fb_built=&#8220;1&#8243; _builder_version=&#8220;4.26.1&#8243; _module_preset=&#8220;default&#8220; global_colors_info=&#8220;{}&#8220;][\/et_pb_section]<\/p>\n","protected":false},"excerpt":{"rendered":"<p>Unsere KandidatenKempenWahlbezirk 3010 &#8211; Kempen-Land Mein Name ist Peter Josef Coenen, ich bin 66 Jahre alt und selbstst\u00e4ndiger Landwirt. Als engagierter B\u00fcrger m\u00f6chte ich die Belange unserer Stadt aktiv mitgestalten \u2013 besonders in Kempen Land, wo meine Wurzeln liegen. Heimatverbundenheit, eine lebendige Altstadt und eine moderne Einkaufsstadt geh\u00f6ren f\u00fcr mich zusammen. Ein vielf\u00e4ltiges Gewerbe, ein [&hellip;]<\/p>\n","protected":false},"author":5,"featured_media":0,"parent":0,"menu_order":0,"comment_status":"closed","ping_status":"closed","template":"","meta":{"_et_pb_use_builder":"on","_et_pb_old_content":"","_et_gb_content_width":"","footnotes":""},"class_list":["post-12457","page","type-page","status-publish","hentry"],"_links":{"self":[{"href":"https:\/\/cdu-kempen.de\/index.php\/wp-json\/wp\/v2\/pages\/12457"}],"collection":[{"href":"https:\/\/cdu-kempen.de\/index.php\/wp-json\/wp\/v2\/pages"}],"about":[{"href":"https:\/\/cdu-kempen.de\/index.php\/wp-json\/wp\/v2\/types\/page"}],"author":[{"embeddable":true,"href":"https:\/\/cdu-kempen.de\/index.php\/wp-json\/wp\/v2\/users\/5"}],"replies":[{"embeddable":true,"href":"https:\/\/cdu-kempen.de\/index.php\/wp-json\/wp\/v2\/comments?post=12457"}],"version-history":[{"count":22,"href":"https:\/\/cdu-kempen.de\/index.php\/wp-json\/wp\/v2\/pages\/12457\/revisions"}],"predecessor-version":[{"id":12704,"href":"https:\/\/cdu-kempen.de\/index.php\/wp-json\/wp\/v2\/pages\/12457\/revisions\/12704"}],"wp:attachment":[{"href":"https:\/\/cdu-kempen.de\/index.php\/wp-json\/wp\/v2\/media?parent=12457"}],"curies":[{"name":"wp","href":"https:\/\/api.w.org\/{rel}","templated":true}]}}