{"id":6470,"date":"2017-11-09T10:45:30","date_gmt":"2017-11-09T10:45:30","guid":{"rendered":"http:\/\/cdu-kempen.de\/?page_id=6470"},"modified":"2026-02-02T14:30:32","modified_gmt":"2026-02-02T14:30:32","slug":"ortsausschuss-mitte","status":"publish","type":"page","link":"https:\/\/cdu-kempen.de\/index.php\/vorstand\/ortsausschuss-mitte\/","title":{"rendered":"Ortsausschuss Mitte"},"content":{"rendered":"<p>[et_pb_section fb_built=&#8220;1&#8243; admin_label=&#8220;section&#8220; _builder_version=&#8220;4.16&#8243; custom_padding=&#8220;60px|||||&#8220; global_colors_info=&#8220;{}&#8220;][et_pb_row admin_label=&#8220;row&#8220; _builder_version=&#8220;4.16&#8243; background_size=&#8220;initial&#8220; background_position=&#8220;top_left&#8220; background_repeat=&#8220;repeat&#8220; global_colors_info=&#8220;{}&#8220;][et_pb_column type=&#8220;4_4&#8243; _builder_version=&#8220;4.16&#8243; custom_padding=&#8220;|||&#8220; global_colors_info=&#8220;{}&#8220; custom_padding__hover=&#8220;|||&#8220;][et_pb_text admin_label=&#8220;Text&#8220; _builder_version=&#8220;4.26.1&#8243; background_size=&#8220;initial&#8220; background_position=&#8220;top_left&#8220; background_repeat=&#8220;repeat&#8220; global_colors_info=&#8220;{}&#8220;]<\/p>\n<p>&nbsp;<\/p>\n<table style=\"height: 952px;\" border=\"0\" width=\"505\" cellspacing=\"0\" cellpadding=\"5\" align=\"center\">\n<tbody>\n<tr valign=\"top\" bgcolor=\"\">\n<td colspan=\"3\" align=\"center\"><strong>Vorsitzender<\/strong><\/td>\n<\/tr>\n<tr valign=\"top\">\n<td><strong><a href=\"#\" data-email-protect-click=\"11mqgtxgtuBefw\/mgorgp0fg\">Koervers, Thomas<\/a><\/strong><\/td>\n<td align=\"left\">Berliner Allee 11a<br \/>47906 Kempen<\/td>\n<td align=\"left\">Tel. 02152 \/ 516330<\/td>\n<\/tr>\n<tr valign=\"top\" bgcolor=\"\">\n<td colspan=\"3\" align=\"center\"><strong>Stellvertreter<\/strong><\/td>\n<\/tr>\n<tr valign=\"top\">\n<td><strong><a href=\"#\" data-email-protect-click=\"11octe0jgemocppBjgemocpp0fg\">Heckmann, Marc<\/a><\/strong><\/td>\n<td align=\"left\">Peschweg 74<br \/>47906 Kempen<\/td>\n<td>Tel. 02152\/4505<\/td>\n<\/tr>\n<tr valign=\"top\">\n<td><strong><a href=\"#\" data-email-protect-click=\"11ncoq|kmBefw\/mgorgp0fg\">Lamozik, Josef<\/a><\/strong><\/td>\n<td align=\"left\">Klosterstra\u00dfe 20<br \/>47906 Kempen<\/td>\n<td>Tel. 02152\/4443<\/td>\n<\/tr>\n<tr valign=\"top\" bgcolor=\"\">\n<td colspan=\"3\" align=\"center\"><strong>Schriftf\u00fchrer<\/strong><\/td>\n<\/tr>\n<tr valign=\"top\">\n<td><strong><a href=\"#\" data-email-protect-click=\"11octegn0rtcpiuBygd0fg\">Prangs, Marcel<\/a><\/strong><\/td>\n<td align=\"left\">Gingsterweg 3<br \/>47906 Kempen<\/td>\n<td>Tel. 0163 &#8211; 8709196<\/td>\n<\/tr>\n<tr valign=\"top\" bgcolor=\"\">\n<td colspan=\"3\" align=\"center\"><strong>Beisitzer<\/strong><\/td>\n<\/tr>\n<tr valign=\"top\">\n<td><strong>Gru\u00df, Dr. J\u00f6rg<\/strong><\/td>\n<td align=\"left\">\u00a0<\/td>\n<td>\u00a0<\/td>\n<\/tr>\n<tr valign=\"top\">\n<td><strong>Hinrichs, Matthias<\/strong><\/td>\n<td align=\"left\">\u00a0<\/td>\n<td>\u00a0<\/td>\n<\/tr>\n<tr valign=\"top\">\n<td><strong>Janseps, Tobias<\/strong><\/td>\n<td align=\"left\">\u00a0<\/td>\n<td>\u00a0<\/td>\n<\/tr>\n<tr valign=\"top\">\n<td><strong>Kranzusch, Susanne<\/strong><\/td>\n<td align=\"left\">\u00a0<\/td>\n<td>\u00a0<\/td>\n<\/tr>\n<tr valign=\"top\">\n<td>\u00a0<strong>Wolters, Stephan<\/strong><\/td>\n<td align=\"left\">\u00a0<\/td>\n<td>\u00a0<\/td>\n<\/tr>\n<\/tbody>\n<\/table>\n<p>[\/et_pb_text][\/et_pb_column][\/et_pb_row][\/et_pb_section]<\/p>\n","protected":false},"excerpt":{"rendered":"<p>&nbsp; Vorsitzender Koervers, Thomas Berliner Allee 11a47906 Kempen Tel. 02152 \/ 516330 Stellvertreter Heckmann, Marc Peschweg 7447906 Kempen Tel. 02152\/4505 Lamozik, Josef Klosterstra\u00dfe 2047906 Kempen Tel. 02152\/4443 Schriftf\u00fchrer Prangs, Marcel Gingsterweg 347906 Kempen Tel. 0163 &#8211; 8709196 Beisitzer Gru\u00df, Dr. J\u00f6rg \u00a0 \u00a0 Hinrichs, Matthias \u00a0 \u00a0 Janseps, Tobias \u00a0 \u00a0 Kranzusch, Susanne \u00a0 \u00a0 [&hellip;]<\/p>\n","protected":false},"author":2,"featured_media":0,"parent":6482,"menu_order":0,"comment_status":"closed","ping_status":"closed","template":"","meta":{"_et_pb_use_builder":"on","_et_pb_old_content":"<table style=\"height: 952px;\" border=\"0\" width=\"505\" cellspacing=\"0\" cellpadding=\"5\" align=\"center\">\n<tbody>\n<tr valign=\"top\" bgcolor=\"\">\n<td colspan=\"3\" align=\"center\"><strong>Vorsitzender<\/strong><\/td>\n<\/tr>\n<tr valign=\"top\">\n<td><strong><a href=\"mailto:\/\/lange@cdu-kempen.de\">Lange, Frank<\/a><\/strong><\/td>\n<td align=\"left\">Oedter Stra\u00dfe 77<br \/>47906 Kempen<\/td>\n<td align=\"left\">Tel. 02152 \/ 517786<\/td>\n<\/tr>\n<tr valign=\"top\" bgcolor=\"\">\n<td colspan=\"3\" align=\"center\"><strong>Stellvertreter<\/strong><\/td>\n<\/tr>\n<tr valign=\"top\">\n<td><strong><a href=\"mailto:\/\/lamozik@cdu-kempen.de\">Lamozik, Josef<\/a><\/strong><\/td>\n<td align=\"left\">Klosterstra\u00dfe 20<br \/>47906 Kempen<\/td>\n<td>Tel. 02152\/4443<\/td>\n<\/tr>\n<tr valign=\"top\" bgcolor=\"\">\n<td colspan=\"3\" align=\"center\"><strong>Schriftf\u00fchrerin<\/strong><\/td>\n<\/tr>\n<tr valign=\"top\">\n<td><strong><a href=\"mailto:\/\/ramona.kempen@gmail.com\">Peters, Ramona<\/a><br \/><\/strong><\/td>\n<td align=\"left\">An Steinen 8<br \/>47906 Kempen<\/td>\n<td>Tel. 0173 - 5127 523<\/td>\n<\/tr>\n<tr valign=\"top\" bgcolor=\"\">\n<td colspan=\"3\" align=\"center\"><strong>Beisitzer<\/strong><\/td>\n<\/tr>\n<tr valign=\"top\">\n<td><strong>Gru\u00df, Dr. J\u00f6rg<br \/><\/strong><\/td>\n<td align=\"left\">\u00a0<\/td>\n<td>\u00a0<\/td>\n<\/tr>\n<tr valign=\"top\">\n<td><strong>Heckmann, Marc<\/strong><\/td>\n<td align=\"left\">\u00a0<\/td>\n<td>\u00a0<\/td>\n<\/tr>\n<tr valign=\"top\">\n<td><strong>Koervers, Thomas<\/strong><\/td>\n<td align=\"left\">\u00a0<\/td>\n<td>\u00a0<\/td>\n<\/tr>\n<tr valign=\"top\">\n<td><strong>Kranzusch, Susanne<\/strong><\/td>\n<td align=\"left\">\u00a0<\/td>\n<td>\u00a0<\/td>\n<\/tr>\n<tr valign=\"top\">\n<td><strong>Wolters, Stephan<\/strong><\/td>\n<td align=\"left\">\u00a0<\/td>\n<td>\u00a0<\/td>\n<\/tr>\n<tr valign=\"top\">\n<td>\u00a0<\/td>\n<td align=\"left\">\u00a0<\/td>\n<td>\u00a0<\/td>\n<\/tr>\n<tr valign=\"top\">\n<td>\u00a0<\/td>\n<td align=\"left\">\u00a0<\/td>\n<td>\u00a0<\/td>\n<\/tr>\n<\/tbody>\n<\/table>\n\n<!-- wp:paragraph -->\n<p><\/p>\n<!-- \/wp:paragraph -->","_et_gb_content_width":"","footnotes":""},"class_list":["post-6470","page","type-page","status-publish","hentry"],"_links":{"self":[{"href":"https:\/\/cdu-kempen.de\/index.php\/wp-json\/wp\/v2\/pages\/6470"}],"collection":[{"href":"https:\/\/cdu-kempen.de\/index.php\/wp-json\/wp\/v2\/pages"}],"about":[{"href":"https:\/\/cdu-kempen.de\/index.php\/wp-json\/wp\/v2\/types\/page"}],"author":[{"embeddable":true,"href":"https:\/\/cdu-kempen.de\/index.php\/wp-json\/wp\/v2\/users\/2"}],"replies":[{"embeddable":true,"href":"https:\/\/cdu-kempen.de\/index.php\/wp-json\/wp\/v2\/comments?post=6470"}],"version-history":[{"count":34,"href":"https:\/\/cdu-kempen.de\/index.php\/wp-json\/wp\/v2\/pages\/6470\/revisions"}],"predecessor-version":[{"id":13140,"href":"https:\/\/cdu-kempen.de\/index.php\/wp-json\/wp\/v2\/pages\/6470\/revisions\/13140"}],"up":[{"embeddable":true,"href":"https:\/\/cdu-kempen.de\/index.php\/wp-json\/wp\/v2\/pages\/6482"}],"wp:attachment":[{"href":"https:\/\/cdu-kempen.de\/index.php\/wp-json\/wp\/v2\/media?parent=6470"}],"curies":[{"name":"wp","href":"https:\/\/api.w.org\/{rel}","templated":true}]}}