{"id":6473,"date":"2017-11-09T10:45:47","date_gmt":"2017-11-09T10:45:47","guid":{"rendered":"http:\/\/cdu-kempen.de\/?page_id=6473"},"modified":"2026-04-09T14:49:23","modified_gmt":"2026-04-09T14:49:23","slug":"ortsausschuss-st-hubert","status":"publish","type":"page","link":"https:\/\/cdu-kempen.de\/index.php\/vorstand\/ortsausschuss-st-hubert\/","title":{"rendered":"Ortsausschuss St. Hubert"},"content":{"rendered":"<p>[et_pb_section fb_built=&#8220;1&#8243; admin_label=&#8220;section&#8220; _builder_version=&#8220;4.16&#8243; global_colors_info=&#8220;{}&#8220;][et_pb_row admin_label=&#8220;row&#8220; _builder_version=&#8220;4.16&#8243; background_size=&#8220;initial&#8220; background_position=&#8220;top_left&#8220; background_repeat=&#8220;repeat&#8220; global_colors_info=&#8220;{}&#8220;][et_pb_column type=&#8220;4_4&#8243; _builder_version=&#8220;4.16&#8243; custom_padding=&#8220;|||&#8220; global_colors_info=&#8220;{}&#8220; custom_padding__hover=&#8220;|||&#8220;][et_pb_text admin_label=&#8220;Text&#8220; _builder_version=&#8220;4.16&#8243; background_size=&#8220;initial&#8220; background_position=&#8220;top_left&#8220; background_repeat=&#8220;repeat&#8220; global_colors_info=&#8220;{}&#8220;]<\/p>\n<table border=\"0\" width=\"500\" cellspacing=\"0\" cellpadding=\"5\" align=\"center\">\n<tbody>\n<tr valign=\"top\" bgcolor=\"\">\n<td colspan=\"3\" align=\"center\"><strong>zender<\/strong><\/td>\n<\/tr>\n<tr valign=\"top\">\n<td><a href=\"#\" data-email-protect-click=\"e0ogwugtBefw\/mgorgp0fg\"><strong>Christian Meuser<\/strong><\/a><\/td>\n<td align=\"left\">Escheln 24<br \/>47906 Kempen<\/td>\n<td align=\"left\">Tel. 0174 963 4691<\/td>\n<\/tr>\n<tr valign=\"top\" bgcolor=\"\">\n<td colspan=\"3\" align=\"center\"><strong>Stellvertreter<\/strong><\/td>\n<\/tr>\n<tr valign=\"top\">\n<td>\n<p><strong>Genenger, Matthias<\/strong><\/p>\n<\/td>\n<td align=\"left\">Bellstra\u00dfe 95<br \/>47906 Kempen<\/td>\n<td><\/td>\n<\/tr>\n<tr valign=\"top\" bgcolor=\"\">\n<td colspan=\"3\" align=\"center\"><strong>Schriftf\u00fchrer<\/strong><\/td>\n<\/tr>\n<tr valign=\"top\">\n<td><strong>Bloemen, Robert van der<\/strong><\/td>\n<td align=\"left\">Leppersweg 20<br \/>47906 Kempen<\/td>\n<td><\/td>\n<\/tr>\n<tr valign=\"top\" bgcolor=\"\">\n<td colspan=\"3\" align=\"center\"><strong>Beisitzer<\/strong><\/td>\n<\/tr>\n<tr valign=\"top\">\n<td><strong>Hoffmanns, Simon<\/strong><\/td>\n<td align=\"left\"><\/td>\n<td><\/td>\n<\/tr>\n<tr valign=\"top\">\n<td><strong>K\u00e4hler, Martin<\/strong><\/td>\n<td align=\"left\"><\/td>\n<td><\/td>\n<\/tr>\n<tr valign=\"top\">\n<td><strong>Schr\u00f6der, Christian<\/strong><\/td>\n<td align=\"left\"><\/td>\n<td><\/td>\n<\/tr>\n<tr valign=\"top\">\n<td><strong>Stiphoudt, Sarah van\u00a0<\/strong><\/td>\n<td align=\"left\"><\/td>\n<td><\/td>\n<\/tr>\n<tr valign=\"top\">\n<td><\/td>\n<td align=\"left\"><\/td>\n<td><\/td>\n<\/tr>\n<\/tbody>\n<\/table>\n<p>[\/et_pb_text][\/et_pb_column][\/et_pb_row][\/et_pb_section]<\/p>\n","protected":false},"excerpt":{"rendered":"<p>zender Christian Meuser Escheln 2447906 Kempen Tel. 0174 963 4691 Stellvertreter Genenger, Matthias Bellstra\u00dfe 9547906 Kempen Schriftf\u00fchrer Bloemen, Robert van der Leppersweg 2047906 Kempen Beisitzer Hoffmanns, Simon K\u00e4hler, Martin Schr\u00f6der, Christian Stiphoudt, Sarah van\u00a0<\/p>\n","protected":false},"author":2,"featured_media":0,"parent":6482,"menu_order":0,"comment_status":"closed","ping_status":"closed","template":"","meta":{"_et_pb_use_builder":"on","_et_pb_old_content":"<table border=\"0\" width=\"500\" cellspacing=\"0\" cellpadding=\"5\" align=\"center\">\n<tbody>\n<tr valign=\"top\" bgcolor=\"\">\n<td colspan=\"3\" align=\"center\"><strong>Vorsitzender<\/strong><\/td>\n<\/tr>\n<tr valign=\"top\">\n<td><strong>Scheiermann, Dr. Gero<\/strong><\/td>\n<td align=\"left\">Am Bahnhof 2\n47906 Kempen<\/td>\n<td align=\"left\">Tel. 0163 7435 559<\/td>\n<\/tr>\n<tr valign=\"top\" bgcolor=\"\">\n<td colspan=\"3\" align=\"center\"><strong>Stellvertreter<\/strong><\/td>\n<\/tr>\n<tr valign=\"top\">\n<td><strong>Bloemen, Robert van der<\/strong><\/td>\n<td align=\"left\">Leppersweg 20\n47906 Kempen\u2013St. Hubert<\/td>\n<td><\/td>\n<\/tr>\n<tr valign=\"top\" bgcolor=\"\">\n<td colspan=\"3\" align=\"center\"><strong>Schriftf\u00fchrer<\/strong><\/td>\n<\/tr>\n<tr valign=\"top\">\n<td><strong>Michael, Marc<\/strong><\/td>\n<td align=\"left\">Margeritenstr. 89\n47906 Kempen<\/td>\n<td><\/td>\n<\/tr>\n<tr valign=\"top\" bgcolor=\"\">\n<td colspan=\"3\" align=\"center\"><strong>Beisitzer<\/strong><\/td>\n<\/tr>\n<tr valign=\"top\">\n<td><strong>Genenger, Matthias<\/strong><\/td>\n<td align=\"left\"><\/td>\n<td><\/td>\n<\/tr>\n<tr valign=\"top\">\n<td><strong>Hinckers, Till\n<\/strong><\/td>\n<td align=\"left\"><\/td>\n<td><\/td>\n<\/tr>\n<tr valign=\"top\">\n<td><strong>Schr\u00f6der, Christian<\/strong><\/td>\n<td align=\"left\"><\/td>\n<td><\/td>\n<\/tr>\n<tr valign=\"top\">\n<td><strong>Soest, Johannes van<\/strong><\/td>\n<td align=\"left\"><\/td>\n<td><\/td>\n<\/tr>\n<tr valign=\"top\">\n<td><\/td>\n<td align=\"left\"><\/td>\n<td><\/td>\n<\/tr>\n<\/tbody>\n<\/table>","_et_gb_content_width":"","footnotes":""},"class_list":["post-6473","page","type-page","status-publish","hentry"],"_links":{"self":[{"href":"https:\/\/cdu-kempen.de\/index.php\/wp-json\/wp\/v2\/pages\/6473"}],"collection":[{"href":"https:\/\/cdu-kempen.de\/index.php\/wp-json\/wp\/v2\/pages"}],"about":[{"href":"https:\/\/cdu-kempen.de\/index.php\/wp-json\/wp\/v2\/types\/page"}],"author":[{"embeddable":true,"href":"https:\/\/cdu-kempen.de\/index.php\/wp-json\/wp\/v2\/users\/2"}],"replies":[{"embeddable":true,"href":"https:\/\/cdu-kempen.de\/index.php\/wp-json\/wp\/v2\/comments?post=6473"}],"version-history":[{"count":18,"href":"https:\/\/cdu-kempen.de\/index.php\/wp-json\/wp\/v2\/pages\/6473\/revisions"}],"predecessor-version":[{"id":13257,"href":"https:\/\/cdu-kempen.de\/index.php\/wp-json\/wp\/v2\/pages\/6473\/revisions\/13257"}],"up":[{"embeddable":true,"href":"https:\/\/cdu-kempen.de\/index.php\/wp-json\/wp\/v2\/pages\/6482"}],"wp:attachment":[{"href":"https:\/\/cdu-kempen.de\/index.php\/wp-json\/wp\/v2\/media?parent=6473"}],"curies":[{"name":"wp","href":"https:\/\/api.w.org\/{rel}","templated":true}]}}