{"id":6482,"date":"2017-11-09T11:01:15","date_gmt":"2017-11-09T11:01:15","guid":{"rendered":"http:\/\/cdu-kempen.de\/?page_id=6482"},"modified":"2025-12-31T17:51:11","modified_gmt":"2025-12-31T17:51:11","slug":"vorstand","status":"publish","type":"page","link":"https:\/\/cdu-kempen.de\/index.php\/vorstand\/","title":{"rendered":"Vorstand"},"content":{"rendered":"<p>[et_pb_section fb_built=&#8220;1&#8243; admin_label=&#8220;section&#8220; _builder_version=&#8220;4.16&#8243; global_colors_info=&#8220;{}&#8220;][et_pb_row admin_label=&#8220;row&#8220; _builder_version=&#8220;4.16&#8243; background_size=&#8220;initial&#8220; background_position=&#8220;top_left&#8220; background_repeat=&#8220;repeat&#8220; global_colors_info=&#8220;{}&#8220;][et_pb_column type=&#8220;4_4&#8243; _builder_version=&#8220;4.16&#8243; custom_padding=&#8220;|||&#8220; global_colors_info=&#8220;{}&#8220; custom_padding__hover=&#8220;|||&#8220;][et_pb_text admin_label=&#8220;Text&#8220; _builder_version=&#8220;4.16&#8243; background_size=&#8220;initial&#8220; background_position=&#8220;top_left&#8220; background_repeat=&#8220;repeat&#8220; global_colors_info=&#8220;{}&#8220;]<\/p>\n<p>02152 9949860<\/p>\n<table style=\"height: 77px;\" border=\"0\" width=\"818\" cellspacing=\"0\" cellpadding=\"5\" align=\"center\">\n<tbody>\n<tr bgcolor=\"\">\n<td colspan=\"3\">\n<div style=\"text-align: center;\"><strong>Parteivorsitzender<\/strong><\/div>\n<\/td>\n<\/tr>\n<tr valign=\"top\">\n<td><strong><a class=\"alignnone\" href=\"#\" data-email-protect-click=\"jgnnBefw\/mgorgp0fg\"><img loading=\"lazy\" decoding=\"async\" class=\"alignnone\" src=\"http:\/\/www.cdu-kempen.de\/bilder\/brief.gif\" alt=\"\" width=\"28\" height=\"15\" align=\"right\" border=\"0\" \/><\/a>Hell, Niklas<br \/><\/strong><\/td>\n<td align=\"left\">Von-Loe-Stra\u00dfe 22<br \/>47906 Kempen<\/td>\n<td align=\"left\">Tel. 01520 6670 519<\/td>\n<\/tr>\n<\/tbody>\n<tbody>\n<tr valign=\"top\" bgcolor=\"\">\n<td colspan=\"3\" align=\"center\"><strong>Stellvertreter<\/strong><\/td>\n<\/tr>\n<tr valign=\"top\">\n<td><strong>Peters, Ramona<a class=\"alignnone\" href=\"#\" data-email-protect-click=\"rgvgtuBefw\/mgorgp0fg\"><img loading=\"lazy\" decoding=\"async\" class=\"alignnone\" src=\"http:\/\/www.cdu-kempen.de\/bilder\/brief.gif\" alt=\"\" width=\"28\" height=\"15\" align=\"right\" border=\"0\" \/><\/a><br \/><\/strong><\/td>\n<td align=\"left\">An Steinen 8<br \/>47906 Kempen<\/td>\n<td align=\"left\">Tel. 0173 5127 523<\/td>\n<\/tr>\n<tr valign=\"top\">\n<td><strong>Michael, Marc<a class=\"alignnone\" href=\"#\" data-email-protect-click=\"o0okejcgnBefw\/mgorgp0fg\"><img loading=\"lazy\" decoding=\"async\" class=\"alignnone\" src=\"http:\/\/www.cdu-kempen.de\/bilder\/brief.gif\" alt=\"\" width=\"28\" height=\"15\" align=\"right\" border=\"0\" \/><\/a><br \/><\/strong><\/td>\n<td align=\"left\">Margeritenstra\u00dfe 89<br \/>47906 Kempen<\/td>\n<td align=\"left\">Tel. 0176 2115 8900<\/td>\n<\/tr>\n<tr valign=\"top\">\n<td><strong>K\u00fcppers, Stefan<a class=\"alignnone\" href=\"#\" data-email-protect-click=\"mwgrrgtuBefw\/mgorgp0fg\"><img loading=\"lazy\" decoding=\"async\" class=\"alignnone\" src=\"http:\/\/www.cdu-kempen.de\/bilder\/brief.gif\" alt=\"\" width=\"28\" height=\"15\" align=\"right\" border=\"0\" \/><\/a><\/strong><\/td>\n<td align=\"left\">An Haus Steinfunder 14<br \/>47906 Kempen<\/td>\n<td align=\"left\">Tel. 0163 8857 532<\/td>\n<\/tr>\n<tr valign=\"top\" bgcolor=\"\">\n<td colspan=\"3\" align=\"center\"><strong>Schatzmeister<\/strong><\/td>\n<\/tr>\n<tr valign=\"top\">\n<td valign=\"middle\"><strong><a href=\"#\" data-email-protect-click=\"ncpigBefw\/mgorgp0fg\"><img loading=\"lazy\" decoding=\"async\" class=\"alignnone\" src=\"http:\/\/www.cdu-kempen.de\/bilder\/brief.gif\" alt=\"\" width=\"28\" height=\"15\" align=\"right\" border=\"0\" \/><\/a>Lange, Frank<br \/><\/strong><\/td>\n<td align=\"left\" valign=\"middle\">Oedter Stra\u00dfe 77<br \/>47906 Kempen<\/td>\n<td>Tel. 02152 \/ 517 786<\/td>\n<\/tr>\n<tr valign=\"top\" bgcolor=\"\">\n<td colspan=\"3\" align=\"center\"><strong>Gesch\u00e4ftsf\u00fchrer<\/strong><\/td>\n<\/tr>\n<tr valign=\"top\">\n<td><a href=\"#\" data-email-protect-click=\"dqgigtBefw\/mgorgp0fg\"><img loading=\"lazy\" decoding=\"async\" class=\"alignnone\" src=\"http:\/\/www.cdu-kempen.de\/bilder\/brief.gif\" alt=\"\" width=\"28\" height=\"15\" align=\"right\" border=\"0\" \/><\/a><strong>B\u00f6ger, Dr. Thorsten<br \/><\/strong><\/td>\n<td align=\"left\">Selma-Bruch-Stra\u00dfe 6<br \/>47906 Kempen<\/td>\n<td align=\"left\">Tel. 02152 \/ 9949860<\/td>\n<\/tr>\n<tr valign=\"top\" bgcolor=\"\">\n<td colspan=\"3\" align=\"center\"><strong>Mitgliederbeauftragter<\/strong><\/td>\n<\/tr>\n<tr valign=\"top\">\n<td><a href=\"#\" data-email-protect-click=\"okvinkgfgtdgcwhvtcivgtBefw\/mgorgp0fg\"><img loading=\"lazy\" decoding=\"async\" class=\"alignnone\" src=\"http:\/\/www.cdu-kempen.de\/bilder\/brief.gif\" alt=\"\" width=\"28\" height=\"15\" align=\"right\" border=\"0\" \/><\/a><strong>Koervers, Thomas<br \/><\/strong><\/td>\n<td align=\"left\">Berliner Allee 11 a<br \/>47906 Kempen<\/td>\n<td align=\"left\">Tel. 02152 \/ 516330<\/td>\n<\/tr>\n<tr valign=\"top\" bgcolor=\"\">\n<td colspan=\"3\" align=\"center\"><strong>Beisitzer<\/strong><\/td>\n<\/tr>\n<tr valign=\"top\">\n<td><strong>Genenger, Matthias<\/strong><\/td>\n<td colspan=\"2\" align=\"left\">Bellstra\u00dfe 95, 47906 Kempen<\/td>\n<\/tr>\n<tr valign=\"top\">\n<td><strong>Houben, Sigrid<\/strong><\/td>\n<td colspan=\"2\" align=\"left\">Margeritenstra\u00dfe 209, 47906 Kempen<\/td>\n<\/tr>\n<tr valign=\"top\">\n<td><strong>Jepkens, Daniel<\/strong><\/td>\n<td colspan=\"2\" align=\"left\">H\u00fclingsweg 8, 47906 Kempen<\/td>\n<\/tr>\n<tr valign=\"top\">\n<td><strong>Labitzke, Heidi<\/strong><\/td>\n<td colspan=\"2\" align=\"left\">Hilariaweg 4, 47906 Kempen<\/td>\n<\/tr>\n<tr>\n<td><strong>La\u00dfek, Marcus<\/strong><\/td>\n<td colspan=\"2\">Graf-Bernadotte-Stra\u00dfe 19, 47906 Kempen<\/td>\n<\/tr>\n<tr>\n<td><strong>Schr\u00f6der, Christian<\/strong><\/td>\n<td colspan=\"2\">An Steinen 14, 47906 Kempen<\/td>\n<\/tr>\n<tr valign=\"top\">\n<td><strong>Weeger, Thomas<\/strong><\/td>\n<td colspan=\"2\" align=\"left\">Kreuzsteeg 24, 47906 Kempen<\/td>\n<\/tr>\n<tr valign=\"top\">\n<td><strong>Wolters, Stephan<\/strong><\/td>\n<td colspan=\"2\" align=\"left\">Berliner Allee 1a, 47906 Kempen<\/td>\n<td><\/td>\n<\/tr>\n<\/tbody>\n<\/table>\n<p>[\/et_pb_text][\/et_pb_column][\/et_pb_row][\/et_pb_section]<\/p>\n","protected":false},"excerpt":{"rendered":"<p>02152 9949860 Parteivorsitzender Hell, Niklas Von-Loe-Stra\u00dfe 2247906 Kempen Tel. 01520 6670 519 Stellvertreter Peters, Ramona An Steinen 847906 Kempen Tel. 0173 5127 523 Michael, Marc Margeritenstra\u00dfe 8947906 Kempen Tel. 0176 2115 8900 K\u00fcppers, Stefan An Haus Steinfunder 1447906 Kempen Tel. 0163 8857 532 Schatzmeister Lange, Frank Oedter Stra\u00dfe 7747906 Kempen Tel. 02152 \/ 517 786 [&hellip;]<\/p>\n","protected":false},"author":2,"featured_media":0,"parent":0,"menu_order":0,"comment_status":"closed","ping_status":"closed","template":"","meta":{"_et_pb_use_builder":"on","_et_pb_old_content":"<table style=\"height: 77px;\" border=\"0\" width=\"818\" cellspacing=\"0\" cellpadding=\"5\" align=\"center\">\n<tbody>\n<tr bgcolor=\"\">\n<td colspan=\"3\">\n<div style=\"text-align: center;\"><strong>Parteivorsitzender<\/strong><\/div><\/td>\n<\/tr>\n<tr valign=\"top\">\n<td><strong><a class=\"alignnone\" href=\"mailto:hell@cdu-kempen.de\"><img class=\"alignnone\" src=\"http:\/\/www.cdu-kempen.de\/bilder\/brief.gif\" alt=\"\" width=\"28\" height=\"15\" align=\"right\" border=\"0\" \/><\/a>Hell, Niklas\n<\/strong><\/td>\n<td align=\"left\">Von-Loe-Stra\u00dfe 22\n47906 Kempen<\/td>\n<td align=\"left\">Tel. 01520 6670 519<\/td>\n<\/tr>\n<\/tbody>\n<tbody>\n<tr valign=\"top\" bgcolor=\"\">\n<td colspan=\"3\" align=\"center\"><strong>Stellvertreter<\/strong><\/td>\n<\/tr>\n<tr valign=\"top\">\n<td><strong>Peters, Ramona<a class=\"alignnone\" href=\"mailto:peters@cdu-kempen.de\"><img class=\"alignnone\" src=\"http:\/\/www.cdu-kempen.de\/bilder\/brief.gif\" alt=\"\" width=\"28\" height=\"15\" align=\"right\" border=\"0\" \/><\/a>\n<\/strong><\/td>\n<td align=\"left\">An Steinen 8\n47906 Kempen<\/td>\n<td align=\"left\">Tel. 0173 5127 523<\/td>\n<\/tr>\n<tr valign=\"top\">\n<td><strong>Michael, Marc<a class=\"alignnone\" href=\"mailto:m.michael@cdu-kempen.de\"><img class=\"alignnone\" src=\"http:\/\/www.cdu-kempen.de\/bilder\/brief.gif\" alt=\"\" width=\"28\" height=\"15\" align=\"right\" border=\"0\" \/><\/a>\n<\/strong><\/td>\n<td align=\"left\">Margeritenstra\u00dfe 89\n47906 Kempen<\/td>\n<td align=\"left\">Tel. 0176 2115 8900<\/td>\n<\/tr>\n<tr valign=\"top\">\n<td><strong>K\u00fcppers, Stefan<a class=\"alignnone\" href=\"mailto:kueppers@cdu-kempen.de\"><img class=\"alignnone\" src=\"http:\/\/www.cdu-kempen.de\/bilder\/brief.gif\" alt=\"\" width=\"28\" height=\"15\" align=\"right\" border=\"0\" \/><\/a><\/strong><\/td>\n<td align=\"left\">An Haus Steinfunder 14\n47906 Kempen<\/td>\n<td align=\"left\">Tel. 0163 8857 532<\/td>\n<\/tr>\n<tr valign=\"top\" bgcolor=\"\">\n<td colspan=\"3\" align=\"center\"><strong>Schatzmeister<\/strong><\/td>\n<\/tr>\n<tr valign=\"top\">\n<td valign=\"middle\"><strong><a href=\"mailto:lange@cdu-kempen.de\"><img class=\"alignnone\" src=\"http:\/\/www.cdu-kempen.de\/bilder\/brief.gif\" alt=\"\" width=\"28\" height=\"15\" align=\"right\" border=\"0\" \/><\/a>Lange, Frank\n<\/strong><\/td>\n<td align=\"left\" valign=\"middle\">Oedter Stra\u00dfe 77\n47906 Kempen<\/td>\n<td>Tel. 02152 \/ 517 786<\/td>\n<\/tr>\n<tr valign=\"top\" bgcolor=\"\">\n<td colspan=\"3\" align=\"center\"><strong>Gesch\u00e4ftsf\u00fchrer<\/strong><\/td>\n<\/tr>\n<tr valign=\"top\">\n<td><a href=\"mailto:boeger@cdu-kempen.de\"><img class=\"alignnone\" src=\"http:\/\/www.cdu-kempen.de\/bilder\/brief.gif\" alt=\"\" width=\"28\" height=\"15\" align=\"right\" border=\"0\" \/><\/a><strong>B\u00f6ger, Dr. Thorsten\n<\/strong><\/td>\n<td align=\"left\">Selma-Bruch-Stra\u00dfe 5\n47906 Kempen<\/td>\n<td align=\"left\">Tel. 02152 \/ 994960<\/td>\n<\/tr>\n<tr valign=\"top\" bgcolor=\"\">\n<td colspan=\"3\" align=\"center\"><strong>Mitgliederbeauftragter<\/strong><\/td>\n<\/tr>\n<tr valign=\"top\">\n<td><a href=\"mailto:mitgliederbeauftragter@cdu-kempen.de\"><img class=\"alignnone\" src=\"http:\/\/www.cdu-kempen.de\/bilder\/brief.gif\" alt=\"\" width=\"28\" height=\"15\" align=\"right\" border=\"0\" \/><\/a><strong>Koervers, Thomas\n<\/strong><\/td>\n<td align=\"left\">Berliner Allee 11 a\n47906 Kempen<\/td>\n<td align=\"left\">Tel. 02152 \/ 516330<\/td>\n<\/tr>\n<tr valign=\"top\" bgcolor=\"\">\n<td colspan=\"3\" align=\"center\"><strong>Beisitzer<\/strong><\/td>\n<\/tr>\n<tr valign=\"top\">\n<td><strong>Genenger, Matthias<\/strong><\/td>\n<td colspan=\"2\" align=\"left\">Bellstra\u00dfe 95, 47906 Kempen<\/td>\n<\/tr>\n<tr valign=\"top\">\n<td><strong>Houben, Sigrid<\/strong><\/td>\n<td colspan=\"2\" align=\"left\">Margeritenstra\u00dfe 209, 47906 Kempen<\/td>\n<\/tr>\n<tr valign=\"top\">\n<td><strong>Jepkens, Daniel<\/strong><\/td>\n<td colspan=\"2\" align=\"left\">H\u00fclingsweg 8, 47906 Kempen<\/td>\n<\/tr>\n<tr valign=\"top\">\n<td><strong>Labitzke, Heidi<\/strong><\/td>\n<td colspan=\"2\" align=\"left\">Hilariaweg 4, 47906 Kempen<\/td>\n<\/tr>\n<tr>\n<td><strong>La\u00dfek, Marcus<\/strong><\/td>\n<td colspan=\"2\">Graf-Bernadotte-Stra\u00dfe 19, 47906 Kempen<\/td>\n<\/tr>\n<tr>\n<td><strong>Schr\u00f6der, Christian<\/strong><\/td>\n<td colspan=\"2\">An Steinen 14, 47906 Kempen<\/td>\n<\/tr>\n<tr valign=\"top\">\n<td><strong>Weeger, Thomas<\/strong><\/td>\n<td colspan=\"2\" align=\"left\">Kreuzsteeg 24, 47906 Kempen<\/td>\n<\/tr>\n<tr valign=\"top\">\n<td><strong>Wolters, Stephan<\/strong><\/td>\n<td colspan=\"2\" align=\"left\">Berliner Allee 1a, 47906 Kempen<\/td>\n<td><\/td>\n<\/tr>\n<\/tbody>\n<\/table>","_et_gb_content_width":"","footnotes":""},"class_list":["post-6482","page","type-page","status-publish","hentry"],"_links":{"self":[{"href":"https:\/\/cdu-kempen.de\/index.php\/wp-json\/wp\/v2\/pages\/6482"}],"collection":[{"href":"https:\/\/cdu-kempen.de\/index.php\/wp-json\/wp\/v2\/pages"}],"about":[{"href":"https:\/\/cdu-kempen.de\/index.php\/wp-json\/wp\/v2\/types\/page"}],"author":[{"embeddable":true,"href":"https:\/\/cdu-kempen.de\/index.php\/wp-json\/wp\/v2\/users\/2"}],"replies":[{"embeddable":true,"href":"https:\/\/cdu-kempen.de\/index.php\/wp-json\/wp\/v2\/comments?post=6482"}],"version-history":[{"count":71,"href":"https:\/\/cdu-kempen.de\/index.php\/wp-json\/wp\/v2\/pages\/6482\/revisions"}],"predecessor-version":[{"id":13079,"href":"https:\/\/cdu-kempen.de\/index.php\/wp-json\/wp\/v2\/pages\/6482\/revisions\/13079"}],"wp:attachment":[{"href":"https:\/\/cdu-kempen.de\/index.php\/wp-json\/wp\/v2\/media?parent=6482"}],"curies":[{"name":"wp","href":"https:\/\/api.w.org\/{rel}","templated":true}]}}