{"id":6486,"date":"2017-11-09T11:05:16","date_gmt":"2017-11-09T11:05:16","guid":{"rendered":"http:\/\/cdu-kempen.de\/?page_id=6486"},"modified":"2025-05-08T21:32:47","modified_gmt":"2025-05-08T21:32:47","slug":"vorstand","status":"publish","type":"page","link":"https:\/\/cdu-kempen.de\/index.php\/fraktion\/vorstand\/","title":{"rendered":"Vorstand"},"content":{"rendered":"<p>[et_pb_section fb_built=&#8220;1&#8243; _builder_version=&#8220;4.16&#8243; global_colors_info=&#8220;{}&#8220;][et_pb_row _builder_version=&#8220;4.16&#8243; background_size=&#8220;initial&#8220; background_position=&#8220;top_left&#8220; background_repeat=&#8220;repeat&#8220; global_colors_info=&#8220;{}&#8220;][et_pb_column type=&#8220;4_4&#8243; _builder_version=&#8220;4.16&#8243; custom_padding=&#8220;|||&#8220; global_colors_info=&#8220;{}&#8220; custom_padding__hover=&#8220;|||&#8220;][et_pb_text _builder_version=&#8220;4.16&#8243; background_size=&#8220;initial&#8220; background_position=&#8220;top_left&#8220; background_repeat=&#8220;repeat&#8220; global_colors_info=&#8220;{}&#8220;]<\/p>\n<table border=\"0\" width=\"100%\" cellspacing=\"0\" cellpadding=\"5\" align=\"center\">\n<tbody>\n<tr bgcolor=\"\">\n<td colspan=\"3\" align=\"center\"><strong>Fraktionsvorsitzende<\/strong><\/td>\n<\/tr>\n<\/tbody>\n<\/table>\n<table border=\"0\" width=\"100%\" cellspacing=\"0\" cellpadding=\"5\" align=\"center\">\n<tbody>\n<tr valign=\"top\">\n<td><strong><a href=\"#\" data-email-protect-click=\"uoggvuBefw\/mgorgp0fgAuwdlgev?EFW'42Mgorgp\"><img loading=\"lazy\" decoding=\"async\" class=\"alignnone\" src=\"http:\/\/www.cdu-kempen.de\/bilder\/brief.gif\" alt=\"\" width=\"28\" height=\"15\" align=\"right\" border=\"0\" \/><\/a>Smeets, Michael<\/strong><\/td>\n<td align=\"left\"><span class=\"LrzXr\">Von-Ketteler-Stra\u00dfe 29<\/span><br \/>47906 Kempen<\/td>\n<td align=\"left\">Tel. 0172 2179912<\/td>\n<\/tr>\n<tr valign=\"top\">\n<td><strong><a href=\"#\" data-email-protect-click=\"uvgpjqtuvBefw\/mgorgp0fgAuwdlgev?EFW'42Mgorgp\"><img loading=\"lazy\" decoding=\"async\" class=\"alignnone\" src=\"http:\/\/www.cdu-kempen.de\/bilder\/brief.gif\" alt=\"\" width=\"28\" height=\"15\" align=\"right\" border=\"0\" \/><\/a>Stenhorst, Willi<\/strong><\/td>\n<td align=\"left\">Paul-Ehrlich-Sta\u00dfe 5<br \/>47906 Kempen<\/td>\n<td align=\"left\">Tel. 0172 2521990<\/td>\n<\/tr>\n<\/tbody>\n<\/table>\n<table border=\"0\" width=\"100%\" cellspacing=\"0\" cellpadding=\"5\" align=\"center\">\n<tbody>\n<tr valign=\"top\" bgcolor=\"\">\n<td colspan=\"3\" align=\"center\"><strong>Stellvertretende Vorsitzende<\/strong><\/td>\n<\/tr>\n<tr valign=\"top\">\n<td><strong><a href=\"#\" data-email-protect-click=\"dg{uuBefw\/mgorgp0fgAuwdlgev?EFW'42Mgorgp\"><img loading=\"lazy\" decoding=\"async\" class=\"alignnone\" src=\"http:\/\/www.cdu-kempen.de\/bilder\/brief.gif\" alt=\"\" width=\"28\" height=\"15\" align=\"right\" border=\"0\" \/><\/a>Beyss, Stefanie<\/strong><\/td>\n<td align=\"left\">Seidenstr. 32<br \/>47906 Kempen<\/td>\n<td align=\"left\">Tel. 02152 \u2013 893333<\/td>\n<\/tr>\n<tr valign=\"top\">\n<td><strong><a href=\"#\" data-email-protect-click=\"uvwgemgocppBefw\/mgorgp0fgAuwdlgev?EFW'42Mgorgp\"><img loading=\"lazy\" decoding=\"async\" class=\"alignnone\" src=\"http:\/\/www.cdu-kempen.de\/bilder\/brief.gif\" alt=\"\" width=\"28\" height=\"15\" align=\"right\" border=\"0\" \/><\/a>St\u00fcckemann, Gerd-Wilhelm<\/strong><\/td>\n<td align=\"left\">Heisenweg 3<br \/>47906 Kempen<\/td>\n<td align=\"left\">Tel. 02152 \u2013 3962<\/td>\n<\/tr>\n<tr valign=\"top\" bgcolor=\"\">\n<td colspan=\"3\" align=\"center\"><strong>Gesch\u00e4ftsf\u00fchrer<\/strong><\/td>\n<\/tr>\n<tr valign=\"top\">\n<td><strong><a href=\"#\" data-email-protect-click=\"uejokv|Befw\/mgorgp0fgAuwdlgev?EFW'42Mgorgp\"><img loading=\"lazy\" decoding=\"async\" class=\"alignnone\" src=\"http:\/\/www.cdu-kempen.de\/bilder\/brief.gif\" alt=\"\" width=\"28\" height=\"15\" align=\"right\" border=\"0\" \/><\/a>Schmitz, Hans-Willi<\/strong><\/td>\n<td align=\"left\">Herder Stra\u00dfe 8<br \/>47906 Kempen<\/td>\n<td align=\"left\">Tel. 02152 \u2013 516834<\/td>\n<\/tr>\n<tr valign=\"top\" bgcolor=\"\">\n<td colspan=\"3\" align=\"center\"><strong>Beisitzer<\/strong><\/td>\n<\/tr>\n<tr valign=\"top\">\n<td><strong><a href=\"#\" data-email-protect-click=\"uejgkgtocppBefw\/mgorgp0fgAuwdlgev?EFW'42Mgorgp\"><img loading=\"lazy\" decoding=\"async\" class=\"alignnone\" src=\"http:\/\/www.cdu-kempen.de\/bilder\/brief.gif\" alt=\"\" width=\"28\" height=\"15\" align=\"right\" border=\"0\" \/><\/a>Scheiermann, Dr. Gero<\/strong><\/td>\n<td align=\"left\">Dr.-Luft-Stra\u00dfe 3<br \/>47906 Kempen<\/td>\n<td align=\"left\">Tel. 0163 \u2013 7435 559<\/td>\n<\/tr>\n<\/tbody>\n<\/table>\n<p>[\/et_pb_text][\/et_pb_column][\/et_pb_row][\/et_pb_section]<\/p>\n","protected":false},"excerpt":{"rendered":"<p>Fraktionsvorsitzende Smeets, Michael Von-Ketteler-Stra\u00dfe 2947906 Kempen Tel. 0172 2179912 Stenhorst, Willi Paul-Ehrlich-Sta\u00dfe 547906 Kempen Tel. 0172 2521990 Stellvertretende Vorsitzende Beyss, Stefanie Seidenstr. 3247906 Kempen Tel. 02152 \u2013 893333 St\u00fcckemann, Gerd-Wilhelm Heisenweg 347906 Kempen Tel. 02152 \u2013 3962 Gesch\u00e4ftsf\u00fchrer Schmitz, Hans-Willi Herder Stra\u00dfe 847906 Kempen Tel. 02152 \u2013 516834 Beisitzer Scheiermann, Dr. Gero Dr.-Luft-Stra\u00dfe 347906 Kempen [&hellip;]<\/p>\n","protected":false},"author":2,"featured_media":0,"parent":6484,"menu_order":0,"comment_status":"closed","ping_status":"closed","template":"","meta":{"_et_pb_use_builder":"on","_et_pb_old_content":"<table border=\"0\" width=\"100%\" cellspacing=\"0\" cellpadding=\"5\" align=\"center\">\n<tbody>\n<tr bgcolor=\"\">\n<td colspan=\"3\" align=\"center\"><strong>Fraktionsvorsitzende<\/strong><\/td>\n<\/tr>\n<\/tbody>\n<\/table>\n<table border=\"0\" width=\"100%\" cellspacing=\"0\" cellpadding=\"5\" align=\"center\">\n<tbody>\n<tr valign=\"top\">\n<td><strong><a href=\"mailto:smeets@cdu-kempen.de?subject=CDU%20Kempen\"><img class=\"alignnone\" src=\"http:\/\/www.cdu-kempen.de\/bilder\/brief.gif\" alt=\"\" width=\"28\" height=\"15\" align=\"right\" border=\"0\" \/><\/a>Smeets, Michael<\/strong><\/td>\n<td align=\"left\"><span class=\"LrzXr\">Von-Ketteler-Stra\u00dfe 29<\/span>\n47906 Kempen<\/td>\n<td align=\"left\">Tel. 0172 2179912<\/td>\n<\/tr>\n<tr valign=\"top\">\n<td><strong><a href=\"mailto:stenhorst@cdu-kempen.de?subject=CDU%20Kempen\"><img class=\"alignnone\" src=\"http:\/\/www.cdu-kempen.de\/bilder\/brief.gif\" alt=\"\" width=\"28\" height=\"15\" align=\"right\" border=\"0\" \/><\/a>Stenhorst, Willi<\/strong><\/td>\n<td align=\"left\">Paul-Ehrlich-Sta\u00dfe 5\n47906 Kempen<\/td>\n<td align=\"left\">Tel. 0172 252990<\/td>\n<\/tr>\n<\/tbody>\n<\/table>\n<table border=\"0\" width=\"100%\" cellspacing=\"0\" cellpadding=\"5\" align=\"center\">\n<tbody>\n<tr valign=\"top\" bgcolor=\"\">\n<td colspan=\"3\" align=\"center\"><strong>Stellvertretende Vorsitzende<\/strong><\/td>\n<\/tr>\n<tr valign=\"top\">\n<td><strong><a href=\"mailto:beyss@cdu-kempen.de?subject=CDU%20Kempen\"><img class=\"alignnone\" src=\"http:\/\/www.cdu-kempen.de\/bilder\/brief.gif\" alt=\"\" width=\"28\" height=\"15\" align=\"right\" border=\"0\" \/><\/a>Beyss, Stefanie<\/strong><\/td>\n<td align=\"left\">Seidenstr. 32\n47906 Kempen<\/td>\n<td align=\"left\">Tel. 02152 \u2013 893333<\/td>\n<\/tr>\n<tr valign=\"top\">\n<td><strong><a href=\"mailto:stueckemann@cdu-kempen.de?subject=CDU%20Kempen\"><img class=\"alignnone\" src=\"http:\/\/www.cdu-kempen.de\/bilder\/brief.gif\" alt=\"\" width=\"28\" height=\"15\" align=\"right\" border=\"0\" \/><\/a>St\u00fcckemann, Gerd-Wilhelm<\/strong><\/td>\n<td align=\"left\">Heisenweg 3\n47906 Kempen<\/td>\n<td align=\"left\">Tel. 02152 \u2013 3962<\/td>\n<\/tr>\n<tr valign=\"top\" bgcolor=\"\">\n<td colspan=\"3\" align=\"center\"><strong>Gesch\u00e4ftsf\u00fchrer<\/strong><\/td>\n<\/tr>\n<tr valign=\"top\">\n<td><strong><a href=\"mailto:schmitz@cdu-kempen.de?subject=CDU%20Kempen\"><img class=\"alignnone\" src=\"http:\/\/www.cdu-kempen.de\/bilder\/brief.gif\" alt=\"\" width=\"28\" height=\"15\" align=\"right\" border=\"0\" \/><\/a>Schmitz, Hans-Willi<\/strong><\/td>\n<td align=\"left\">Herder Stra\u00dfe 8\n47906 Kempen<\/td>\n<td align=\"left\">Tel. 02152 \u2013 516834<\/td>\n<\/tr>\n<tr valign=\"top\" bgcolor=\"\">\n<td colspan=\"3\" align=\"center\"><strong>Beisitzer<\/strong><\/td>\n<\/tr>\n<tr valign=\"top\">\n<td><strong><a href=\"mailto:scheiermann@cdu-kempen.de?subject=CDU%20Kempen\"><img class=\"alignnone\" src=\"http:\/\/www.cdu-kempen.de\/bilder\/brief.gif\" alt=\"\" width=\"28\" height=\"15\" align=\"right\" border=\"0\" \/><\/a>Scheiermann, Dr. Gero<\/strong><\/td>\n<td align=\"left\">Dr.-Luft-Stra\u00dfe 3\n47906 Kempen<\/td>\n<td align=\"left\">Tel. 0163 \u2013 7435 559<\/td>\n<\/tr>\n<\/tbody>\n<\/table>","_et_gb_content_width":"","footnotes":""},"class_list":["post-6486","page","type-page","status-publish","hentry"],"_links":{"self":[{"href":"https:\/\/cdu-kempen.de\/index.php\/wp-json\/wp\/v2\/pages\/6486"}],"collection":[{"href":"https:\/\/cdu-kempen.de\/index.php\/wp-json\/wp\/v2\/pages"}],"about":[{"href":"https:\/\/cdu-kempen.de\/index.php\/wp-json\/wp\/v2\/types\/page"}],"author":[{"embeddable":true,"href":"https:\/\/cdu-kempen.de\/index.php\/wp-json\/wp\/v2\/users\/2"}],"replies":[{"embeddable":true,"href":"https:\/\/cdu-kempen.de\/index.php\/wp-json\/wp\/v2\/comments?post=6486"}],"version-history":[{"count":33,"href":"https:\/\/cdu-kempen.de\/index.php\/wp-json\/wp\/v2\/pages\/6486\/revisions"}],"predecessor-version":[{"id":12116,"href":"https:\/\/cdu-kempen.de\/index.php\/wp-json\/wp\/v2\/pages\/6486\/revisions\/12116"}],"up":[{"embeddable":true,"href":"https:\/\/cdu-kempen.de\/index.php\/wp-json\/wp\/v2\/pages\/6484"}],"wp:attachment":[{"href":"https:\/\/cdu-kempen.de\/index.php\/wp-json\/wp\/v2\/media?parent=6486"}],"curies":[{"name":"wp","href":"https:\/\/api.w.org\/{rel}","templated":true}]}}