{"id":6523,"date":"2017-11-09T12:02:05","date_gmt":"2017-11-09T12:02:05","guid":{"rendered":"http:\/\/cdu-kempen.de\/?page_id=6523"},"modified":"2026-04-24T13:21:39","modified_gmt":"2026-04-24T13:21:39","slug":"antraege","status":"publish","type":"page","link":"https:\/\/cdu-kempen.de\/index.php\/antraege\/","title":{"rendered":"Antr\u00e4ge"},"content":{"rendered":"<p>[et_pb_section fb_built=&#8220;1&#8243; _builder_version=&#8220;4.16&#8243; global_colors_info=&#8220;{}&#8220;][et_pb_row _builder_version=&#8220;4.16&#8243; background_size=&#8220;initial&#8220; background_position=&#8220;top_left&#8220; background_repeat=&#8220;repeat&#8220; custom_padding=&#8220;61px|||||&#8220; global_colors_info=&#8220;{}&#8220;][et_pb_column type=&#8220;4_4&#8243; _builder_version=&#8220;4.16&#8243; custom_padding=&#8220;|||&#8220; global_colors_info=&#8220;{}&#8220; custom_padding__hover=&#8220;|||&#8220;][et_pb_text _builder_version=&#8220;4.26.1&#8243; background_size=&#8220;initial&#8220; background_position=&#8220;top_left&#8220; background_repeat=&#8220;repeat&#8220; global_colors_info=&#8220;{}&#8220;]<\/p>\n<p><a href=\"https:\/\/cdu-kempen.de\/wp-content\/uploads\/2026\/04\/2026-04-23-CDU-Pruefantrag-GGS-OGS-St_Hubert.pdf\">2026-04-23 &#8211; CDU &#8211; Pr\u00fcfantrag GGS-OGS St_Hubert<\/a>\u00a0<\/p>\n<p><a href=\"https:\/\/cdu-kempen.de\/wp-content\/uploads\/2026\/04\/2026-04-02-CDU-Antrag-Resolution-Erhalt-Geburtshilfe-Krankenhaus-Kempen.pdf\">2026-04-02 &#8211; CDU-Antrag Resolution Erhalt Geburtshilfe Krankenhaus Kempen<\/a><\/p>\n<p><a href=\"https:\/\/cdu-kempen.de\/wp-content\/uploads\/2026\/03\/2026-03-10-gemeinsamer-Pruefantrag-SPD-CDU-Buendnis90-die-Gruenen-FWK-FDP-Marktplatz-St.-Hubert.pdf\">2026-03-10 &#8211; gemeinsamer Pr\u00fcfantrag SPD CDU B\u00fcndnis90\/die Gr\u00fcnen FWK FDP &#8211; Marktplatz St. Hubert\u00a0<\/a><\/p>\n<p><a href=\"https:\/\/cdu-kempen.de\/wp-content\/uploads\/2026\/03\/2026-03-06-Memorandum-zum-Haushalt-der-Stadt-Kempen.pdf\">2026-03-06 &#8211; Memorandum zum Haushalt der Stadt Kempen von CDU, SPD, FWK und FDP<\/a><\/p>\n<p><a href=\"https:\/\/cdu-kempen.de\/wp-content\/uploads\/2026\/03\/2026-03-06-CDU-Antrag-Strategisches-Standort-und-Raumkonzept-Stadt-Kempen.pdf\">2026-03-06 &#8211; CDU-Antrag &#8211; Strategisches Standort- und Raumkonzept Stadt Kempen\u00a0<img alt=\"\" \/><\/a>\u00a0<\/p>\n<p><a href=\"https:\/\/cdu-kempen.de\/wp-content\/uploads\/2026\/02\/2026-02-21-CDU-Anfrage-Feierabendmarkt.pdf\">2026-02-21 &#8211; CDU-Anfrage Feierabendmarkt<\/a><\/p>\n<p><a href=\"https:\/\/cdu-kempen.de\/wp-content\/uploads\/2026\/02\/CDU-Antrag-Unzumutbare-Zustaende-RE10.pdf\">2026-02-19 &#8211; CDU-Antrag Unzumutbare Zust\u00e4nde RE10\u00a0<\/a><\/p>\n<p><a href=\"https:\/\/cdu-kempen.de\/wp-content\/uploads\/2026\/02\/2026-02-01-CDU-Antrag-Leitlinien-zum-Einsatz-generativer-KI.pdf\">2026-02-01 &#8211; CDU-Antrag &#8211; Leitlinien zum Einsatz generativer KI\u00a0<\/a><\/p>\n<p><a href=\"https:\/\/cdu-kempen.de\/wp-content\/uploads\/2026\/02\/2026-02-01-CDU-Antrag-Digitalisierungsstrategie-der-Stadt-Kempen.pdf\">2026-02-01 &#8211; CDU-Antrag Digitalisierungsstrategie der Stadt Kempen<\/a><\/p>\n<p><a href=\"https:\/\/cdu-kempen.de\/wp-content\/uploads\/2026\/02\/2026-02-01-CDU-Antrag-Evaluation-der-Vergabekriterien-fuer-Gewerbegrundstuecke.pdf\">2026-02-01 &#8211; CDU-Antrag Evaluation der Vergabekriterien f\u00fcr Gewerbegrundst\u00fccke<\/a><\/p>\n<p><a href=\"https:\/\/cdu-kempen.de\/wp-content\/uploads\/2026\/02\/2026-02-01-CDU-Anfrage-Energieberatungsangebot-der-Stadt-Kempen.pdf\">2026-02-01 &#8211; CDU-Anfrage &#8211; Energieberatungsangebot der Stadt Kempen<\/a><\/p>\n<p><a href=\"https:\/\/cdu-kempen.de\/wp-content\/uploads\/2026\/02\/2026-02-01-CDU-Anfrage-Perspektiven-Hospiz-und-Palliativversorgung-in-Kempen.pdf\">2026-02-01 &#8211; CDU-Anfrage Perspektiven Hospiz- und Palliativversorgung in Kempen<\/a><\/p>\n<p><a href=\"https:\/\/cdu-kempen.de\/wp-content\/uploads\/2026\/02\/2026-02-01-CDU-Anfrage-Sachstandsbericht-und-Erfolgskontrolle-der-Klima-und-Mobilitaetsarbeit-der-Stadt-Kempen.pdf\">2026-02-01 &#8211; CDU-Anfrage &#8211; Sachstandsbericht und Erfolgskontrolle der Klima- und Mobilit\u00e4tsarbeit der Stadt Kempen<\/a>\u00a0<\/p>\n<p><a href=\"https:\/\/cdu-kempen.de\/wp-content\/uploads\/2026\/02\/2026-01-29-CDU-Antrag-Staerkung-des-kommunalen-Bevoelkerungsschutzes-und-Weiterentwicklung-der-Krisenvorsorge-in-Kempen.pdf\">2026-01-29 &#8211; CDU-Antrag St\u00e4rkung des kommunalen Bev\u00f6lkerungsschutzes und Weiterentwicklung der Krisenvorsorge in Kempen<\/a><\/p>\n<p><a href=\"https:\/\/cdu-kempen.de\/wp-content\/uploads\/2026\/02\/2026-01-29-CDU-Antrag-Digitalisierung-von-Bewohnerparkausweisen.pdf\">2026-01-29 &#8211; CDU-Antrag Digitalisierung von Bewohnerparkausweisen<\/a>\u00a0<\/p>\n<p><a href=\"https:\/\/cdu-kempen.de\/wp-content\/uploads\/2026\/02\/2026-01-29-CDU-Antrag-Pruefung-auf-Ausweitung-der-Feierabendmaerkte.pdf\">2026-01-29 &#8211; CDU-Antrag &#8211; Pr\u00fcfung auf Ausweitung der Feierabendm\u00e4rkte<\/a><\/p>\n<p><a href=\"https:\/\/cdu-kempen.de\/wp-content\/uploads\/2026\/02\/2026-01-22-CDU-Antrag-Tennishalle-in-Kempen-Jetzt-umsetzen-statt-weiter-verzoegern.pdf\">2026-01-22 &#8211; CDU-Antrag Tennishalle in Kempen &#8211; Jetzt umsetzen statt weiter verz\u00f6gern<\/a><\/p>\n<p><a href=\"https:\/\/cdu-kempen.de\/wp-content\/uploads\/2026\/04\/2026-01-21-\u2013-gemeinsamer-CDU-FDP-FWK-SPD-Antrag-Beendigung-Gremienarbeit.pdf\">2026-01-21 \u2013 gemeinsamer CDU-FDP-FWK-SPD Antrag Beendigung Gremienarbeit<\/a><\/p>\n<p><a href=\"https:\/\/cdu-kempen.de\/wp-content\/uploads\/2025\/11\/2025-11-16-CDU-Antrag-Verlaengerung-und-Klarstellung-Moratorium.pdf\">2025-11-16 &#8211; CDU-Antrag &#8211; Verl\u00e4ngerung des Moratoriums f\u00fcr freigewordene Stellen bis zur Genehmigung des Haushalts 2026 sowie Klarstellung notwendiger Ausnahmen<\/a><\/p>\n<p><a href=\"https:\/\/cdu-kempen.de\/wp-content\/uploads\/2025\/11\/2025-11-16-CDU-Anfrage-Kinderbetreuung-Kitas.pdf\">\u00a02025-11-16 &#8211; CDU-Anfrage &#8211; Kinderbetreuung in st\u00e4dtischen Kitas \u2013 Verl\u00e4sslichkeit, Personal und Handlungs-m\u00f6glichkeiten<\/a><\/p>\n<p><a href=\"https:\/\/cdu-kempen.de\/wp-content\/uploads\/2025\/11\/2025-11-12-CDU-Anfrage-Schultoilettten.pdf\">2025-11-12 &#8211; CDU Anfrage &#8211; Schultoilettten<\/a><\/p>\n<p><a href=\"https:\/\/cdu-kempen.de\/wp-content\/uploads\/2025\/07\/2025-07-07-CDU-u.-FDP-Anfrage-Nachhaltige-Kreisverkehrsbegruenung.pdf\">2025-07-07 &#8211; CDU u. FDP Anfrage Nachhaltige Kreisverkehrsbegr\u00fcnung unter Einbindung lokaler Betriebe<\/a><\/p>\n<p><a href=\"https:\/\/cdu-kempen.de\/wp-content\/uploads\/2025\/07\/2025-07-01-CDU-Anfrage-Zukunft-der-Wirtschaftsfoerderung.pdf\">2025-07-01 &#8211; CDU-Anfrage zur Zukunft der Wirtschaftsf\u00f6rderung in Kempen<\/a><\/p>\n<p><a href=\"https:\/\/cdu-kempen.de\/wp-content\/uploads\/2025\/07\/2025-06-30-gemeinsamer-Antrag-CDU-SPD-FWG-OeDP-SDK-Wahlplakatierung.pdf\">2025-06-30 &#8211; gemeinsamer Antrag CDU-SPD-B\u00fcndnis90\/Gr\u00fcne-FWG-\u00d6DP-SDK &#8211; Wahlplakatierung<\/a><\/p>\n<p><a href=\"https:\/\/cdu-kempen.de\/wp-content\/uploads\/2025\/06\/2025-06-25-CDU-Anfrage-Unterstuetzung-Anwohner-ehemals-Wilhelm-Grobben-Strasse.pdf\">2025-06-25 &#8211; CDU Anfrage &#8211; Unterst\u00fctzung Anwohner ehemals Wilhelm-Grobben-Strasse<\/a><\/p>\n<p><a href=\"https:\/\/cdu-kempen.de\/wp-content\/uploads\/2025\/06\/2025-06-23-gemeinsamer-Antrag-CDU-FDP-FW-OeDP-Ampelmaennchen.pdf\">2025-06-23 &#8211; gemeinsamer-Antrag-CDU-FDP-FW-OeDP-Ampelm\u00e4nnchen<\/a><\/p>\n<p><a href=\"https:\/\/cdu-kempen.de\/wp-content\/uploads\/2025\/05\/2025-05-17-CDU-Anfrage-RE10-Probleme.pdf\">2025-05-17<\/a><a href=\"https:\/\/cdu-kempen.de\/wp-content\/uploads\/2025\/03\/2025-03-05-CDU-Anfrage-Baubeginn-Spielplatz-Auf-dem-Zanger.pdf\"> &#8211; <\/a><a href=\"https:\/\/cdu-kempen.de\/wp-content\/uploads\/2025\/05\/2025-05-17-CDU-Anfrage-RE10-Probleme.pdf\">CDU Anfrage &#8211; RE10-Probleme<\/a><\/p>\n<p><a href=\"https:\/\/cdu-kempen.de\/wp-content\/uploads\/2025\/03\/2025-03-05-CDU-Anfrage-Baubeginn-Spielplatz-Auf-dem-Zanger.pdf\">2025-03-05 &#8211; CDU Anfrage &#8211; Baubeginn Spielplatz Auf dem Zanger<\/a><\/p>\n<p><a href=\"https:\/\/cdu-kempen.de\/wp-content\/uploads\/2025\/02\/2025-02-15-CDU-Anfrage-Parkprobleme-auf-der-Wilhelm-Grobben-Strasse.pdf\">2025-02-15 &#8211; CDU Anfrage &#8211; Parkprobleme auf der Wilhelm-Grobben-Stra\u00dfe<\/a><\/p>\n<p><a href=\"https:\/\/cdu-kempen.de\/wp-content\/uploads\/2025\/02\/2025-02-09-CDU-Antrag-Neues-Konzept-fuer-den-Bau-einer-Tennishalle.pdf\">2025-02-09 &#8211; CDU Antrag &#8211; Neues Konzept f\u00fcr den Bau einer Tennishalle<\/a><\/p>\n<p><a href=\"https:\/\/cdu-kempen.de\/wp-content\/uploads\/2025\/02\/2025-02-08-CDU-Anfrage-Notwendige-Strukturinformationen-zu-Personalausgaben-u.-Stellenplaene-der-letzten-10-Jahre.pdf\">2025-02-08 &#8211; CDU Anfrage &#8211; Notwendige Strukturinformationen zu Personalausgaben u. Stellenpl\u00e4ne der letzten 10 Jahre<\/a><\/p>\n<p><a href=\"https:\/\/cdu-kempen.de\/wp-content\/uploads\/2025\/02\/2025-02-08-CDU-Antrag-Ansatz-von-Baumassnahmen.pdf\">2025-02-08 &#8211; CDU Antrag &#8211; Ansatz von Bauma\u00dfnahmen<\/a><\/p>\n<p><a href=\"https:\/\/cdu-kempen.de\/wp-content\/uploads\/2025\/02\/2025-02-08-CDU-Antrag-Begleitung-des-Konsolidierungsprozess-durch-die-oertliche-Rechnungspruefung.pdf\">2025-02-08 &#8211; CDU Antrag &#8211; Begleitung des Konsolidierungsprozess durch die \u00f6rtliche Rechnungspr\u00fcfung<\/a><\/p>\n<p><a href=\"https:\/\/cdu-kempen.de\/wp-content\/uploads\/2025\/02\/2025-02-08-CDU-Antrag-Effektivitaetsgewinne-durch-interkommunale-Zusammenarbeit-und-transparente-Kennzahlen-und-sachgemaesse-Budgetmittelzuordnung.pdf\">2025-02-08 &#8211; CDU Antrag &#8211; Effektivit\u00e4tsgewinne durch interkommunale Zusammenarbeit und transparente Kennzahlen und sachgem\u00e4\u00dfe Budgetmittelzuordnung<\/a><\/p>\n<p><a href=\"https:\/\/cdu-kempen.de\/wp-content\/uploads\/2025\/02\/2025-02-08-CDU-Antrag-Einfuehrung-eines-Moratoriums.pdf\">2025-02-08 &#8211; CDU Antrag &#8211; Einf\u00fchrung eines Moratoriums<\/a><\/p>\n<p><a href=\"https:\/\/cdu-kempen.de\/wp-content\/uploads\/2025\/02\/2025-02-03-CDU-Antrag-Zechengelaende-in-Toenisberg.pdf\">2025-02-03 &#8211; CDU Antrag &#8211; Zechengel\u00e4nde in T\u00f6nisberg<\/a><\/p>\n<p><a href=\"https:\/\/cdu-kempen.de\/wp-content\/uploads\/2025\/01\/2025-01-18-CDU-Antrag-Bahnuebergang-Kempen-1.pdf\">2025-01-18 &#8211; CDU Antrag &#8211; Bahn\u00fcbergang Kempen<\/a><\/p>\n<p><a href=\"https:\/\/cdu-kempen.de\/wp-content\/uploads\/2025\/01\/2025-01-14-CDU-Antrag-Einfuehrung-Bezahltkarte-fuer-Gefluechtete.pdf\">2025-01-14 &#8211; CDU Antrag &#8211; Einf\u00fchrung Bezahltkarte f\u00fcr Gefl\u00fcchtete<\/a><\/p>\n<p><a href=\"https:\/\/cdu-kempen.de\/wp-content\/uploads\/2024\/10\/2024-10-20-gemeinsamer-Antrag-CDU-FDP-FW-OeDP-Kempener-Westen.pdf\">2024-10-20 &#8211; gemeinsamer Antrag CDU FDP FW \u00d6DP &#8211; Kempener Westen<\/a><\/p>\n<p><a href=\"https:\/\/cdu-kempen.de\/wp-content\/uploads\/2024\/10\/2024-10-20-Anhang-I-Uebersicht-Mix-der-Bauformen.pdf\">2024-10-20 Anhang I &#8211; \u00dcbersicht Mix der Bauformen<\/a><\/p>\n<p><a href=\"https:\/\/cdu-kempen.de\/wp-content\/uploads\/2024\/10\/2024-10-20-Anhang-II-Vergleich-Aenderungen.pdf\">2024-10-20 Anhang II &#8211; Vergleich \u00c4nderungen<\/a><\/p>\n<p><a href=\"https:\/\/cdu-kempen.de\/wp-content\/uploads\/2024\/10\/2024-10-20-Anhang-III-Aenderungen.pdf\">2024-10-20 Anhang III &#8211; \u00c4nderungen<\/a><\/p>\n<p><a href=\"https:\/\/cdu-kempen.de\/wp-content\/uploads\/2024\/09\/2024-09-13-CDU-Antrag-Gesundheitsbericht.pdf\">2024-09-13 &#8211; CDU Antrag &#8211; Gesundheitsbericht<\/a><\/p>\n<p><a href=\"https:\/\/cdu-kempen.de\/wp-content\/uploads\/2024\/08\/2024-08-22-gemeinsamer-Antrag-CDU-FDP-FW-OeDP-Fahrradparkhaus.pdf\">2024-08-22 &#8211; gemeinsamer Antrag CDU, FDP, FW, \u00d6DP &#8211; Fahrradparkhaus<\/a><\/p>\n<p><a href=\"https:\/\/cdu-kempen.de\/wp-content\/uploads\/2024\/08\/2024-08-15-CDU-Antrag-Implementierung-Chatbot.pdf\">2024-08-15 &#8211; CDU Antrag &#8211; Implementierung Chatbot<\/a><\/p>\n<p><a href=\"https:\/\/cdu-kempen.de\/wp-content\/uploads\/2024\/08\/2024-08-03-CDU-Antrag-Pfandflaschenhalterungen.pdf\">2024-08-03 &#8211; CDU Antrag &#8211; Pfandflaschenhalterungen<\/a><\/p>\n<p><a href=\"https:\/\/cdu-kempen.de\/wp-content\/uploads\/2024\/07\/2024-07-25-CDU-Antrag-Konzept-Fahrradparkhaus.pdf\">2024-07-25 &#8211; CDU Antrag &#8211; Konzept Fahrradparkhaus<\/a><\/p>\n<p><a href=\"https:\/\/cdu-kempen.de\/wp-content\/uploads\/2024\/07\/2024-07-22-CDU-Anfrage-Hundewiese.pdf\">2024-07-22 &#8211; CDU Anfrage &#8211; Hundewiese<\/a><\/p>\n<p><a href=\"https:\/\/cdu-kempen.de\/wp-content\/uploads\/2024\/07\/2024-07-04-CDU-Antrag-Fete-de-la-Musique.pdf\">2024-07-04 &#8211; CDU Antrag &#8211; Fete de la Musique<\/a><\/p>\n<p><a href=\"https:\/\/cdu-kempen.de\/wp-content\/uploads\/2024\/06\/2024-06-06-CDU-Anfrage-Wirtschaftsausschuss_Ruecklaeufige-Tourismuszahlen.pdf\">2024-06-06 &#8211; CDU Anfrage &#8211; Wirtschaftsausschuss_R\u00fcckl\u00e4ufige Tourismuszahlen<\/a><\/p>\n<p><a href=\"https:\/\/cdu-kempen.de\/wp-content\/uploads\/2024\/06\/2024-06-06-CDU-Anfrage-Wirtschaftsausschuss_Investitionsfoerderung.pdf\">2024-06-06 &#8211; CDU Anfrage &#8211; Wirtschaftsausschuss_Investitionsf\u00f6rderung<\/a><\/p>\n<p><a href=\"https:\/\/cdu-kempen.de\/wp-content\/uploads\/2024\/05\/2024-05-22-CDU-Antrag-Tennishalle_Entscheidung.pdf\">2024-05-22 &#8211; CDU Antrag &#8211; Tennishalle_Entscheidung<\/a><\/p>\n<p><a href=\"https:\/\/cdu-kempen.de\/wp-content\/uploads\/2024\/04\/2024-04-28-CDU-Antrag-historische-Bilder-fuer-die-Kempener-Innenstadt.pdf\">2024-04-28 &#8211; CDU Antrag &#8211; historische Bilder f\u00fcr die Kempener Innenstadt<\/a><\/p>\n<p><a href=\"https:\/\/cdu-kempen.de\/wp-content\/uploads\/2024\/04\/2024-04-17-CDU-Antrag-Ausbau-der-Kinderbetreuung.pdf\">2024-04-17 &#8211; CDU Antrag &#8211; Ausbau der Kinderbetreuung<\/a><\/p>\n<p><a href=\"https:\/\/cdu-kempen.de\/wp-content\/uploads\/2024\/04\/2024-04-17-CDU-Anfrage-KI-in-der-Verwaltung.pdf\">2024-04-17 &#8211; CDU Anfrage &#8211; KI in der Verwaltung<\/a><\/p>\n<p><a href=\"https:\/\/cdu-kempen.de\/wp-content\/uploads\/2024\/04\/2024-04-09-CDU-Antrag-Optimierung-der-Parksituation-im-Wandergebiet-Schadbruch.pdf\">2024-04-09 &#8211; CDU Antrag &#8211; Optimierung der Parksituation im Wandergebiet Schadbruch<\/a><\/p>\n<p><a href=\"https:\/\/cdu-kempen.de\/wp-content\/uploads\/2024\/02\/2024-02-25-gemeinsamer-Antrag-CDU-SPD-FDP-FW-OeDP-Priorisierung-von-geplanten-Investitionsprojekten.pdf\">2024-02-25 &#8211; gemeinsamer Antrag CDU, SPD, FDP, FW, \u00d6DP &#8211; Priorisierung von geplanten Investitionsprojekten<\/a><\/p>\n<p><a href=\"https:\/\/cdu-kempen.de\/wp-content\/uploads\/2024\/02\/2024-02-22-CDU-Anfrage-Status-quo-und-zukuenftige-Vorgehensweise-Tennishalle.pdf\">2024-02-22 &#8211; CDU Anfrage &#8211; Status quo und zuk\u00fcnftige Vorgehensweise Tennishalle<\/a><\/p>\n<p><a href=\"https:\/\/cdu-kempen.de\/wp-content\/uploads\/2024\/02\/2024-02-19-gemeinsamer-Antrag-CDU-u.-FDP-Implementierung-\u201eAmt-O-Mat-System.pdf\">2024-02-19 &#8211; gemeinsamer Antrag CDU u. FDP &#8211; Implementierung \u201eAmt-O-Mat\u201c-System<\/a><\/p>\n<p><a href=\"https:\/\/cdu-kempen.de\/wp-content\/uploads\/2024\/02\/2024-02-18-CDU-Antrag-Investitionsfoerderung-fuer-lebendige-Doerfer.pdf\">2024-02-18 &#8211; CDU Antrag &#8211; Investitionsf\u00f6rderung f\u00fcr lebendige D\u00f6rfer<\/a><\/p>\n<p><a href=\"https:\/\/cdu-kempen.de\/wp-content\/uploads\/2024\/01\/2024-01-28-CDU-Anfrage-Personalaufwendungen.pdf\">2024-01-28 &#8211; CDU Anfrage &#8211; Personalaufwendungen<\/a><\/p>\n<p><a href=\"https:\/\/cdu-kempen.de\/wp-content\/uploads\/2023\/12\/2023-12-10-CDU-Anfrage-Benennung-von-Strassennamen.pdf\">2023-12-10 &#8211; CDU Anfrage &#8211; Benennung von Stra\u00dfennamen<\/a><\/p>\n<p><a href=\"https:\/\/cdu-kempen.de\/wp-content\/uploads\/2023\/11\/2023-11-22-CDU-Anfrage-KTF-und-WSF.pdf\">2023-11-22 &#8211; CDU Anfrage &#8211; KTF und WSF<\/a><\/p>\n<p><a href=\"https:\/\/cdu-kempen.de\/wp-content\/uploads\/2023\/11\/2023-11-22-CDU-Antrag-Touristensteuer.pdf\">2023-11-22 &#8211; CDU Antrag &#8211; Touristensteuer<\/a><\/p>\n<p><a href=\"https:\/\/cdu-kempen.de\/wp-content\/uploads\/2023\/11\/2023-11-22-CDU-Antrag-Tag-der-Rettungskraefte.pdf\">2023-11-22 &#8211; CDU Antrag &#8211; Tag der Rettungskr\u00e4fte<\/a><\/p>\n<p><a href=\"https:\/\/cdu-kempen.de\/wp-content\/uploads\/2023\/11\/2023-11-10-CDU-Antrag-Radverkehrskonzept.pdf\">2023-11-10 &#8211; CDU Antrag &#8211; Radverkehrskonzept<\/a><\/p>\n<p><a href=\"https:\/\/cdu-kempen.de\/wp-content\/uploads\/2023\/11\/2023-11-02-CDU-Anfrage-Kulturamt-Jahresflyer.pdf\">2023-11-02 &#8211; CDU Anfrage &#8211; Kulturamt &#8211; Jahresflyer<\/a><\/p>\n<p><a href=\"https:\/\/cdu-kempen.de\/wp-content\/uploads\/2023\/11\/2023-11-01-CDU-Anfrage-Personalausschuss-Ausbildungstellen.pdf\">2023-11-01 &#8211; CDU Anfrage &#8211; Personalausschuss &#8211; Ausbildungstellen<\/a><\/p>\n<p><a href=\"https:\/\/cdu-kempen.de\/wp-content\/uploads\/2023\/11\/2023-10-30-CDU-Anfrage-Konsolidierung-Haushalt-2024.pdf\">2023-10-30 &#8211; CDU Anfrage &#8211; Konsolidierung Haushalt 2024<\/a><\/p>\n<p><a href=\"https:\/\/cdu-kempen.de\/wp-content\/uploads\/2023\/10\/2023-10-27-CDU-Antrag-Erweiterung-Gewerbeflaeche-Toenisberg.pdf\">2023-10-27 &#8211; CDU Antrag &#8211; Erweiterung Gewerbefl\u00e4che T\u00f6nisberg<\/a><\/p>\n<p><a href=\"https:\/\/cdu-kempen.de\/wp-content\/uploads\/2023\/10\/2023-10-27-CDU-Antrag-Erweiterung-Hoensbroechstrasse.pdf\">2023-10-27 &#8211; CDU Antrag &#8211; Erweiterung Hoensbroechstra\u00dfe<\/a><\/p>\n<p><a href=\"https:\/\/cdu-kempen.de\/wp-content\/uploads\/2023\/10\/2023-10-27-gemeinsamer-Antrag-CDU-u.-Buendnis90-Die-Gruenen-Zusammenlegung-Kultur-Tourismus-1.pdf\">2023-10-27 &#8211; gemeinsamer Antrag CDU u. B\u00fcndnis90 Die Gr\u00fcnen &#8211; Zusammenlegung Kultur Tourismus<\/a><\/p>\n<p><a href=\"https:\/\/cdu-kempen.de\/wp-content\/uploads\/2023\/09\/2023-09-24-CDU-Antrag-Sicherung-der-Qualitaet-der-Kempener-Innenstadt.pdf\">2023-09-24 &#8211; CDU Antrag &#8211; Sicherung der Qualit\u00e4t der Kempener Innenstadt<\/a><\/p>\n<p><a href=\"https:\/\/cdu-kempen.de\/wp-content\/uploads\/2023\/09\/2023-09-20-CDU-Antrag-Erweiterung-der-Hundekotbeutelstationen.pdf\">2023-09-20 &#8211; CDU Antrag &#8211; Erweiterung der Hundekotbeutelstationen<\/a><\/p>\n<p><a href=\"https:\/\/cdu-kempen.de\/wp-content\/uploads\/2023\/09\/2023-09-15-CDU-Anfrage-Teilnahme-an-Ausbildungsmesse-Gesamtschule-Kempen.pdf\">2023-09-15 &#8211; CDU Anfrage &#8211; Teilnahme an Ausbildungsmesse Gesamtschule Kempen<\/a><\/p>\n<p><a href=\"https:\/\/cdu-kempen.de\/wp-content\/uploads\/2023\/09\/2023-09-07-CDU-Anfrage-Wartezeiten-an-den-Bahnuebergaengen.pdf\">2023-09-07 &#8211; CDU Anfrage &#8211; Wartezeiten an den Bahn\u00fcberg\u00e4ngen<\/a><\/p>\n<p><a href=\"https:\/\/cdu-kempen.de\/wp-content\/uploads\/2023\/09\/2023-09-04-CDU-Anfrage-Sachstand-1.-OG-Kulturforum.pdf\">2023-09-04 &#8211; CDU Anfrage &#8211; Sachstand 1. OG Kulturforum<\/a><\/p>\n<p><a href=\"https:\/\/cdu-kempen.de\/wp-content\/uploads\/2023\/09\/2023-09-04-CDU-Antrag-Schule-Kita-Toenisberg.pdf\">2023-09-04 &#8211; CDU Antrag &#8211; Schule Kita T\u00f6nisberg<\/a><\/p>\n<p><a href=\"https:\/\/cdu-kempen.de\/wp-content\/uploads\/2023\/09\/2023-08-31-gemeinsamer-Antrag-Reinigung-an-Kempener-Schulen.pdf\">2023-08-31 &#8211; gemeinsamer Antrag &#8211; Reinigung an Kempener Schulen<\/a><\/p>\n<p><a href=\"https:\/\/cdu-kempen.de\/wp-content\/uploads\/2023\/08\/2023-08-02-CDU-Anfrage-Ladeinfrastruktur-E-Bikes.pdf\">2023-08-02 &#8211; CDU Anfrage &#8211; Ladeinfrastruktur E-Bikes<\/a><\/p>\n<p><a href=\"https:\/\/cdu-kempen.de\/wp-content\/uploads\/2023\/07\/2023-07-25-CDU-Anfrage-Laden-und-Kneipensterben-in-Kempen.pdf\">2023-07-25 &#8211; CDU Anfrage &#8211; Laden- und Kneipensterben in Kempen<\/a><\/p>\n<p><a href=\"https:\/\/cdu-kempen.de\/wp-content\/uploads\/2023\/07\/2023-07-19-CDU-Antrag-Gesamtkonzept-Kempener-Bahnhof.pdf\">2023-07-19 &#8211; CDU Antrag &#8211; Gesamtkonzept Kempener Bahnhof<\/a><\/p>\n<p><a href=\"https:\/\/cdu-kempen.de\/wp-content\/uploads\/2023\/07\/2023-07-12-CDU-Antrag-Kampagne-Ruecksicht-macht-Wege-breit-auf-staedtischen-Feld-u.-Wirtschaftswegen.pdf\">2023-07-12 &#8211; CDU Antrag &#8211; Kampagne R\u00fccksicht macht Wege breit auf st\u00e4dtischen Feld- u. Wirtschaftswegen<\/a><\/p>\n<p><a href=\"https:\/\/cdu-kempen.de\/wp-content\/uploads\/2023\/07\/2023-07-05-CDU-Antrag-Radverkehr-auf-dem-Brahmsweg-Sicherung-der-Querungen-durch-farbliche-Markierungen.pdf\">2023-07-05 &#8211; CDU Antrag &#8211; Radverkehr auf dem Brahmsweg &#8211; Sicherung der Querungen durch farbliche Markierungen<\/a><\/p>\n<p><a href=\"https:\/\/cdu-kempen.de\/wp-content\/uploads\/2023\/06\/2023-06-28-CDU-Antrag-Radverkehr-Sicherung-der-Querungen-der-Hauptverbindungen-durch-farbliche-Markierungen.pdf\">2023-06-28 &#8211; CDU Antrag &#8211; Radverkehr &#8211; Sicherung der Querungen der Hauptverbindungen durch farbliche Markierungen<\/a><\/p>\n<p><a href=\"https:\/\/cdu-kempen.de\/wp-content\/uploads\/2023\/06\/2023-06-20-CDU-Antrag-Konzept-zur-Gewaltpraevention-fuer-Kinder-und-Jugendliche.pdf\">2023-06-20 &#8211; CDU Antrag &#8211; Konzept zur Gewaltpr\u00e4vention f\u00fcr Kinder und Jugendliche<\/a><\/p>\n<p><a href=\"https:\/\/cdu-kempen.de\/wp-content\/uploads\/2023\/09\/2023-06-08-CDU-Anfrage-Zustand-der-Unterkuenfte-fuer-Gefluechtete.pdf\">2023-06-08 &#8211; CDU Anfrage &#8211; Zustand der Unterk\u00fcnfte f\u00fcr Gefl\u00fcchtete<\/a><\/p>\n<p><a href=\"https:\/\/cdu-kempen.de\/wp-content\/uploads\/2023\/06\/2023-06-07-CDU-Antrag-Konzept-fuer-E-Ladesaeulen-in-Kempen.pdf\">2023-06-07 &#8211; CDU Antrag &#8211; Konzept f\u00fcr E-Lades\u00e4ulen in Kempen<\/a><\/p>\n<p><a href=\"https:\/\/cdu-kempen.de\/wp-content\/uploads\/2024\/06\/2023-05-03-CDU-Anfrage-Tauben-Altstadt.pdf\">2023-05-03 &#8211; CDU Anfrage &#8211; Tauben Altstadt<\/a><\/p>\n<p><a href=\"https:\/\/cdu-kempen.de\/wp-content\/uploads\/2023\/03\/2023-03-17-CDU-Antrag-Grundstuecksangelegenheiten-i.-S.-Polizeiwache.pdf\">2023-03-17 &#8211; CDU Antrag &#8211; Grundst\u00fccksangelegenheiten i. S. Polizeiwache<\/a><\/p>\n<p><a href=\"https:\/\/cdu-kempen.de\/wp-content\/uploads\/2023\/02\/2023-02-27-CDU-Antrag-Ergebnisse-der-Studie-Vitale-Innenstaedte-2022.pdf\">2023-02-27 &#8211; CDU Antrag &#8211; Ergebnisse der Studie &#8211; Vitale Innenst\u00e4dte 2022<\/a><\/p>\n<p><a href=\"https:\/\/cdu-kempen.de\/wp-content\/uploads\/2023\/02\/2023-02-24-CDU-Antrag-Pruefauftrag-fuer-den-PLA_Bauvorhaben-des-Kreises-Viersen-am-Rhein-Maas-Berufskolleg-in-Kempen.pdf\">2023-02-24 &#8211; CDU Antrag &#8211; Pr\u00fcfauftrag f\u00fcr den PLA_Bauvorhaben des Kreises Viersen am Rhein-Maas Berufskolleg in Kempen<\/a><\/p>\n<p><a href=\"https:\/\/cdu-kempen.de\/wp-content\/uploads\/2023\/02\/2023-02-08-CDU-Antrag-Aenderung-der-Elternbeitraege.pdf\">2023-02-08 &#8211; CDU Antrag &#8211; \u00c4nderung der Elternbeitr\u00e4ge<\/a><\/p>\n<p><a href=\"https:\/\/cdu-kempen.de\/wp-content\/uploads\/2023\/02\/2023-02-06-CDU-Antrag-Hospiz-und-Palliativversorgung.pdf\">2023-02-06 &#8211; CDU Antrag &#8211; Hospiz- und Palliativversorgung<\/a><\/p>\n<p><a href=\"https:\/\/cdu-kempen.de\/wp-content\/uploads\/2023\/01\/2023-01-11-CDU-Antrag-Tag-des-Blaulichts-an-Kempener-Schulen-1.pdf\">2023-01-11 &#8211; CDU Antrag &#8211; Tag des Blaulichts an Kempener Schulen<\/a><\/p>\n<p><a href=\"https:\/\/cdu-kempen.de\/wp-content\/uploads\/2022\/11\/2022-11-16-CDU-Antrag-Sitzbaenke-mit-Notfallschild-und-Standortnummerierung.pdf\">2022-11-16 &#8211; CDU Antrag &#8211; Sitzb\u00e4nke mit Notfallschild und Standortnummerierung<\/a><\/p>\n<p><a href=\"https:\/\/cdu-kempen.de\/wp-content\/uploads\/2022\/11\/2022-11-16-CDU-Antrag-Tennishalle.pdf\">2022-11-16 &#8211; CDU Antrag &#8211; Tennishalle<\/a><\/p>\n<p><a href=\"https:\/\/cdu-kempen.de\/wp-content\/uploads\/2022\/11\/2022-11-03-CDU-Antrag-Beleuchtung-auf-der-Schauteshuette.pdf\">2022-11-03 &#8211; CDU Antrag &#8211; Beleuchtung auf der Schautesh\u00fctte<\/a><\/p>\n<p><a href=\"https:\/\/cdu-kempen.de\/wp-content\/uploads\/2022\/10\/2022-09-29-CDU-Antrag-Anpflanzung-weiterer-Baeume-auf-der-Spielplatz-und-Gruenflaeche-An-der-Kreuzkapelle.pdf\">2022-09-29 &#8211; CDU Antrag &#8211; Anpflanzung weiterer B\u00e4ume auf der Spielplatz- und Gr\u00fcnfl\u00e4che An der Kreuzkapelle<\/a><\/p>\n<p><a href=\"https:\/\/cdu-kempen.de\/wp-content\/uploads\/2022\/08\/2022-08-27-CDU-Antrag-Mauersockel-und-Eisenzaun-am-Thomaeum.pdf\">2022-08-27 &#8211; CDU Antrag &#8211; Mauersockel und Eisenzaun am Thomaeum<\/a><\/p>\n<p><a href=\"https:\/\/cdu-kempen.de\/wp-content\/uploads\/2022\/08\/2022-08-17-CDU-Antrag-Energiesparen-1.pdf\">2022-08-17 &#8211; CDU Antrag &#8211; Energiesparen<\/a><\/p>\n<p><a href=\"https:\/\/cdu-kempen.de\/wp-content\/uploads\/2022\/08\/2022-08-01-CDU-Antrag-FSJ-Kultur.pdf\">2022-08-01 &#8211; CDU Antrag &#8211; FSJ Kultur<\/a><\/p>\n<p><a href=\"https:\/\/cdu-kempen.de\/wp-content\/uploads\/2022\/08\/2022-07-31-CDU-Antrag-Vorbereitung-auf-den-demografischen-Wandel.pdf\">2022-07-31 &#8211; CDU Antrag &#8211; Vorbereitung auf den demografischen Wandel<\/a><\/p>\n<p><a href=\"https:\/\/cdu-kempen.de\/wp-content\/uploads\/2022\/06\/2022-06-09-gemeinsamer-Antrag-Klimaschutzingenieur.pdf\">2022-06-09 &#8211; gemeinsamer Antrag &#8211; Klimaschutzingenieur<\/a><\/p>\n<p><a href=\"https:\/\/cdu-kempen.de\/wp-content\/uploads\/2022\/06\/2022-06-09-gemeinsamer-Antrag-Modalsperre-Ludwig-Jahn-Stra\u00dfe_D\u00e4mkesweg.pdf\">2022-06-09 &#8211; gemeinsamer Antrag &#8211; Modalsperre Ludwig-Jahn-Stra\u00dfe_D\u00e4mkesweg<\/a><\/p>\n<p><a href=\"https:\/\/cdu-kempen.de\/wp-content\/uploads\/2022\/05\/2022-05-28-CDU-Antrag-ausreichende-Park-Ride-Angebote.pdf\">2022-05-28 &#8211; CDU Antrag &#8211; ausreichende Park &amp; Ride Angebote<\/a><\/p>\n<p><a href=\"https:\/\/cdu-kempen.de\/wp-content\/uploads\/2022\/06\/2022-05-19-gemeinsame-Anfrage-TaxiBus-Linie-065-Kempen-T\u00f6nisberg.pdf\">2022-05-19 &#8211; gemeinsame Anfrage &#8211; TaxiBus-Linie 065 Kempen-T\u00f6nisberg<\/a><\/p>\n<p><a href=\"https:\/\/cdu-kempen.de\/wp-content\/uploads\/2022\/02\/2022-02-16-CDU-Antrag-Bildungspartnerschaft-Schule-und-Kultur-1.pdf\">2022-02-16 &#8211; CDU Antrag &#8211; Bildungspartnerschaft Schule und Kultur<\/a><\/p>\n<p><a href=\"https:\/\/cdu-kempen.de\/wp-content\/uploads\/2022\/02\/2022-02-16-CDU-Antrag-Erstellung-eines-Jahresflyers.pdf\">2022-02-16 &#8211; CDU Antrag &#8211; Erstellung eines Jahresflyers<\/a><\/p>\n<p><a href=\"https:\/\/cdu-kempen.de\/wp-content\/uploads\/2022\/02\/2022-02-03-CDU-Antrag-E-Auto-Ladestation.pdf\">2022-02-03 &#8211; CDU-Antrag E-Auto-Ladestation<\/a><\/p>\n<p><a href=\"https:\/\/cdu-kempen.de\/wp-content\/uploads\/2022\/02\/2022-02-03-CDU-Antrag-TOP-Weihnachtsmarkt-im-Ordnungsausschuss-am-07.03.2022.pdf\">2022-02-03 &#8211; CDU-Antrag TOP Weihnachtsmarkt im Ordnungsausschuss am 07.03.2022<\/a><\/p>\n<p><a href=\"https:\/\/cdu-kempen.de\/wp-content\/uploads\/2022\/02\/2022-02-03-CDU-Schriftliche-Anfrage-PLA-14.02.2022-1.pdf\">2022-02-03 &#8211; CDU-Schriftliche Anfrage PLA 14.02.2022<\/a><\/p>\n<p><a href=\"https:\/\/cdu-kempen.de\/wp-content\/uploads\/2022\/01\/2022-01-19-CDU-Antrag-Fachnetzwerk-F\u00f6rdermittelakquise.pdf\">2022-01-19 &#8211; CDU-Antrag Fachnetzwerk F\u00f6rdermittelakquise<\/a><\/p>\n<p><a href=\"https:\/\/cdu-kempen.de\/wp-content\/uploads\/2022\/01\/2022-01-06-CDU-Antrag-Tennishalle.pdf\">2022-01-06 &#8211; CDU-Antrag Tennishalle<\/a><\/p>\n<p><a href=\"https:\/\/cdu-kempen.de\/wp-content\/uploads\/2022\/02\/2021-10-03-CDU-Antrag-Beru\u0308cksichtigung-der-GPA-Feststellungen.pdf\">2021-10-03 &#8211; CDU Antrag &#8211; Beru\u0308cksichtigung der GPA-Feststellungen<\/a><\/p>\n<p><a href=\"https:\/\/cdu-kempen.de\/wp-content\/uploads\/2022\/02\/2021-09-20-CDU-Antrag-Zeitnahe-Nachbesetzung-von-sensiblen-Stellen.pdf\">2021-09-20 &#8211; CDU Antrag &#8211; Zeitnahe Nachbesetzung von sensiblen Stellen<\/a><\/p>\n<p><a href=\"https:\/\/cdu-kempen.de\/wp-content\/uploads\/2021\/09\/2021-09-15-CDU-Antrag-Rechtsanspruch-auf-Ganztagsbetreuung.pdf\">2021-09-15 &#8211; CDU Antrag &#8211; Rechtsanspruch auf Ganztagsbetreuung<\/a><\/p>\n<p><a href=\"https:\/\/cdu-kempen.de\/wp-content\/uploads\/2021\/09\/2021-09-01-CDU-Antrag-Anpflanzung-B\u00e4ume-Gr\u00fcnanger.pdf\">2021-09-01 &#8211; CDU Antrag &#8211; Anpflanzung B\u00e4ume Gr\u00fcnanger<\/a><\/p>\n<p><a href=\"https:\/\/cdu-kempen.de\/wp-content\/uploads\/2021\/08\/2021-08-13-CDU-Antrag-Photovoltaik.pdf\">2021-08-13 &#8211; CDU-Antrag &#8211; Photovoltaik<\/a><\/p>\n<p><a href=\"https:\/\/cdu-kempen.de\/wp-content\/uploads\/2021\/08\/2021-08-10-CDU-Anfrage-Weiterentwicklung-Kita-Spatzennest-Eibenweg.pdf\">2021-08-10 &#8211; CDU-Anfrage &#8211; Weiterentwicklung Kita Spatzennest Eibenweg<\/a><\/p>\n<p><a href=\"https:\/\/cdu-kempen.de\/wp-content\/uploads\/2021\/08\/2021-08-10-CDU-Anfrage-Spielplatz-Rosenstra\u00dfe-Nelkenstra\u00dfe.pdf\">2021-08-10 &#8211; CDU-Anfrage &#8211; Spielplatz Rosenstra\u00dfe-Nelkenstra\u00dfe<\/a><\/p>\n<p><a href=\"https:\/\/cdu-kempen.de\/wp-content\/uploads\/2021\/10\/2021-06-23-CDU-Antrag-Hundewiese.pdf\">2021-06-23 &#8211; CDU Antrag &#8211; Hundewiese<\/a><\/p>\n<p><a href=\"https:\/\/cdu-kempen.de\/wp-content\/uploads\/2021\/05\/2021-04-29-CDU-Antrag-Weiterentwicklung-To\u0308nisberg.pdf\">2021-04-29 &#8211; CDU-Antrag &#8211; Weiterentwicklung To\u0308nisberg<\/a><\/p>\n<p><a href=\"https:\/\/cdu-kempen.de\/wp-content\/uploads\/2021\/04\/2021-04-28-CDU-Antrag-Entwicklung-und-Ausweisung-von-Industrie-und-Gewerbefl\u00e4chen.pdf\">2021-04-28 &#8211; CDU Antrag &#8211; Entwicklung und Ausweisung von Industrie- und Gewerbefl\u00e4chen<\/a><\/p>\n<p><a href=\"https:\/\/cdu-kempen.de\/wp-content\/uploads\/2021\/04\/2021-04-28-CDU-Antrag-Instandsetzung-der-Treppenanlage-Feldweg-Wartsbergsiedlung.pdf\">2021-04-28 &#8211; CDU Antrag &#8211; Instandsetzung der Treppenanlage Feldweg-Wartsbergsiedlung<\/a><\/p>\n<p><a href=\"https:\/\/cdu-kempen.de\/wp-content\/uploads\/2021\/04\/2021-03-31-CDU-Antrag-Teilnahme-am-F\u00f6rderprogramm-Feuerwehrh\u00e4user-in-D\u00f6rfern-2022.pdf\">2021-03-31 &#8211; CDU Antrag &#8211; Teilnahme am F\u00f6rderprogramm &#8211; Feuerwehrh\u00e4user in D\u00f6rfern 2022<\/a><\/p>\n<p><a href=\"https:\/\/cdu-kempen.de\/wp-content\/uploads\/2021\/03\/2021-03-25-CDU-Corona-Modellkommune.pdf\">2021-03-25 &#8211; CDU Corona Modellkommune<\/a><\/p>\n<p><a href=\"https:\/\/cdu-kempen.de\/wp-content\/uploads\/2021\/03\/2021-03-22-CDU-Antrag-Auslobung-eines-Architektenwettbewerbs-zum-Neubau-eines-Schulgeb\u00e4udes-f\u00fcr-die-Gesamtschule-Kempen.pdf\">2021-03-22 &#8211; CDU Antrag &#8211; Auslobung eines Architektenwettbewerbs zum Neubau eines Schulgeb\u00e4udes f\u00fcr die Gesamtschule Kempen<\/a><\/p>\n<p><a href=\"https:\/\/cdu-kempen.de\/wp-content\/uploads\/2021\/03\/2021-03-17-CDU-Antrag-Entwicklung-eines-Strategiekonzepts-zur-Fachkr\u00e4ftesicherung-im-Sozial-und-Erziehungsdienst.pdf\">2021-03-17 &#8211; CDU Antrag &#8211; Entwicklung eines Strategiekonzepts zur Fachkr\u00e4ftesicherung im Sozial- und Erziehungsdienst<\/a><\/p>\n<p><a href=\"https:\/\/cdu-kempen.de\/wp-content\/uploads\/2021\/03\/2021-03-11-CDU-Antrag-Elternbeitr\u00e4ge-Aussetzen-der-dynamischen-Erh\u00f6hung-im-Kindergartenjahr-2021-2022.pdf\">2021-03-11 &#8211; CDU Antrag Elternbeitr\u00e4ge &#8211; Aussetzen der dynamischen Erh\u00f6hung im Kindergartenjahr 2021-2022<\/a><\/p>\n<p><a href=\"https:\/\/cdu-kempen.de\/wp-content\/uploads\/2021\/02\/2021-02-12-gemeinsamer-Antrag-Webseite-Kultur-in-Kempen.pdf\">2021-02-12 &#8211; gemeinsamer Antrag Webseite &#8211; Kultur in Kempen<\/a><\/p>\n<p><a href=\"https:\/\/cdu-kempen.de\/wp-content\/uploads\/2021\/01\/2021-01-10-CDU-Antrag-Sachstand-Radverkehrskonzept.pdf\">2021-01-10 &#8211; CDU Antrag &#8211; Sachstand Radverkehrskonzept<\/a><\/p>\n<p><a href=\"https:\/\/cdu-kempen.de\/wp-content\/uploads\/2021\/01\/2021-01-10-CDU-Antrag-Sachstand-Integriertes-kommunales-Klimaschutzkonzept.pdf\">2021-01-10 &#8211; CDU Antrag &#8211; Sachstand Integriertes kommunales Klimaschutzkonzept<\/a><\/p>\n<p><a href=\"https:\/\/cdu-kempen.de\/wp-content\/uploads\/2021\/01\/2021-01-10-CDU-Antrag-F\u00f6rderprogramm-Klimaresilienz-in-Kommunen.pdf\">2021-01-10 &#8211; CDU Antrag &#8211; F\u00f6rderprogramm Klimaresilienz in Kommunen<\/a><\/p>\n<p><a href=\"https:\/\/cdu-kempen.de\/wp-content\/uploads\/2021\/01\/2021-01-09-CDU-Anfrage-Sachstand-Personalbedarfskonzept-und-Personalentwicklungskonzept.pdf\">2021-01-09 &#8211; CDU Anfrage &#8211; Sachstand Personalbedarfskonzept und Personalentwicklungskonzept<\/a><\/p>\n<p><a href=\"https:\/\/cdu-kempen.de\/wp-content\/uploads\/2021\/01\/2021-01-09-CDU-Anfrage-Einrichtung-von-Stellen-nach-dem-Teilhabechancengesetz.pdf\">2021-01-09 &#8211; CDU Anfrage &#8211; Einrichtung von Stellen nach dem Teilhabechancengesetz<\/a><\/p>\n<p><a href=\"https:\/\/cdu-kempen.de\/wp-content\/uploads\/2020\/11\/2020-11-21-CDU-Anfrage-Nutzung-von-F\u00f6rdermitteln-f\u00fcr-Sportst\u00e4tten.pdf\">2020-11-21 &#8211; CDU Anfrage Nutzung von F\u00f6rdermitteln f\u00fcr Sportst\u00e4tten<\/a><\/p>\n<p><a href=\"https:\/\/cdu-kempen.de\/wp-content\/uploads\/2020\/08\/2020-08-21-CDU-Antrag-Mobile-Raumluftfilter-in-Schulen.pdf\">2020-08-21 &#8211; CDU Antrag Mobile Raumluftfilter in Schulen<\/a><\/p>\n<p><a href=\"https:\/\/cdu-kempen.de\/wp-content\/uploads\/2020\/08\/2020-08-20-CDU-Anfrage-Mittelabruf-DigitalPakt-Schule.pdf\">2020-08-20 &#8211; CDU Anfrage Mittelabruf DigitalPakt Schule<\/a><\/p>\n<p><a href=\"https:\/\/cdu-kempen.de\/wp-content\/uploads\/2020\/08\/2020-08-20-CDU-Anfrage-Nutzung-von-F\u00f6rdermitteln-f\u00fcr-Sportst\u00e4tten_Erg\u00e4nzung.pdf\">2020-08-20 &#8211; CDU Anfrage Nutzung von F\u00f6rdermitteln f\u00fcr Sportst\u00e4tten_Erg\u00e4nzung<\/a><\/p>\n<p><a href=\"https:\/\/cdu-kempen.de\/wp-content\/uploads\/2020\/08\/2020-08-08-CDU-Antrag-Erg\u00e4nzung-der-Tagesordnung-UPK-am-10.09.2020.docx\">2020-08-08 &#8211; CDU Antrag Erg\u00e4nzung der Tagesordnung UPK am 10.09.2020<\/a><\/p>\n<p><a href=\"https:\/\/cdu-kempen.de\/wp-content\/uploads\/2020\/07\/2020-07-25-CDU-Anfrage-Nutzung-von-F\u00f6rdermitteln-f\u00fcr-Sportst\u00e4tten.pdf\">2020-07-25 &#8211; CDU Anfrage Nutzung von F\u00f6rdermitteln f\u00fcr Sportst\u00e4tten<\/a><\/p>\n<p><a href=\"https:\/\/cdu-kempen.de\/wp-content\/uploads\/2020\/06\/2020-06-06-CDU-Antrag-Gefahrensituation-in-T\u00f6nisberg.pdf\">2020-06-06 &#8211; CDU Antrag Gefahrensituation in T\u00f6nisberg<\/a><\/p>\n<p><a href=\"https:\/\/cdu-kempen.de\/wp-content\/uploads\/2020\/02\/2020-02-03-CDU-Antrag-Neubau-einer-Sportanlage-und-Implementierung-der-infrastrukturellen-Weiterentwicklung-f\u00fcr-unsere-weiterf\u00fchren.pdf\">2020-02-03 &#8211; CDU Antrag Neubau einer Sportanlage und Implementierung der infrastrukturellen Weiterentwicklung f\u00fcr unsere weiterf\u00fchren<\/a><\/p>\n<p><a href=\"https:\/\/cdu-kempen.de\/wp-content\/uploads\/2019\/12\/2019-12-11-CDU-Antrag-BikeRide-Offensive-Bahnhof-Kempen-incl.-Flyer.pdf\">2019-12-11 &#8211; CDU Antrag Bike+Ride-Offensive Bahnhof Kempen incl. Flyer<\/a><\/p>\n<p><a href=\"https:\/\/cdu-kempen.de\/wp-content\/uploads\/2019\/12\/2019-12-08-gemeinsamer-Antrag-Ratsinformationssystem-SD.NET_.pdf\">2019-12-08 &#8211; gemeinsamer Antrag Ratsinformationssystem SD.NET<\/a><\/p>\n<p><a href=\"https:\/\/cdu-kempen.de\/wp-content\/uploads\/2019\/10\/2019-10-31-CDU-Antrag-Mitgliedschaft-im-Zukunftsnetz-Mobilit\u00e4t-NRW.pdf\">2019-10-31 &#8211; CDU Antrag Mitgliedschaft im Zukunftsnetz Mobilit\u00e4t NRW<\/a><\/p>\n<p><a href=\"https:\/\/cdu-kempen.de\/wp-content\/uploads\/2019\/10\/2019-10-31-CDU-Antrag-praxisintegrierte-Ausbildung-zum-staatl.-anerkannten-Erzieher.pdf\">2019-10-31 &#8211; CDU Antrag praxisintegrierte Ausbildung zum staatl. anerkannten Erzieher<\/a><\/p>\n<p><a href=\"https:\/\/cdu-kempen.de\/wp-content\/uploads\/2019\/10\/2019-10-25-CDU-Antrag-Forum-St.-Hubert-Bestuhlung-und-Technik.pdf\">2019-10-25 &#8211; CDU Antrag Forum St. Hubert &#8211; Bestuhlung und Technik<\/a><\/p>\n<p><a href=\"https:\/\/cdu-kempen.de\/wp-content\/uploads\/2019\/10\/2019-10-25-CDU-Antrag-Ladestationen-am-neuen-Rathaus-und-in-der-Tiefgarage.pdf\">2019-10-25 &#8211; CDU Antrag Ladestationen am neuen Rathaus und in der Tiefgarage<\/a><\/p>\n<p><a href=\"https:\/\/cdu-kempen.de\/wp-content\/uploads\/2019\/10\/2019-10-25-CDU-Antrag-Kempen-App.pdf\">2019-10-25 &#8211; CDU Antrag Kempen-App<\/a><\/p>\n<p><a href=\"https:\/\/cdu-kempen.de\/wp-content\/uploads\/2019\/10\/2019-10-04-CDU-Antrag-Elternbeitr\u00e4ge-Aussetzen-der-dynamischen-Erh\u00f6hung.pdf\">2019-10-04 &#8211; CDU Antrag Elternbeitr\u00e4ge &#8211; Aussetzen der dynamischen Erh\u00f6hung<\/a><\/p>\n<p><a href=\"https:\/\/cdu-kempen.de\/wp-content\/uploads\/2019\/10\/2019-10-04-CDU-Antrag-Oedter-Stra\u00dfe-Birkenallee-Berliner-Allee.pdf\">2019-10-04 &#8211; CDU Antrag Oedter Stra\u00dfe-Birkenallee-Berliner Allee<\/a><\/p>\n<p><a href=\"https:\/\/cdu-kempen.de\/wp-content\/uploads\/2019\/10\/2019-10-04-CDU-Antrag-Bergstra\u00dfe-Tempo-30-km.pdf\">2019-10-04 &#8211; CDU Antrag Bergstra\u00dfe Tempo 30 km<\/a><\/p>\n<p><a href=\"https:\/\/cdu-kempen.de\/wp-content\/uploads\/2019\/09\/CDU-Antrag-Masterplan-Klimaschutz.pdf\">CDU Antrag Masterplan Klimaschutz<\/a><\/p>\n<p><a href=\"https:\/\/cdu-kempen.de\/wp-content\/uploads\/2019\/08\/CDU-Antrag-Errichtung-eines-Fitness-Parcours-1.pdf\">CDU Antrag Errichtung eines Fitness-Parcours<\/a><\/p>\n<p><a href=\"https:\/\/cdu-kempen.de\/wp-content\/uploads\/2019\/07\/CDU-Antrag-Ausbildungsstellen-2020.pdf\">CDU Antrag Ausbildungsstellen 2020<\/a><\/p>\n<p><a href=\"https:\/\/cdu-kempen.de\/wp-content\/uploads\/2019\/07\/CDU-Antrag-Photovoltaik.pdf\">CDU Antrag Photovoltaik<\/a><\/p>\n<p><a href=\"https:\/\/cdu-kempen.de\/wp-content\/uploads\/2019\/06\/CDU-Antrag-Barrierefreies-Museum.pdf\">CDU Antrag Barrierefreies Museum<\/a><\/p>\n<p><a href=\"https:\/\/cdu-kempen.de\/wp-content\/uploads\/2019\/06\/CDU-Antrag-Nachpflanzungskonzept.pdf\">CDU Antrag Nachpflanzungskonzept<\/a><\/p>\n<p><a href=\"https:\/\/cdu-kempen.de\/wp-content\/uploads\/2019\/06\/CDU-Antrag-Broadcast.pdf\">CDU Antrag Broadcast<\/a><\/p>\n<p><a href=\"https:\/\/cdu-kempen.de\/wp-content\/uploads\/2019\/05\/CDU-Antrag-Grundst\u00fcck-Tennishalle.pdf\">CDU Antrag Grundst\u00fcck Tennishalle<\/a><\/p>\n<p><a href=\"https:\/\/cdu-kempen.de\/wp-content\/uploads\/2019\/03\/CDU-Antrag-Bauleitplanung-im-Kempener-Westen.pdf\">CDU Antrag Bauleitplanung im Kempener Westen<\/a><\/p>\n<p><a href=\"https:\/\/cdu-kempen.de\/wp-content\/uploads\/2019\/03\/CDU-Antrag-Fl\u00e4chennutzungsplan\u00e4nderung-f\u00fcr-Altenheim.pdf\">CDU Antrag Fl\u00e4chennutzungsplan\u00e4nderung f\u00fcr Altenheim<\/a><\/p>\n<p><a href=\"https:\/\/cdu-kempen.de\/wp-content\/uploads\/2019\/03\/CDU-Antrag-Wohnbauentwicklung-in-St.-Hubert.pdf\">CDU Antrag Wohnbauentwicklung in St. Hubert<\/a><\/p>\n<p><a href=\"https:\/\/cdu-kempen.de\/wp-content\/uploads\/2019\/02\/CDU-Anfrage-zur-Elternbeitragssatzung.pdf\">CDU Anfrage zur Elternbeitragssatzung<\/a><\/p>\n<p><a href=\"https:\/\/cdu-kempen.de\/wp-content\/uploads\/2019\/02\/CDU-Antrag-Landesgartenschau.pdf\">CDU Antrag Landesgartenschau<\/a><\/p>\n<p><a href=\"https:\/\/cdu-kempen.de\/wp-content\/uploads\/2018\/12\/CDU-Antrag-Schulentwicklung-im-Primarbereich.pdf\">CDU Antrag Schulentwicklung im Primarbereich<\/a><\/p>\n<p><a href=\"https:\/\/cdu-kempen.de\/wp-content\/uploads\/2018\/11\/CDU-Antrag-Stra\u00dfennamensursprung-digital.pdf\">CDU Antrag Stra\u00dfennamensursprung digital<\/a><\/p>\n<p><a href=\"https:\/\/cdu-kempen.de\/wp-content\/uploads\/2018\/11\/CDU-Antrag-Personalsituation-Kulturamt.pdf\">CDU Antrag Personalsituation Kulturamt<\/a><\/p>\n<p><a href=\"https:\/\/cdu-kempen.de\/wp-content\/uploads\/2018\/11\/CDU-Antrag-Park-and-Ride-Bahnhof.pdf\">CDU Antrag Park and Ride Bahnhof<\/a><\/p>\n<p><a href=\"https:\/\/cdu-kempen.de\/wp-content\/uploads\/2018\/10\/CDU-Antrag-Stellenplan-2019.pdf\">CDU Antrag Stellenplan 2019<\/a><\/p>\n<p><a href=\"https:\/\/cdu-kempen.de\/wp-content\/uploads\/2018\/10\/CDU-Antrag-Spielger\u00e4te-Kleinkinder.pdf\">CDU Antrag Spielger\u00e4te Kleinkinder<\/a><a href=\"https:\/\/cdu-kempen.de\/wp-content\/uploads\/2018\/10\/CDU-Antrag-Immobilie-Schmalbroich.pdf\">CDU<\/a><\/p>\n<p><a href=\"https:\/\/cdu-kempen.de\/wp-content\/uploads\/2018\/10\/CDU-Antrag-Immobilie-Schmalbroich.pdf\"> Antrag Immobilie Schmalbroich<\/a><\/p>\n<p><a href=\"https:\/\/cdu-kempen.de\/wp-content\/uploads\/2018\/06\/CDU-Antrag-Wohnmobilstellpl\u00e4tze.pdf\">CDU Antrag Wohnmobilstellpl\u00e4tze<\/a><\/p>\n<p><a href=\"https:\/\/cdu-kempen.de\/wp-content\/uploads\/2018\/06\/CDU-Antrag-Wirtschaftswege-Nutzung-und-Geschwindkeitsbegrenzung.pdf\">CDU Antrag Wirtschaftswege &#8211; Nutzung und Geschwindkeitsbegrenzung<\/a><\/p>\n<p><a href=\"https:\/\/cdu-kempen.de\/wp-content\/uploads\/2018\/06\/CDU-Antrag-Ausbau-der-Kita-Pl\u00e4tze.pdf\">CDU Antrag Ausbau der Kita-Pl\u00e4tze<\/a><\/p>\n<p><a href=\"https:\/\/cdu-kempen.de\/wp-content\/uploads\/2018\/05\/CDU-Antrag-Abendmarkt.pdf\">CDU Antrag Abendmarkt<\/a><\/p>\n<p><a href=\"http:\/\/cdu-kempen.de\/wp-content\/uploads\/2017\/11\/CDU-Anfrage-\u00f6ffentliches-WLAN-und-Hotspots.pdf\">CDU Anfrage \u00f6ffentliches WLAN und Hotspots<\/a><\/p>\n<p><a href=\"https:\/\/cdu-kempen.de\/wp-content\/uploads\/2018\/03\/CDU-Anfrage-\u00f6ffentliches-WLAN.pdf\">CDU Anfrage \u00f6ffentliches WLAN<\/a><\/p>\n<p><a href=\"https:\/\/cdu-kempen.de\/wp-content\/uploads\/2018\/03\/CDU-Antrag-Gewerbefl\u00e4chen.pdf\">CDU Antrag Gewerbefl\u00e4chen<\/a><br \/>[\/vc_column_text][\/vc_column][vc_column][\/vc_column][\/vc_row]<\/p>\n<p>[\/et_pb_text][\/et_pb_column][\/et_pb_row][\/et_pb_section]<\/p>\n","protected":false},"excerpt":{"rendered":"<p>2026-04-23 &#8211; CDU &#8211; Pr\u00fcfantrag GGS-OGS St_Hubert\u00a0 2026-04-02 &#8211; CDU-Antrag Resolution Erhalt Geburtshilfe Krankenhaus Kempen 2026-03-10 &#8211; gemeinsamer Pr\u00fcfantrag SPD CDU B\u00fcndnis90\/die Gr\u00fcnen FWK FDP &#8211; Marktplatz St. Hubert\u00a0 2026-03-06 &#8211; Memorandum zum Haushalt der Stadt Kempen von CDU, SPD, FWK und FDP 2026-03-06 &#8211; CDU-Antrag &#8211; Strategisches Standort- und Raumkonzept Stadt Kempen\u00a0\u00a0 2026-02-21 &#8211; [&hellip;]<\/p>\n","protected":false},"author":2,"featured_media":0,"parent":0,"menu_order":0,"comment_status":"closed","ping_status":"closed","template":"","meta":{"_et_pb_use_builder":"on","_et_pb_old_content":"<a href=\"https:\/\/cdu-kempen.de\/wp-content\/uploads\/2025\/03\/2025-03-05-CDU-Anfrage-Baubeginn-Spielplatz-Auf-dem-Zanger.pdf\">2025-03-05 - CDU Anfrage - Baubeginn Spielplatz Auf dem Zanger<\/a>\n\n<a href=\"https:\/\/cdu-kempen.de\/wp-content\/uploads\/2025\/02\/2025-02-15-CDU-Anfrage-Parkprobleme-auf-der-Wilhelm-Grobben-Strasse.pdf\">2025-02-15 - CDU Anfrage - Parkprobleme auf der Wilhelm-Grobben-Stra\u00dfe<\/a>\n\n<a href=\"https:\/\/cdu-kempen.de\/wp-content\/uploads\/2025\/02\/2025-02-09-CDU-Antrag-Neues-Konzept-fuer-den-Bau-einer-Tennishalle.pdf\">2025-02-09 - CDU Antrag - Neues Konzept f\u00fcr den Bau einer Tennishalle<\/a>\n\n<a href=\"https:\/\/cdu-kempen.de\/wp-content\/uploads\/2025\/02\/2025-02-08-CDU-Anfrage-Notwendige-Strukturinformationen-zu-Personalausgaben-u.-Stellenplaene-der-letzten-10-Jahre.pdf\">2025-02-08 - CDU Anfrage - Notwendige Strukturinformationen zu Personalausgaben u. Stellenpl\u00e4ne der letzten 10 Jahre<\/a>\n\n<a href=\"https:\/\/cdu-kempen.de\/wp-content\/uploads\/2025\/02\/2025-02-08-CDU-Antrag-Ansatz-von-Baumassnahmen.pdf\">2025-02-08 - CDU Antrag - Ansatz von Bauma\u00dfnahmen<\/a>\n\n<a href=\"https:\/\/cdu-kempen.de\/wp-content\/uploads\/2025\/02\/2025-02-08-CDU-Antrag-Begleitung-des-Konsolidierungsprozess-durch-die-oertliche-Rechnungspruefung.pdf\">2025-02-08 - CDU Antrag - Begleitung des Konsolidierungsprozess durch die \u00f6rtliche Rechnungspr\u00fcfung<\/a>\n\n<a href=\"https:\/\/cdu-kempen.de\/wp-content\/uploads\/2025\/02\/2025-02-08-CDU-Antrag-Effektivitaetsgewinne-durch-interkommunale-Zusammenarbeit-und-transparente-Kennzahlen-und-sachgemaesse-Budgetmittelzuordnung.pdf\">2025-02-08 - CDU Antrag - Effektivit\u00e4tsgewinne durch interkommunale Zusammenarbeit und transparente Kennzahlen und sachgem\u00e4\u00dfe Budgetmittelzuordnung<\/a>\n\n<a href=\"https:\/\/cdu-kempen.de\/wp-content\/uploads\/2025\/02\/2025-02-08-CDU-Antrag-Einfuehrung-eines-Moratoriums.pdf\">2025-02-08 - CDU Antrag - Einf\u00fchrung eines Moratoriums<\/a>\n\n<a href=\"https:\/\/cdu-kempen.de\/wp-content\/uploads\/2025\/02\/2025-02-03-CDU-Antrag-Zechengelaende-in-Toenisberg.pdf\">2025-02-03 - CDU Antrag - Zechengel\u00e4nde in T\u00f6nisberg<\/a>\n\n<a href=\"https:\/\/cdu-kempen.de\/wp-content\/uploads\/2025\/01\/2025-01-18-CDU-Antrag-Bahnuebergang-Kempen-1.pdf\">2025-01-18 - CDU Antrag - Bahn\u00fcbergang Kempen<\/a>\n\n<a href=\"https:\/\/cdu-kempen.de\/wp-content\/uploads\/2025\/01\/2025-01-14-CDU-Antrag-Einfuehrung-Bezahltkarte-fuer-Gefluechtete.pdf\">2025-01-14 - CDU Antrag - Einf\u00fchrung Bezahltkarte f\u00fcr Gefl\u00fcchtete<\/a>\n\n<a href=\"https:\/\/cdu-kempen.de\/wp-content\/uploads\/2024\/10\/2024-10-20-gemeinsamer-Antrag-CDU-FDP-FW-OeDP-Kempener-Westen.pdf\">2024-10-20 - gemeinsamer Antrag CDU FDP FW \u00d6DP - Kempener Westen<\/a>\n\n<a href=\"https:\/\/cdu-kempen.de\/wp-content\/uploads\/2024\/10\/2024-10-20-Anhang-I-Uebersicht-Mix-der-Bauformen.pdf\">2024-10-20 Anhang I - \u00dcbersicht Mix der Bauformen<\/a>\n\n<a href=\"https:\/\/cdu-kempen.de\/wp-content\/uploads\/2024\/10\/2024-10-20-Anhang-II-Vergleich-Aenderungen.pdf\">2024-10-20 Anhang II - Vergleich \u00c4nderungen<\/a>\n\n<a href=\"https:\/\/cdu-kempen.de\/wp-content\/uploads\/2024\/10\/2024-10-20-Anhang-III-Aenderungen.pdf\">2024-10-20 Anhang III - \u00c4nderungen<\/a>\n\n<a href=\"https:\/\/cdu-kempen.de\/wp-content\/uploads\/2024\/09\/2024-09-13-CDU-Antrag-Gesundheitsbericht.pdf\">2024-09-13 - CDU Antrag - Gesundheitsbericht<\/a>\n\n<a href=\"https:\/\/cdu-kempen.de\/wp-content\/uploads\/2024\/08\/2024-08-22-gemeinsamer-Antrag-CDU-FDP-FW-OeDP-Fahrradparkhaus.pdf\">2024-08-22 - gemeinsamer Antrag CDU, FDP, FW, \u00d6DP - Fahrradparkhaus<\/a>\n\n<a href=\"https:\/\/cdu-kempen.de\/wp-content\/uploads\/2024\/08\/2024-08-15-CDU-Antrag-Implementierung-Chatbot.pdf\">2024-08-15 - CDU Antrag - Implementierung Chatbot<\/a>\n\n<a href=\"https:\/\/cdu-kempen.de\/wp-content\/uploads\/2024\/08\/2024-08-03-CDU-Antrag-Pfandflaschenhalterungen.pdf\">2024-08-03 - CDU Antrag - Pfandflaschenhalterungen<\/a>\n\n<a href=\"https:\/\/cdu-kempen.de\/wp-content\/uploads\/2024\/07\/2024-07-25-CDU-Antrag-Konzept-Fahrradparkhaus.pdf\">2024-07-25 - CDU Antrag - Konzept Fahrradparkhaus<\/a>\n\n<a href=\"https:\/\/cdu-kempen.de\/wp-content\/uploads\/2024\/07\/2024-07-22-CDU-Anfrage-Hundewiese.pdf\">2024-07-22 - CDU Anfrage - Hundewiese<\/a>\n\n<a href=\"https:\/\/cdu-kempen.de\/wp-content\/uploads\/2024\/07\/2024-07-04-CDU-Antrag-Fete-de-la-Musique.pdf\">2024-07-04 - CDU Antrag - Fete de la Musique<\/a>\n\n<a href=\"https:\/\/cdu-kempen.de\/wp-content\/uploads\/2024\/06\/2024-06-06-CDU-Anfrage-Wirtschaftsausschuss_Ruecklaeufige-Tourismuszahlen.pdf\">2024-06-06 - CDU Anfrage - Wirtschaftsausschuss_R\u00fcckl\u00e4ufige Tourismuszahlen<\/a>\n\n<a href=\"https:\/\/cdu-kempen.de\/wp-content\/uploads\/2024\/06\/2024-06-06-CDU-Anfrage-Wirtschaftsausschuss_Investitionsfoerderung.pdf\">2024-06-06 - CDU Anfrage - Wirtschaftsausschuss_Investitionsf\u00f6rderung<\/a>\n\n<a href=\"https:\/\/cdu-kempen.de\/wp-content\/uploads\/2024\/05\/2024-05-22-CDU-Antrag-Tennishalle_Entscheidung.pdf\">2024-05-22 - CDU Antrag - Tennishalle_Entscheidung<\/a>\n\n<a href=\"https:\/\/cdu-kempen.de\/wp-content\/uploads\/2024\/04\/2024-04-28-CDU-Antrag-historische-Bilder-fuer-die-Kempener-Innenstadt.pdf\">2024-04-28 - CDU Antrag - historische Bilder f\u00fcr die Kempener Innenstadt<\/a>\n\n<a href=\"https:\/\/cdu-kempen.de\/wp-content\/uploads\/2024\/04\/2024-04-17-CDU-Antrag-Ausbau-der-Kinderbetreuung.pdf\">2024-04-17 - CDU Antrag - Ausbau der Kinderbetreuung<\/a>\n\n<a href=\"https:\/\/cdu-kempen.de\/wp-content\/uploads\/2024\/04\/2024-04-17-CDU-Anfrage-KI-in-der-Verwaltung.pdf\">2024-04-17 - CDU Anfrage - KI in der Verwaltung<\/a>\n\n<a href=\"https:\/\/cdu-kempen.de\/wp-content\/uploads\/2024\/04\/2024-04-09-CDU-Antrag-Optimierung-der-Parksituation-im-Wandergebiet-Schadbruch.pdf\">2024-04-09 - CDU Antrag - Optimierung der Parksituation im Wandergebiet Schadbruch<\/a>\n\n<a href=\"https:\/\/cdu-kempen.de\/wp-content\/uploads\/2024\/02\/2024-02-25-gemeinsamer-Antrag-CDU-SPD-FDP-FW-OeDP-Priorisierung-von-geplanten-Investitionsprojekten.pdf\">2024-02-25 - gemeinsamer Antrag CDU, SPD, FDP, FW, \u00d6DP - Priorisierung von geplanten Investitionsprojekten<\/a>\n\n<a href=\"https:\/\/cdu-kempen.de\/wp-content\/uploads\/2024\/02\/2024-02-22-CDU-Anfrage-Status-quo-und-zukuenftige-Vorgehensweise-Tennishalle.pdf\">2024-02-22 - CDU Anfrage - Status quo und zuk\u00fcnftige Vorgehensweise Tennishalle<\/a>\n\n<a href=\"https:\/\/cdu-kempen.de\/wp-content\/uploads\/2024\/02\/2024-02-19-gemeinsamer-Antrag-CDU-u.-FDP-Implementierung-\u201eAmt-O-Mat-System.pdf\">2024-02-19 - gemeinsamer Antrag CDU u. FDP - Implementierung \u201eAmt-O-Mat\u201c-System<\/a>\n\n<a href=\"https:\/\/cdu-kempen.de\/wp-content\/uploads\/2024\/02\/2024-02-18-CDU-Antrag-Investitionsfoerderung-fuer-lebendige-Doerfer.pdf\">2024-02-18 - CDU Antrag - Investitionsf\u00f6rderung f\u00fcr lebendige D\u00f6rfer<\/a>\n\n<a href=\"https:\/\/cdu-kempen.de\/wp-content\/uploads\/2024\/01\/2024-01-28-CDU-Anfrage-Personalaufwendungen.pdf\">2024-01-28 - CDU Anfrage - Personalaufwendungen<\/a>\n\n<a href=\"https:\/\/cdu-kempen.de\/wp-content\/uploads\/2023\/12\/2023-12-10-CDU-Anfrage-Benennung-von-Strassennamen.pdf\">2023-12-10 - CDU Anfrage - Benennung von Stra\u00dfennamen<\/a>\n\n<a href=\"https:\/\/cdu-kempen.de\/wp-content\/uploads\/2023\/11\/2023-11-22-CDU-Anfrage-KTF-und-WSF.pdf\">2023-11-22 - CDU Anfrage - KTF und WSF<\/a>\n\n<a href=\"https:\/\/cdu-kempen.de\/wp-content\/uploads\/2023\/11\/2023-11-22-CDU-Antrag-Touristensteuer.pdf\">2023-11-22 - CDU Antrag - Touristensteuer<\/a>\n\n<a href=\"https:\/\/cdu-kempen.de\/wp-content\/uploads\/2023\/11\/2023-11-22-CDU-Antrag-Tag-der-Rettungskraefte.pdf\">2023-11-22 - CDU Antrag - Tag der Rettungskr\u00e4fte<\/a>\n\n<a href=\"https:\/\/cdu-kempen.de\/wp-content\/uploads\/2023\/11\/2023-11-10-CDU-Antrag-Radverkehrskonzept.pdf\">2023-11-10 - CDU Antrag - Radverkehrskonzept<\/a>\n\n<a href=\"https:\/\/cdu-kempen.de\/wp-content\/uploads\/2023\/11\/2023-11-02-CDU-Anfrage-Kulturamt-Jahresflyer.pdf\">2023-11-02 - CDU Anfrage - Kulturamt - Jahresflyer<\/a>\n\n<a href=\"https:\/\/cdu-kempen.de\/wp-content\/uploads\/2023\/11\/2023-11-01-CDU-Anfrage-Personalausschuss-Ausbildungstellen.pdf\">2023-11-01 - CDU Anfrage - Personalausschuss - Ausbildungstellen<\/a>\n\n<a href=\"https:\/\/cdu-kempen.de\/wp-content\/uploads\/2023\/11\/2023-10-30-CDU-Anfrage-Konsolidierung-Haushalt-2024.pdf\">2023-10-30 - CDU Anfrage - Konsolidierung Haushalt 2024<\/a>\n\n<a href=\"https:\/\/cdu-kempen.de\/wp-content\/uploads\/2023\/10\/2023-10-27-CDU-Antrag-Erweiterung-Gewerbeflaeche-Toenisberg.pdf\">2023-10-27 - CDU Antrag - Erweiterung Gewerbefl\u00e4che T\u00f6nisberg<\/a>\n\n<a href=\"https:\/\/cdu-kempen.de\/wp-content\/uploads\/2023\/10\/2023-10-27-CDU-Antrag-Erweiterung-Hoensbroechstrasse.pdf\">2023-10-27 - CDU Antrag - Erweiterung Hoensbroechstra\u00dfe<\/a>\n\n<a href=\"https:\/\/cdu-kempen.de\/wp-content\/uploads\/2023\/10\/2023-10-27-gemeinsamer-Antrag-CDU-u.-Buendnis90-Die-Gruenen-Zusammenlegung-Kultur-Tourismus-1.pdf\">2023-10-27 - gemeinsamer Antrag CDU u. B\u00fcndnis90 Die Gr\u00fcnen - Zusammenlegung Kultur Tourismus<\/a>\n\n<a href=\"https:\/\/cdu-kempen.de\/wp-content\/uploads\/2023\/09\/2023-09-24-CDU-Antrag-Sicherung-der-Qualitaet-der-Kempener-Innenstadt.pdf\">2023-09-24 - CDU Antrag - Sicherung der Qualit\u00e4t der Kempener Innenstadt<\/a>\n\n<a href=\"https:\/\/cdu-kempen.de\/wp-content\/uploads\/2023\/09\/2023-09-20-CDU-Antrag-Erweiterung-der-Hundekotbeutelstationen.pdf\">2023-09-20 - CDU Antrag - Erweiterung der Hundekotbeutelstationen<\/a>\n\n<a href=\"https:\/\/cdu-kempen.de\/wp-content\/uploads\/2023\/09\/2023-09-15-CDU-Anfrage-Teilnahme-an-Ausbildungsmesse-Gesamtschule-Kempen.pdf\">2023-09-15 - CDU Anfrage - Teilnahme an Ausbildungsmesse Gesamtschule Kempen<\/a>\n\n<a href=\"https:\/\/cdu-kempen.de\/wp-content\/uploads\/2023\/09\/2023-09-07-CDU-Anfrage-Wartezeiten-an-den-Bahnuebergaengen.pdf\">2023-09-07 - CDU Anfrage - Wartezeiten an den Bahn\u00fcberg\u00e4ngen<\/a>\n\n<a href=\"https:\/\/cdu-kempen.de\/wp-content\/uploads\/2023\/09\/2023-09-04-CDU-Anfrage-Sachstand-1.-OG-Kulturforum.pdf\">2023-09-04 - CDU Anfrage - Sachstand 1. OG Kulturforum<\/a>\n\n<a href=\"https:\/\/cdu-kempen.de\/wp-content\/uploads\/2023\/09\/2023-09-04-CDU-Antrag-Schule-Kita-Toenisberg.pdf\">2023-09-04 - CDU Antrag - Schule Kita T\u00f6nisberg<\/a>\n\n<a href=\"https:\/\/cdu-kempen.de\/wp-content\/uploads\/2023\/09\/2023-08-31-gemeinsamer-Antrag-Reinigung-an-Kempener-Schulen.pdf\">2023-08-31 - gemeinsamer Antrag - Reinigung an Kempener Schulen<\/a>\n\n<a href=\"https:\/\/cdu-kempen.de\/wp-content\/uploads\/2023\/08\/2023-08-02-CDU-Anfrage-Ladeinfrastruktur-E-Bikes.pdf\">2023-08-02 - CDU Anfrage - Ladeinfrastruktur E-Bikes<\/a>\n\n<a href=\"https:\/\/cdu-kempen.de\/wp-content\/uploads\/2023\/07\/2023-07-25-CDU-Anfrage-Laden-und-Kneipensterben-in-Kempen.pdf\">2023-07-25 - CDU Anfrage - Laden- und Kneipensterben in Kempen<\/a>\n\n<a href=\"https:\/\/cdu-kempen.de\/wp-content\/uploads\/2023\/07\/2023-07-19-CDU-Antrag-Gesamtkonzept-Kempener-Bahnhof.pdf\">2023-07-19 - CDU Antrag - Gesamtkonzept Kempener Bahnhof<\/a>\n\n<a href=\"https:\/\/cdu-kempen.de\/wp-content\/uploads\/2023\/07\/2023-07-12-CDU-Antrag-Kampagne-Ruecksicht-macht-Wege-breit-auf-staedtischen-Feld-u.-Wirtschaftswegen.pdf\">2023-07-12 - CDU Antrag - Kampagne R\u00fccksicht macht Wege breit auf st\u00e4dtischen Feld- u. Wirtschaftswegen<\/a>\n\n<a href=\"https:\/\/cdu-kempen.de\/wp-content\/uploads\/2023\/07\/2023-07-05-CDU-Antrag-Radverkehr-auf-dem-Brahmsweg-Sicherung-der-Querungen-durch-farbliche-Markierungen.pdf\">2023-07-05 - CDU Antrag - Radverkehr auf dem Brahmsweg - Sicherung der Querungen durch farbliche Markierungen<\/a>\n\n<a href=\"https:\/\/cdu-kempen.de\/wp-content\/uploads\/2023\/06\/2023-06-28-CDU-Antrag-Radverkehr-Sicherung-der-Querungen-der-Hauptverbindungen-durch-farbliche-Markierungen.pdf\">2023-06-28 - CDU Antrag - Radverkehr - Sicherung der Querungen der Hauptverbindungen durch farbliche Markierungen<\/a>\n\n<a href=\"https:\/\/cdu-kempen.de\/wp-content\/uploads\/2023\/06\/2023-06-20-CDU-Antrag-Konzept-zur-Gewaltpraevention-fuer-Kinder-und-Jugendliche.pdf\">2023-06-20 - CDU Antrag - Konzept zur Gewaltpr\u00e4vention f\u00fcr Kinder und Jugendliche<\/a>\n\n<a href=\"https:\/\/cdu-kempen.de\/wp-content\/uploads\/2023\/09\/2023-06-08-CDU-Anfrage-Zustand-der-Unterkuenfte-fuer-Gefluechtete.pdf\">2023-06-08 - CDU Anfrage - Zustand der Unterk\u00fcnfte f\u00fcr Gefl\u00fcchtete<\/a>\n\n<a href=\"https:\/\/cdu-kempen.de\/wp-content\/uploads\/2023\/06\/2023-06-07-CDU-Antrag-Konzept-fuer-E-Ladesaeulen-in-Kempen.pdf\">2023-06-07 - CDU Antrag - Konzept f\u00fcr E-Lades\u00e4ulen in Kempen<\/a>\n\n<a href=\"https:\/\/cdu-kempen.de\/wp-content\/uploads\/2024\/06\/2023-05-03-CDU-Anfrage-Tauben-Altstadt.pdf\">2023-05-03 - CDU Anfrage - Tauben Altstadt<\/a>\n\n<a href=\"https:\/\/cdu-kempen.de\/wp-content\/uploads\/2023\/03\/2023-03-17-CDU-Antrag-Grundstuecksangelegenheiten-i.-S.-Polizeiwache.pdf\">2023-03-17 - CDU Antrag - Grundst\u00fccksangelegenheiten i. S. Polizeiwache<\/a>\n\n<a href=\"https:\/\/cdu-kempen.de\/wp-content\/uploads\/2023\/02\/2023-02-27-CDU-Antrag-Ergebnisse-der-Studie-Vitale-Innenstaedte-2022.pdf\">2023-02-27 - CDU Antrag - Ergebnisse der Studie - Vitale Innenst\u00e4dte 2022<\/a>\n\n<a href=\"https:\/\/cdu-kempen.de\/wp-content\/uploads\/2023\/02\/2023-02-24-CDU-Antrag-Pruefauftrag-fuer-den-PLA_Bauvorhaben-des-Kreises-Viersen-am-Rhein-Maas-Berufskolleg-in-Kempen.pdf\">2023-02-24 - CDU Antrag - Pr\u00fcfauftrag f\u00fcr den PLA_Bauvorhaben des Kreises Viersen am Rhein-Maas Berufskolleg in Kempen<\/a>\n\n<a href=\"https:\/\/cdu-kempen.de\/wp-content\/uploads\/2023\/02\/2023-02-08-CDU-Antrag-Aenderung-der-Elternbeitraege.pdf\">2023-02-08 - CDU Antrag - \u00c4nderung der Elternbeitr\u00e4ge<\/a>\n\n<a href=\"https:\/\/cdu-kempen.de\/wp-content\/uploads\/2023\/02\/2023-02-06-CDU-Antrag-Hospiz-und-Palliativversorgung.pdf\">2023-02-06 - CDU Antrag - Hospiz- und Palliativversorgung<\/a>\n\n<a href=\"https:\/\/cdu-kempen.de\/wp-content\/uploads\/2023\/01\/2023-01-11-CDU-Antrag-Tag-des-Blaulichts-an-Kempener-Schulen-1.pdf\">2023-01-11 - CDU Antrag - Tag des Blaulichts an Kempener Schulen<\/a>\n\n<a href=\"https:\/\/cdu-kempen.de\/wp-content\/uploads\/2022\/11\/2022-11-16-CDU-Antrag-Sitzbaenke-mit-Notfallschild-und-Standortnummerierung.pdf\">2022-11-16 - CDU Antrag - Sitzb\u00e4nke mit Notfallschild und Standortnummerierung<\/a>\n\n<a href=\"https:\/\/cdu-kempen.de\/wp-content\/uploads\/2022\/11\/2022-11-16-CDU-Antrag-Tennishalle.pdf\">2022-11-16 - CDU Antrag - Tennishalle<\/a>\n\n<a href=\"https:\/\/cdu-kempen.de\/wp-content\/uploads\/2022\/11\/2022-11-03-CDU-Antrag-Beleuchtung-auf-der-Schauteshuette.pdf\">2022-11-03 - CDU Antrag - Beleuchtung auf der Schautesh\u00fctte<\/a>\n\n<a href=\"https:\/\/cdu-kempen.de\/wp-content\/uploads\/2022\/10\/2022-09-29-CDU-Antrag-Anpflanzung-weiterer-Baeume-auf-der-Spielplatz-und-Gruenflaeche-An-der-Kreuzkapelle.pdf\">2022-09-29 - CDU Antrag - Anpflanzung weiterer B\u00e4ume auf der Spielplatz- und Gr\u00fcnfl\u00e4che An der Kreuzkapelle<\/a>\n\n<a href=\"https:\/\/cdu-kempen.de\/wp-content\/uploads\/2022\/08\/2022-08-27-CDU-Antrag-Mauersockel-und-Eisenzaun-am-Thomaeum.pdf\">2022-08-27 - CDU Antrag - Mauersockel und Eisenzaun am Thomaeum<\/a>\n\n<a href=\"https:\/\/cdu-kempen.de\/wp-content\/uploads\/2022\/08\/2022-08-17-CDU-Antrag-Energiesparen-1.pdf\">2022-08-17 - CDU Antrag - Energiesparen<\/a>\n\n<a href=\"https:\/\/cdu-kempen.de\/wp-content\/uploads\/2022\/08\/2022-08-01-CDU-Antrag-FSJ-Kultur.pdf\">2022-08-01 - CDU Antrag - FSJ Kultur<\/a>\n\n<a href=\"https:\/\/cdu-kempen.de\/wp-content\/uploads\/2022\/08\/2022-07-31-CDU-Antrag-Vorbereitung-auf-den-demografischen-Wandel.pdf\">2022-07-31 - CDU Antrag - Vorbereitung auf den demografischen Wandel<\/a>\n\n<a href=\"https:\/\/cdu-kempen.de\/wp-content\/uploads\/2022\/06\/2022-06-09-gemeinsamer-Antrag-Klimaschutzingenieur.pdf\">2022-06-09 - gemeinsamer Antrag - Klimaschutzingenieur<\/a>\n\n<a href=\"https:\/\/cdu-kempen.de\/wp-content\/uploads\/2022\/06\/2022-06-09-gemeinsamer-Antrag-Modalsperre-Ludwig-Jahn-Stra\u00dfe_D\u00e4mkesweg.pdf\">2022-06-09 - gemeinsamer Antrag - Modalsperre Ludwig-Jahn-Stra\u00dfe_D\u00e4mkesweg<\/a>\n\n<a href=\"https:\/\/cdu-kempen.de\/wp-content\/uploads\/2022\/05\/2022-05-28-CDU-Antrag-ausreichende-Park-Ride-Angebote.pdf\">2022-05-28 - CDU Antrag - ausreichende Park &amp; Ride Angebote<\/a>\n\n<a href=\"https:\/\/cdu-kempen.de\/wp-content\/uploads\/2022\/06\/2022-05-19-gemeinsame-Anfrage-TaxiBus-Linie-065-Kempen-T\u00f6nisberg.pdf\">2022-05-19 - gemeinsame Anfrage - TaxiBus-Linie 065 Kempen-T\u00f6nisberg<\/a>\n\n<a href=\"https:\/\/cdu-kempen.de\/wp-content\/uploads\/2022\/02\/2022-02-16-CDU-Antrag-Bildungspartnerschaft-Schule-und-Kultur-1.pdf\">2022-02-16 - CDU Antrag - Bildungspartnerschaft Schule und Kultur<\/a>\n\n<a href=\"https:\/\/cdu-kempen.de\/wp-content\/uploads\/2022\/02\/2022-02-16-CDU-Antrag-Erstellung-eines-Jahresflyers.pdf\">2022-02-16 - CDU Antrag - Erstellung eines Jahresflyers<\/a>\n\n<a href=\"https:\/\/cdu-kempen.de\/wp-content\/uploads\/2022\/02\/2022-02-03-CDU-Antrag-E-Auto-Ladestation.pdf\">2022-02-03 - CDU-Antrag E-Auto-Ladestation<\/a>\n\n<a href=\"https:\/\/cdu-kempen.de\/wp-content\/uploads\/2022\/02\/2022-02-03-CDU-Antrag-TOP-Weihnachtsmarkt-im-Ordnungsausschuss-am-07.03.2022.pdf\">2022-02-03 - CDU-Antrag TOP Weihnachtsmarkt im Ordnungsausschuss am 07.03.2022<\/a>\n\n<a href=\"https:\/\/cdu-kempen.de\/wp-content\/uploads\/2022\/02\/2022-02-03-CDU-Schriftliche-Anfrage-PLA-14.02.2022-1.pdf\">2022-02-03 - CDU-Schriftliche Anfrage PLA 14.02.2022<\/a>\n\n<a href=\"https:\/\/cdu-kempen.de\/wp-content\/uploads\/2022\/01\/2022-01-19-CDU-Antrag-Fachnetzwerk-F\u00f6rdermittelakquise.pdf\">2022-01-19 - CDU-Antrag Fachnetzwerk F\u00f6rdermittelakquise<\/a>\n\n<a href=\"https:\/\/cdu-kempen.de\/wp-content\/uploads\/2022\/01\/2022-01-06-CDU-Antrag-Tennishalle.pdf\">2022-01-06 - CDU-Antrag Tennishalle<\/a>\n\n<a href=\"https:\/\/cdu-kempen.de\/wp-content\/uploads\/2022\/02\/2021-10-03-CDU-Antrag-Beru\u0308cksichtigung-der-GPA-Feststellungen.pdf\">2021-10-03 - CDU Antrag - Beru\u0308cksichtigung der GPA-Feststellungen<\/a>\n\n<a href=\"https:\/\/cdu-kempen.de\/wp-content\/uploads\/2022\/02\/2021-09-20-CDU-Antrag-Zeitnahe-Nachbesetzung-von-sensiblen-Stellen.pdf\">2021-09-20 - CDU Antrag - Zeitnahe Nachbesetzung von sensiblen Stellen<\/a>\n\n<a href=\"https:\/\/cdu-kempen.de\/wp-content\/uploads\/2021\/09\/2021-09-15-CDU-Antrag-Rechtsanspruch-auf-Ganztagsbetreuung.pdf\">2021-09-15 - CDU Antrag - Rechtsanspruch auf Ganztagsbetreuung<\/a>\n\n<a href=\"https:\/\/cdu-kempen.de\/wp-content\/uploads\/2021\/09\/2021-09-01-CDU-Antrag-Anpflanzung-B\u00e4ume-Gr\u00fcnanger.pdf\">2021-09-01 - CDU Antrag - Anpflanzung B\u00e4ume Gr\u00fcnanger<\/a>\n\n<a href=\"https:\/\/cdu-kempen.de\/wp-content\/uploads\/2021\/08\/2021-08-13-CDU-Antrag-Photovoltaik.pdf\">2021-08-13 - CDU-Antrag - Photovoltaik<\/a>\n\n<a href=\"https:\/\/cdu-kempen.de\/wp-content\/uploads\/2021\/08\/2021-08-10-CDU-Anfrage-Weiterentwicklung-Kita-Spatzennest-Eibenweg.pdf\">2021-08-10 - CDU-Anfrage - Weiterentwicklung Kita Spatzennest Eibenweg<\/a>\n\n<a href=\"https:\/\/cdu-kempen.de\/wp-content\/uploads\/2021\/08\/2021-08-10-CDU-Anfrage-Spielplatz-Rosenstra\u00dfe-Nelkenstra\u00dfe.pdf\">2021-08-10 - CDU-Anfrage - Spielplatz Rosenstra\u00dfe-Nelkenstra\u00dfe<\/a>\n\n<a href=\"https:\/\/cdu-kempen.de\/wp-content\/uploads\/2021\/10\/2021-06-23-CDU-Antrag-Hundewiese.pdf\">2021-06-23 - CDU Antrag - Hundewiese<\/a>\n\n<a href=\"https:\/\/cdu-kempen.de\/wp-content\/uploads\/2021\/05\/2021-04-29-CDU-Antrag-Weiterentwicklung-To\u0308nisberg.pdf\">2021-04-29 - CDU-Antrag - Weiterentwicklung To\u0308nisberg<\/a>\n\n<a href=\"https:\/\/cdu-kempen.de\/wp-content\/uploads\/2021\/04\/2021-04-28-CDU-Antrag-Entwicklung-und-Ausweisung-von-Industrie-und-Gewerbefl\u00e4chen.pdf\">2021-04-28 - CDU Antrag - Entwicklung und Ausweisung von Industrie- und Gewerbefl\u00e4chen<\/a>\n\n<a href=\"https:\/\/cdu-kempen.de\/wp-content\/uploads\/2021\/04\/2021-04-28-CDU-Antrag-Instandsetzung-der-Treppenanlage-Feldweg-Wartsbergsiedlung.pdf\">2021-04-28 - CDU Antrag - Instandsetzung der Treppenanlage Feldweg-Wartsbergsiedlung<\/a>\n\n<a href=\"https:\/\/cdu-kempen.de\/wp-content\/uploads\/2021\/04\/2021-03-31-CDU-Antrag-Teilnahme-am-F\u00f6rderprogramm-Feuerwehrh\u00e4user-in-D\u00f6rfern-2022.pdf\">2021-03-31 - CDU Antrag - Teilnahme am F\u00f6rderprogramm - Feuerwehrh\u00e4user in D\u00f6rfern 2022<\/a>\n\n<a href=\"https:\/\/cdu-kempen.de\/wp-content\/uploads\/2021\/03\/2021-03-25-CDU-Corona-Modellkommune.pdf\">2021-03-25 - CDU Corona Modellkommune<\/a>\n\n<a href=\"https:\/\/cdu-kempen.de\/wp-content\/uploads\/2021\/03\/2021-03-22-CDU-Antrag-Auslobung-eines-Architektenwettbewerbs-zum-Neubau-eines-Schulgeb\u00e4udes-f\u00fcr-die-Gesamtschule-Kempen.pdf\">2021-03-22 - CDU Antrag - Auslobung eines Architektenwettbewerbs zum Neubau eines Schulgeb\u00e4udes f\u00fcr die Gesamtschule Kempen<\/a>\n\n<a href=\"https:\/\/cdu-kempen.de\/wp-content\/uploads\/2021\/03\/2021-03-17-CDU-Antrag-Entwicklung-eines-Strategiekonzepts-zur-Fachkr\u00e4ftesicherung-im-Sozial-und-Erziehungsdienst.pdf\">2021-03-17 - CDU Antrag - Entwicklung eines Strategiekonzepts zur Fachkr\u00e4ftesicherung im Sozial- und Erziehungsdienst<\/a>\n\n<a href=\"https:\/\/cdu-kempen.de\/wp-content\/uploads\/2021\/03\/2021-03-11-CDU-Antrag-Elternbeitr\u00e4ge-Aussetzen-der-dynamischen-Erh\u00f6hung-im-Kindergartenjahr-2021-2022.pdf\">2021-03-11 - CDU Antrag Elternbeitr\u00e4ge - Aussetzen der dynamischen Erh\u00f6hung im Kindergartenjahr 2021-2022<\/a>\n\n<a href=\"https:\/\/cdu-kempen.de\/wp-content\/uploads\/2021\/02\/2021-02-12-gemeinsamer-Antrag-Webseite-Kultur-in-Kempen.pdf\">2021-02-12 - gemeinsamer Antrag Webseite - Kultur in Kempen<\/a>\n\n<a href=\"https:\/\/cdu-kempen.de\/wp-content\/uploads\/2021\/01\/2021-01-10-CDU-Antrag-Sachstand-Radverkehrskonzept.pdf\">2021-01-10 - CDU Antrag - Sachstand Radverkehrskonzept<\/a>\n\n<a href=\"https:\/\/cdu-kempen.de\/wp-content\/uploads\/2021\/01\/2021-01-10-CDU-Antrag-Sachstand-Integriertes-kommunales-Klimaschutzkonzept.pdf\">2021-01-10 - CDU Antrag - Sachstand Integriertes kommunales Klimaschutzkonzept<\/a>\n\n<a href=\"https:\/\/cdu-kempen.de\/wp-content\/uploads\/2021\/01\/2021-01-10-CDU-Antrag-F\u00f6rderprogramm-Klimaresilienz-in-Kommunen.pdf\">2021-01-10 - CDU Antrag - F\u00f6rderprogramm Klimaresilienz in Kommunen<\/a>\n\n<a href=\"https:\/\/cdu-kempen.de\/wp-content\/uploads\/2021\/01\/2021-01-09-CDU-Anfrage-Sachstand-Personalbedarfskonzept-und-Personalentwicklungskonzept.pdf\">2021-01-09 - CDU Anfrage - Sachstand Personalbedarfskonzept und Personalentwicklungskonzept<\/a>\n\n<a href=\"https:\/\/cdu-kempen.de\/wp-content\/uploads\/2021\/01\/2021-01-09-CDU-Anfrage-Einrichtung-von-Stellen-nach-dem-Teilhabechancengesetz.pdf\">2021-01-09 - CDU Anfrage - Einrichtung von Stellen nach dem Teilhabechancengesetz<\/a>\n\n<a href=\"https:\/\/cdu-kempen.de\/wp-content\/uploads\/2020\/11\/2020-11-21-CDU-Anfrage-Nutzung-von-F\u00f6rdermitteln-f\u00fcr-Sportst\u00e4tten.pdf\">2020-11-21 - CDU Anfrage Nutzung von F\u00f6rdermitteln f\u00fcr Sportst\u00e4tten<\/a>\n\n<a href=\"https:\/\/cdu-kempen.de\/wp-content\/uploads\/2020\/08\/2020-08-21-CDU-Antrag-Mobile-Raumluftfilter-in-Schulen.pdf\">2020-08-21 - CDU Antrag Mobile Raumluftfilter in Schulen<\/a>\n\n<a href=\"https:\/\/cdu-kempen.de\/wp-content\/uploads\/2020\/08\/2020-08-20-CDU-Anfrage-Mittelabruf-DigitalPakt-Schule.pdf\">2020-08-20 - CDU Anfrage Mittelabruf DigitalPakt Schule<\/a>\n\n<a href=\"https:\/\/cdu-kempen.de\/wp-content\/uploads\/2020\/08\/2020-08-20-CDU-Anfrage-Nutzung-von-F\u00f6rdermitteln-f\u00fcr-Sportst\u00e4tten_Erg\u00e4nzung.pdf\">2020-08-20 - CDU Anfrage Nutzung von F\u00f6rdermitteln f\u00fcr Sportst\u00e4tten_Erg\u00e4nzung<\/a>\n\n<a href=\"https:\/\/cdu-kempen.de\/wp-content\/uploads\/2020\/08\/2020-08-08-CDU-Antrag-Erg\u00e4nzung-der-Tagesordnung-UPK-am-10.09.2020.docx\">2020-08-08 - CDU Antrag Erg\u00e4nzung der Tagesordnung UPK am 10.09.2020<\/a>\n\n<a href=\"https:\/\/cdu-kempen.de\/wp-content\/uploads\/2020\/07\/2020-07-25-CDU-Anfrage-Nutzung-von-F\u00f6rdermitteln-f\u00fcr-Sportst\u00e4tten.pdf\">2020-07-25 - CDU Anfrage Nutzung von F\u00f6rdermitteln f\u00fcr Sportst\u00e4tten<\/a>\n\n<a href=\"https:\/\/cdu-kempen.de\/wp-content\/uploads\/2020\/06\/2020-06-06-CDU-Antrag-Gefahrensituation-in-T\u00f6nisberg.pdf\">2020-06-06 - CDU Antrag Gefahrensituation in T\u00f6nisberg<\/a>\n\n<a href=\"https:\/\/cdu-kempen.de\/wp-content\/uploads\/2020\/02\/2020-02-03-CDU-Antrag-Neubau-einer-Sportanlage-und-Implementierung-der-infrastrukturellen-Weiterentwicklung-f\u00fcr-unsere-weiterf\u00fchren.pdf\">2020-02-03 - CDU Antrag Neubau einer Sportanlage und Implementierung der infrastrukturellen Weiterentwicklung f\u00fcr unsere weiterf\u00fchren<\/a>\n\n<a href=\"https:\/\/cdu-kempen.de\/wp-content\/uploads\/2019\/12\/2019-12-11-CDU-Antrag-BikeRide-Offensive-Bahnhof-Kempen-incl.-Flyer.pdf\">2019-12-11 - CDU Antrag Bike+Ride-Offensive Bahnhof Kempen incl. Flyer<\/a>\n\n<a href=\"https:\/\/cdu-kempen.de\/wp-content\/uploads\/2019\/12\/2019-12-08-gemeinsamer-Antrag-Ratsinformationssystem-SD.NET_.pdf\">2019-12-08 - gemeinsamer Antrag Ratsinformationssystem SD.NET<\/a>\n\n<a href=\"https:\/\/cdu-kempen.de\/wp-content\/uploads\/2019\/10\/2019-10-31-CDU-Antrag-Mitgliedschaft-im-Zukunftsnetz-Mobilit\u00e4t-NRW.pdf\">2019-10-31 - CDU Antrag Mitgliedschaft im Zukunftsnetz Mobilit\u00e4t NRW<\/a>\n\n<a href=\"https:\/\/cdu-kempen.de\/wp-content\/uploads\/2019\/10\/2019-10-31-CDU-Antrag-praxisintegrierte-Ausbildung-zum-staatl.-anerkannten-Erzieher.pdf\">2019-10-31 - CDU Antrag praxisintegrierte Ausbildung zum staatl. anerkannten Erzieher<\/a>\n\n<a href=\"https:\/\/cdu-kempen.de\/wp-content\/uploads\/2019\/10\/2019-10-25-CDU-Antrag-Forum-St.-Hubert-Bestuhlung-und-Technik.pdf\">2019-10-25 - CDU Antrag Forum St. Hubert - Bestuhlung und Technik<\/a>\n\n<a href=\"https:\/\/cdu-kempen.de\/wp-content\/uploads\/2019\/10\/2019-10-25-CDU-Antrag-Ladestationen-am-neuen-Rathaus-und-in-der-Tiefgarage.pdf\">2019-10-25 - CDU Antrag Ladestationen am neuen Rathaus und in der Tiefgarage<\/a>\n\n<a href=\"https:\/\/cdu-kempen.de\/wp-content\/uploads\/2019\/10\/2019-10-25-CDU-Antrag-Kempen-App.pdf\">2019-10-25 - CDU Antrag Kempen-App<\/a>\n\n<a href=\"https:\/\/cdu-kempen.de\/wp-content\/uploads\/2019\/10\/2019-10-04-CDU-Antrag-Elternbeitr\u00e4ge-Aussetzen-der-dynamischen-Erh\u00f6hung.pdf\">2019-10-04 - CDU Antrag Elternbeitr\u00e4ge - Aussetzen der dynamischen Erh\u00f6hung<\/a>\n\n<a href=\"https:\/\/cdu-kempen.de\/wp-content\/uploads\/2019\/10\/2019-10-04-CDU-Antrag-Oedter-Stra\u00dfe-Birkenallee-Berliner-Allee.pdf\">2019-10-04 - CDU Antrag Oedter Stra\u00dfe-Birkenallee-Berliner Allee<\/a>\n\n<a href=\"https:\/\/cdu-kempen.de\/wp-content\/uploads\/2019\/10\/2019-10-04-CDU-Antrag-Bergstra\u00dfe-Tempo-30-km.pdf\">2019-10-04 - CDU Antrag Bergstra\u00dfe Tempo 30 km<\/a>\n\n<a href=\"https:\/\/cdu-kempen.de\/wp-content\/uploads\/2019\/09\/CDU-Antrag-Masterplan-Klimaschutz.pdf\">CDU Antrag Masterplan Klimaschutz<\/a>\n\n<a href=\"https:\/\/cdu-kempen.de\/wp-content\/uploads\/2019\/08\/CDU-Antrag-Errichtung-eines-Fitness-Parcours-1.pdf\">CDU Antrag Errichtung eines Fitness-Parcours<\/a>\n\n<a href=\"https:\/\/cdu-kempen.de\/wp-content\/uploads\/2019\/07\/CDU-Antrag-Ausbildungsstellen-2020.pdf\">CDU Antrag Ausbildungsstellen 2020<\/a>\n\n<a href=\"https:\/\/cdu-kempen.de\/wp-content\/uploads\/2019\/07\/CDU-Antrag-Photovoltaik.pdf\">CDU Antrag Photovoltaik<\/a>\n\n<a href=\"https:\/\/cdu-kempen.de\/wp-content\/uploads\/2019\/06\/CDU-Antrag-Barrierefreies-Museum.pdf\">CDU Antrag Barrierefreies Museum<\/a>\n\n<a href=\"https:\/\/cdu-kempen.de\/wp-content\/uploads\/2019\/06\/CDU-Antrag-Nachpflanzungskonzept.pdf\">CDU Antrag Nachpflanzungskonzept<\/a>\n\n<a href=\"https:\/\/cdu-kempen.de\/wp-content\/uploads\/2019\/06\/CDU-Antrag-Broadcast.pdf\">CDU Antrag Broadcast<\/a>\n\n<a href=\"https:\/\/cdu-kempen.de\/wp-content\/uploads\/2019\/05\/CDU-Antrag-Grundst\u00fcck-Tennishalle.pdf\">CDU Antrag Grundst\u00fcck Tennishalle<\/a>\n\n<a href=\"https:\/\/cdu-kempen.de\/wp-content\/uploads\/2019\/03\/CDU-Antrag-Bauleitplanung-im-Kempener-Westen.pdf\">CDU Antrag Bauleitplanung im Kempener Westen<\/a>\n\n<a href=\"https:\/\/cdu-kempen.de\/wp-content\/uploads\/2019\/03\/CDU-Antrag-Fl\u00e4chennutzungsplan\u00e4nderung-f\u00fcr-Altenheim.pdf\">CDU Antrag Fl\u00e4chennutzungsplan\u00e4nderung f\u00fcr Altenheim<\/a>\n\n<a href=\"https:\/\/cdu-kempen.de\/wp-content\/uploads\/2019\/03\/CDU-Antrag-Wohnbauentwicklung-in-St.-Hubert.pdf\">CDU Antrag Wohnbauentwicklung in St. Hubert<\/a>\n\n<a href=\"https:\/\/cdu-kempen.de\/wp-content\/uploads\/2019\/02\/CDU-Anfrage-zur-Elternbeitragssatzung.pdf\">CDU Anfrage zur Elternbeitragssatzung<\/a>\n\n<a href=\"https:\/\/cdu-kempen.de\/wp-content\/uploads\/2019\/02\/CDU-Antrag-Landesgartenschau.pdf\">CDU Antrag Landesgartenschau<\/a>\n\n<a href=\"https:\/\/cdu-kempen.de\/wp-content\/uploads\/2018\/12\/CDU-Antrag-Schulentwicklung-im-Primarbereich.pdf\">CDU Antrag Schulentwicklung im Primarbereich<\/a>\n\n<a href=\"https:\/\/cdu-kempen.de\/wp-content\/uploads\/2018\/11\/CDU-Antrag-Stra\u00dfennamensursprung-digital.pdf\">CDU Antrag Stra\u00dfennamensursprung digital<\/a>\n\n<a href=\"https:\/\/cdu-kempen.de\/wp-content\/uploads\/2018\/11\/CDU-Antrag-Personalsituation-Kulturamt.pdf\">CDU Antrag Personalsituation Kulturamt<\/a>\n\n<a href=\"https:\/\/cdu-kempen.de\/wp-content\/uploads\/2018\/11\/CDU-Antrag-Park-and-Ride-Bahnhof.pdf\">CDU Antrag Park and Ride Bahnhof<\/a>\n\n<a href=\"https:\/\/cdu-kempen.de\/wp-content\/uploads\/2018\/10\/CDU-Antrag-Stellenplan-2019.pdf\">CDU Antrag Stellenplan 2019<\/a>\n\n<a href=\"https:\/\/cdu-kempen.de\/wp-content\/uploads\/2018\/10\/CDU-Antrag-Spielger\u00e4te-Kleinkinder.pdf\">CDU Antrag Spielger\u00e4te Kleinkinder<\/a><a href=\"https:\/\/cdu-kempen.de\/wp-content\/uploads\/2018\/10\/CDU-Antrag-Immobilie-Schmalbroich.pdf\">CDU<\/a>\n\n<a href=\"https:\/\/cdu-kempen.de\/wp-content\/uploads\/2018\/10\/CDU-Antrag-Immobilie-Schmalbroich.pdf\"> Antrag Immobilie Schmalbroich<\/a>\n\n<a href=\"https:\/\/cdu-kempen.de\/wp-content\/uploads\/2018\/06\/CDU-Antrag-Wohnmobilstellpl\u00e4tze.pdf\">CDU Antrag Wohnmobilstellpl\u00e4tze<\/a>\n\n<a href=\"https:\/\/cdu-kempen.de\/wp-content\/uploads\/2018\/06\/CDU-Antrag-Wirtschaftswege-Nutzung-und-Geschwindkeitsbegrenzung.pdf\">CDU Antrag Wirtschaftswege - Nutzung und Geschwindkeitsbegrenzung<\/a>\n\n<a href=\"https:\/\/cdu-kempen.de\/wp-content\/uploads\/2018\/06\/CDU-Antrag-Ausbau-der-Kita-Pl\u00e4tze.pdf\">CDU Antrag Ausbau der Kita-Pl\u00e4tze<\/a>\n\n<a href=\"https:\/\/cdu-kempen.de\/wp-content\/uploads\/2018\/05\/CDU-Antrag-Abendmarkt.pdf\">CDU Antrag Abendmarkt<\/a>\n\n<a href=\"http:\/\/cdu-kempen.de\/wp-content\/uploads\/2017\/11\/CDU-Anfrage-\u00f6ffentliches-WLAN-und-Hotspots.pdf\">CDU Anfrage \u00f6ffentliches WLAN und Hotspots<\/a>\n\n<a href=\"https:\/\/cdu-kempen.de\/wp-content\/uploads\/2018\/03\/CDU-Anfrage-\u00f6ffentliches-WLAN.pdf\">CDU Anfrage \u00f6ffentliches WLAN<\/a>\n\n<a href=\"https:\/\/cdu-kempen.de\/wp-content\/uploads\/2018\/03\/CDU-Antrag-Gewerbefl\u00e4chen.pdf\">CDU Antrag Gewerbefl\u00e4chen<\/a>[\/vc_column_text][\/vc_column][vc_column][\/vc_column][\/vc_row]","_et_gb_content_width":"","footnotes":""},"class_list":["post-6523","page","type-page","status-publish","hentry"],"_links":{"self":[{"href":"https:\/\/cdu-kempen.de\/index.php\/wp-json\/wp\/v2\/pages\/6523"}],"collection":[{"href":"https:\/\/cdu-kempen.de\/index.php\/wp-json\/wp\/v2\/pages"}],"about":[{"href":"https:\/\/cdu-kempen.de\/index.php\/wp-json\/wp\/v2\/types\/page"}],"author":[{"embeddable":true,"href":"https:\/\/cdu-kempen.de\/index.php\/wp-json\/wp\/v2\/users\/2"}],"replies":[{"embeddable":true,"href":"https:\/\/cdu-kempen.de\/index.php\/wp-json\/wp\/v2\/comments?post=6523"}],"version-history":[{"count":181,"href":"https:\/\/cdu-kempen.de\/index.php\/wp-json\/wp\/v2\/pages\/6523\/revisions"}],"predecessor-version":[{"id":13265,"href":"https:\/\/cdu-kempen.de\/index.php\/wp-json\/wp\/v2\/pages\/6523\/revisions\/13265"}],"wp:attachment":[{"href":"https:\/\/cdu-kempen.de\/index.php\/wp-json\/wp\/v2\/media?parent=6523"}],"curies":[{"name":"wp","href":"https:\/\/api.w.org\/{rel}","templated":true}]}}