{"id":8921,"date":"2020-07-05T18:20:51","date_gmt":"2020-07-05T18:20:51","guid":{"rendered":"https:\/\/cdu-kempen.de\/?page_id=8921"},"modified":"2020-07-12T15:02:53","modified_gmt":"2020-07-12T15:02:53","slug":"ute-gremmel-geuchen","status":"publish","type":"page","link":"https:\/\/cdu-kempen.de\/index.php\/wahl-2020\/ute-gremmel-geuchen\/","title":{"rendered":"Ute Gremmel-Geuchen"},"content":{"rendered":"<p>[vc_section][vc_row][vc_column][vc_single_image image=&#8220;9008&#8243; img_size=&#8220;full&#8220; alignment=&#8220;center&#8220;][vc_custom_heading text=&#8220;Wahlbezirk 3130<br \/>\nKempen-Mitte<br \/>\n&#8220; font_container=&#8220;tag:h4|font_size:18px|text_align:center|color:%23666666&#8243; google_fonts=&#8220;font_family:Open%20Sans%3A300%2C300italic%2Cregular%2Citalic%2C600%2C600italic%2C700%2C700italic%2C800%2C800italic|font_style:400%20regular%3A400%3Anormal&#8220;][vc_column_text]<\/p>\n<table style=\"height: 2305px;\" width=\"618\">\n<tbody>\n<tr>\n<td width=\"310\">Geburtsjahr:<\/td>\n<td width=\"248\">1964<\/td>\n<\/tr>\n<tr>\n<td>Beruf:<\/td>\n<td width=\"248\">Musikerin (Konzertorganistin, Titularorganistin der Kempener Paterskirche)<\/td>\n<\/tr>\n<tr>\n<td>Familienstand\/Kinder:<\/td>\n<td width=\"248\">verheiratet<br \/>\n7 Kinder<\/td>\n<\/tr>\n<tr>\n<td>Telefon:<\/td>\n<td width=\"248\">02152 517541<\/td>\n<\/tr>\n<tr>\n<td>E-Mail (CDU-Adresse):<\/td>\n<td><span data-email-protect=\"itgoogn\/igwejgpBefw\/mgorgp0fg\"><\/span><\/td>\n<\/tr>\n<tr>\n<td>Adresse:<\/td>\n<td width=\"248\">Ludwig-Jahn-Str.12<br \/>\n47906 Kempen<\/td>\n<\/tr>\n<tr>\n<td>Facebook:<\/td>\n<td width=\"248\"><\/td>\n<\/tr>\n<tr>\n<td>Instagram:<\/td>\n<td width=\"248\"><\/td>\n<\/tr>\n<tr>\n<td>Hobbies\/Engagement\/Vereine:<\/td>\n<td width=\"248\">K\u00fcnstlerische Leiterin der KEMPENER ORGELKONZERTE \/\u00a0 23 Jahre lang aktiv in\u00a0 Schulpflegschaften diverser Kempener Schulen\/Begr\u00fcnderin der Stadtschulpflegschaft Kempen und deren Vorsitzende von 2017-2019\/ Sprecherin der Initiative \u201eStolpersteine Kempen\u201c\/ Mitglied im Kempener Geschichts- und Museumsverein, im Kirchbauverein der Propsteikirche , bei Kempen Klassik e.V., im F\u00f6rderverein des Thomaeums\/<br \/>\nehrenamtliches Engagement als Musikerin durch Orgelvorf\u00fchrungen bzw. das Projekt \u201eorgelkids\u201c als Angebote f\u00fcr Schulen, Gruppen der Lebenshilfe, des HPZ\/ Deutschunterricht f\u00fcr Gefl\u00fcchtete\/<br \/>\nIm Januar 2020 erhielt Ute Gremmel-Geuchen den Thomaspreis des Lion\u00b4s Club Kempen f\u00fcr ihr besonderes ehrenamtliches Engagement.<\/td>\n<\/tr>\n<tr>\n<td>Mein Lieblingsplatz in Kempen:<\/td>\n<td width=\"248\">Nat\u00fcrlich die Orgelbank der Paterskirche!<br \/>\nAber ich bin auch gerne am Thomasdenkmal auf dem Kirchplatz und versuche mir vorzustellen, wie Thomas von Kempen vor mehr als 600 Jahren unsere Stadt erlebt hat und Texte verfassen konnte, die noch heute aktuell sind, z.B.:<br \/>\nDas sollte unsere Lebensart sein, sich selbst zu besiegen;<br \/>\nt\u00e4glich in der Kraft und im Guten zu wachsen.<\/td>\n<\/tr>\n<tr>\n<td>In der Kommunalpolitik t\u00e4tig seit:<\/td>\n<td width=\"248\">2018, Wahl in den Vorstand des Stadtverbandes der Kempener CDU<\/td>\n<\/tr>\n<tr>\n<td>Aussch\u00fcsse:<\/td>\n<td width=\"248\">Denkmalausschuss<\/td>\n<\/tr>\n<tr>\n<td>Kommunalpolitische Schwerpunktthemen:<\/td>\n<td width=\"248\">Kultur, Schule, Umwelt- und Klimaschutz<\/td>\n<\/tr>\n<tr>\n<td>Ich engagiere mich f\u00fcr Kempen, weil:<\/td>\n<td width=\"248\">ich Kempen, obgleich\u00a0 in D\u00fcsseldorf geboren , in den 28 Jahren, die ich nun hier lebe, als meine Heimat lieben gelernt habe. Ich m\u00f6chte daran mitwirken, dass die B\u00fcrgerinnen und B\u00fcrger sich wohlf\u00fchlen in Kempen und auch zuk\u00fcnftig die hohe Lebensqualit\u00e4t in unserer Stadt erhalten bleibt.<\/td>\n<\/tr>\n<tr>\n<td>Philipp Kraft ist mein B\u00fcrgermeister, weil:<\/td>\n<td width=\"248\">er durch seine beruflichen, politischen und menschlichen Kompetenzen geeignet ist, die st\u00e4dtische Verwaltung zu f\u00fchren in Kooperation mit den politisch Verantwortlichen und im Dialog mit den B\u00fcrgerinnen und B\u00fcrgern.<\/td>\n<\/tr>\n<tr>\n<td>F\u00fcnf Stichpunkte, die ich mit Kempen verbinde:<\/td>\n<td width=\"248\">1.Die besondere Atmosph\u00e4re der historischen Altstadt<br \/>\n2.Das niveauvolle, vielf\u00e4ltige kulturelle Angebot<br \/>\n3.Die zahlreichen Gr\u00fcnfl\u00e4chen, alten B\u00e4ume und Blumen in den Gr\u00fcnanlagen<br \/>\n4.Das wunderbare Umland, das einl\u00e4dt zum Fahrradfahren<br \/>\n5.Das gute Miteinander, die gegenseitige Hilfsbereitschaft der B\u00fcrgerinnen und B\u00fcrger Kempens<\/td>\n<\/tr>\n<\/tbody>\n<\/table>\n","protected":false},"excerpt":{"rendered":"<p>[vc_section][vc_row][vc_column][vc_single_image image=&#8220;9008&#8243; img_size=&#8220;full&#8220; alignment=&#8220;center&#8220;][vc_custom_heading text=&#8220;Wahlbezirk 3130 Kempen-Mitte &#8220; font_container=&#8220;tag:h4|font_size:18px|text_align:center|color:%23666666&#8243; google_fonts=&#8220;font_family:Open%20Sans%3A300%2C300italic%2Cregular%2Citalic%2C600%2C600italic%2C700%2C700italic%2C800%2C800italic|font_style:400%20regular%3A400%3Anormal&#8220;][vc_column_text] Geburtsjahr: 1964 Beruf: Musikerin (Konzertorganistin, Titularorganistin der Kempener Paterskirche) Familienstand\/Kinder: verheiratet 7 Kinder Telefon: 02152 517541 E-Mail (CDU-Adresse): Adresse: Ludwig-Jahn-Str.12 47906 Kempen Facebook: Instagram: Hobbies\/Engagement\/Vereine: K\u00fcnstlerische Leiterin der KEMPENER ORGELKONZERTE \/\u00a0 23 Jahre lang aktiv in\u00a0 Schulpflegschaften diverser Kempener Schulen\/Begr\u00fcnderin der Stadtschulpflegschaft Kempen und deren [&hellip;]<\/p>\n","protected":false},"author":5,"featured_media":0,"parent":8848,"menu_order":0,"comment_status":"closed","ping_status":"closed","template":"","meta":{"_et_pb_use_builder":"","_et_pb_old_content":"","_et_gb_content_width":"","footnotes":""},"class_list":["post-8921","page","type-page","status-publish","hentry"],"_links":{"self":[{"href":"https:\/\/cdu-kempen.de\/index.php\/wp-json\/wp\/v2\/pages\/8921"}],"collection":[{"href":"https:\/\/cdu-kempen.de\/index.php\/wp-json\/wp\/v2\/pages"}],"about":[{"href":"https:\/\/cdu-kempen.de\/index.php\/wp-json\/wp\/v2\/types\/page"}],"author":[{"embeddable":true,"href":"https:\/\/cdu-kempen.de\/index.php\/wp-json\/wp\/v2\/users\/5"}],"replies":[{"embeddable":true,"href":"https:\/\/cdu-kempen.de\/index.php\/wp-json\/wp\/v2\/comments?post=8921"}],"version-history":[{"count":3,"href":"https:\/\/cdu-kempen.de\/index.php\/wp-json\/wp\/v2\/pages\/8921\/revisions"}],"predecessor-version":[{"id":9107,"href":"https:\/\/cdu-kempen.de\/index.php\/wp-json\/wp\/v2\/pages\/8921\/revisions\/9107"}],"up":[{"embeddable":true,"href":"https:\/\/cdu-kempen.de\/index.php\/wp-json\/wp\/v2\/pages\/8848"}],"wp:attachment":[{"href":"https:\/\/cdu-kempen.de\/index.php\/wp-json\/wp\/v2\/media?parent=8921"}],"curies":[{"name":"wp","href":"https:\/\/api.w.org\/{rel}","templated":true}]}}