{"id":8927,"date":"2020-07-05T18:21:00","date_gmt":"2020-07-05T18:21:00","guid":{"rendered":"https:\/\/cdu-kempen.de\/?page_id=8927"},"modified":"2020-07-12T14:57:54","modified_gmt":"2020-07-12T14:57:54","slug":"christian-drabben","status":"publish","type":"page","link":"https:\/\/cdu-kempen.de\/index.php\/wahl-2020\/christian-drabben\/","title":{"rendered":"Christian Drabben"},"content":{"rendered":"<p>[vc_section][vc_row][vc_column][vc_single_image image=&#8220;9005&#8243; img_size=&#8220;full&#8220; alignment=&#8220;center&#8220;][vc_custom_heading text=&#8220;Wahlbezirk 3180<br \/>\nSt. Hubert<br \/>\n&#8220; font_container=&#8220;tag:h4|font_size:18px|text_align:center|color:%23666666&#8243; google_fonts=&#8220;font_family:Open%20Sans%3A300%2C300italic%2Cregular%2Citalic%2C600%2C600italic%2C700%2C700italic%2C800%2C800italic|font_style:400%20regular%3A400%3Anormal&#8220;][vc_column_text]<\/p>\n<table width=\"571\">\n<tbody>\n<tr>\n<td width=\"308\">Geburtsjahr:<\/td>\n<td width=\"263\">1969<\/td>\n<\/tr>\n<tr>\n<td>Beruf:<\/td>\n<td width=\"263\">Dachdeckermeister<\/td>\n<\/tr>\n<tr>\n<td>Familienstand\/Kinder:<\/td>\n<td width=\"263\">verheiratet<br \/>\neine Tochter<\/td>\n<\/tr>\n<tr>\n<td>Telefon:<\/td>\n<td width=\"263\">02152 3465<\/td>\n<\/tr>\n<tr>\n<td>E-Mail (CDU-Adresse):<\/td>\n<td width=\"263\"><span data-email-protect=\"ftcddgpBefw\/mgorgp0fg\"><\/span><\/td>\n<\/tr>\n<tr>\n<td>Adresse:<\/td>\n<td width=\"263\">Von-Ketteler-Str. 28<\/td>\n<\/tr>\n<tr>\n<td>Facebook:<\/td>\n<td width=\"263\">ja<\/td>\n<\/tr>\n<tr>\n<td>Instagram:<\/td>\n<td width=\"263\">ja<\/td>\n<\/tr>\n<tr>\n<td>Hobbies\/Engagement\/Vereine:<\/td>\n<td width=\"263\">Wassersport, Familie, Politik, Prinzengarde Kempen,<br \/>\nB\u00fcrger und Werbering St. Hubert<\/td>\n<\/tr>\n<tr>\n<td>Mein Lieblingsplatz in Kempen:<\/td>\n<td width=\"263\">Buttermarkt<\/td>\n<\/tr>\n<tr>\n<td>In der Kommunalpolitik t\u00e4tig seit:<\/td>\n<td width=\"263\">2008<\/td>\n<\/tr>\n<tr>\n<td>Aussch\u00fcsse:<\/td>\n<td width=\"263\">UPK, Schul und Denkmalausschuss<\/td>\n<\/tr>\n<tr>\n<td>Kommunalpolitische Schwerpunktthemen:<\/td>\n<td width=\"263\">Wohnen, Schule, Denkmalschutz<\/td>\n<\/tr>\n<tr>\n<td>Ich engagiere mich f\u00fcr Kempen, weil:<\/td>\n<td width=\"263\">mir das Wohlergehen der B\u00fcrger am Herzen liegt und ich den zuk\u00fcnftigen Generationen weiterhin ein sch\u00f6nes Leben und Wohnen in Kempen erm\u00f6glichen m\u00f6chte<\/td>\n<\/tr>\n<tr>\n<td>Philipp Kraft ist mein B\u00fcrgermeister, weil:<\/td>\n<td width=\"263\">er ein breit aufgestelltes Fachwissen hat sowie eine hohen F\u00fchrungs und Personalkompetenz<\/td>\n<\/tr>\n<tr>\n<td>F\u00fcnf Stichpunkte, die ich mit Kempen verbinde:<\/td>\n<td width=\"263\">Familie, gute Inftastruktur, Historische Altstadt, hochwertige Erholungsfl\u00e4chen und Freizeitangebote<\/td>\n<\/tr>\n<\/tbody>\n<\/table>\n","protected":false},"excerpt":{"rendered":"<p>[vc_section][vc_row][vc_column][vc_single_image image=&#8220;9005&#8243; img_size=&#8220;full&#8220; alignment=&#8220;center&#8220;][vc_custom_heading text=&#8220;Wahlbezirk 3180 St. Hubert &#8220; font_container=&#8220;tag:h4|font_size:18px|text_align:center|color:%23666666&#8243; google_fonts=&#8220;font_family:Open%20Sans%3A300%2C300italic%2Cregular%2Citalic%2C600%2C600italic%2C700%2C700italic%2C800%2C800italic|font_style:400%20regular%3A400%3Anormal&#8220;][vc_column_text] Geburtsjahr: 1969 Beruf: Dachdeckermeister Familienstand\/Kinder: verheiratet eine Tochter Telefon: 02152 3465 E-Mail (CDU-Adresse): Adresse: Von-Ketteler-Str. 28 Facebook: ja Instagram: ja Hobbies\/Engagement\/Vereine: Wassersport, Familie, Politik, Prinzengarde Kempen, B\u00fcrger und Werbering St. Hubert Mein Lieblingsplatz in Kempen: Buttermarkt In der Kommunalpolitik t\u00e4tig seit: 2008 Aussch\u00fcsse: UPK, [&hellip;]<\/p>\n","protected":false},"author":5,"featured_media":0,"parent":8848,"menu_order":0,"comment_status":"closed","ping_status":"closed","template":"","meta":{"_et_pb_use_builder":"","_et_pb_old_content":"","_et_gb_content_width":"","footnotes":""},"class_list":["post-8927","page","type-page","status-publish","hentry"],"_links":{"self":[{"href":"https:\/\/cdu-kempen.de\/index.php\/wp-json\/wp\/v2\/pages\/8927"}],"collection":[{"href":"https:\/\/cdu-kempen.de\/index.php\/wp-json\/wp\/v2\/pages"}],"about":[{"href":"https:\/\/cdu-kempen.de\/index.php\/wp-json\/wp\/v2\/types\/page"}],"author":[{"embeddable":true,"href":"https:\/\/cdu-kempen.de\/index.php\/wp-json\/wp\/v2\/users\/5"}],"replies":[{"embeddable":true,"href":"https:\/\/cdu-kempen.de\/index.php\/wp-json\/wp\/v2\/comments?post=8927"}],"version-history":[{"count":3,"href":"https:\/\/cdu-kempen.de\/index.php\/wp-json\/wp\/v2\/pages\/8927\/revisions"}],"predecessor-version":[{"id":9098,"href":"https:\/\/cdu-kempen.de\/index.php\/wp-json\/wp\/v2\/pages\/8927\/revisions\/9098"}],"up":[{"embeddable":true,"href":"https:\/\/cdu-kempen.de\/index.php\/wp-json\/wp\/v2\/pages\/8848"}],"wp:attachment":[{"href":"https:\/\/cdu-kempen.de\/index.php\/wp-json\/wp\/v2\/media?parent=8927"}],"curies":[{"name":"wp","href":"https:\/\/api.w.org\/{rel}","templated":true}]}}