{"id":9163,"date":"2020-07-19T20:13:24","date_gmt":"2020-07-19T20:13:24","guid":{"rendered":"https:\/\/cdu-kempen.de\/?page_id=9163"},"modified":"2025-07-16T15:05:11","modified_gmt":"2025-07-16T15:05:11","slug":"niklas-hell","status":"publish","type":"page","link":"https:\/\/cdu-kempen.de\/index.php\/wahl-2020\/kreistagskandidaten-kempen-2020\/niklas-hell\/","title":{"rendered":"Niklas Hell"},"content":{"rendered":"<p>Mitglied des Kreistags<br \/>\nKreistagswahlbezirk 7<br \/>\nSt. Hubert \/ T\u00f6nisberg<br \/>\nVorsitzender CDU-Stadtverband Kempen<\/p>\n<table>\n<tbody>\n<tr>\n<td width=\"302\"><\/td>\n<td width=\"302\">1991<\/td>\n<\/tr>\n<tr>\n<td width=\"302\">Beruf:<\/td>\n<td width=\"302\">Steuer- und Pr\u00fcfungsassistent<\/td>\n<\/tr>\n<tr>\n<td width=\"302\">Familienstand\/Kinder:<\/td>\n<td width=\"302\">Verheiratet<\/td>\n<\/tr>\n<tr>\n<td width=\"302\"><\/td>\n<td width=\"302\"><\/td>\n<\/tr>\n<tr>\n<td width=\"302\">E-Mail (CDU-Adresse):<\/td>\n<td width=\"302\"><span data-email-protect=\"jgnnBefw\/mgorgp0fg\"><\/span><\/td>\n<\/tr>\n<tr>\n<td width=\"302\">Adresse:<\/td>\n<td width=\"302\">Von-Loe-Str. 22<br \/>\n47906 Kempen<\/td>\n<\/tr>\n<tr>\n<td width=\"302\">Facebook:<\/td>\n<td width=\"302\">Ja<\/td>\n<\/tr>\n<tr>\n<td width=\"302\">Hobbies\/Engagement\/Vereine:<\/td>\n<td width=\"302\"><u>Hobbys:<\/u><\/p>\n<ul>\n<li>Joggen, Fitness<\/li>\n<li>Mountainbiken<\/li>\n<li>Wandern<\/li>\n<\/ul>\n<p><u>Engagement:<\/u><\/p>\n<ul>\n<li>Externer Pr\u00fcfer der Fontys Venlo University of Applied Sciences<\/li>\n<li>JU-Kempen\/Grefrath<\/li>\n<\/ul>\n<\/td>\n<\/tr>\n<tr>\n<td width=\"302\">Mein Lieblingsplatz in Kempen:<\/td>\n<td width=\"302\">Innenstadt, gut und gerne der Buttermarkt<\/td>\n<\/tr>\n<tr>\n<td width=\"302\">In der Kommunalpolitik t\u00e4tig seit:<\/td>\n<td width=\"302\">2013<\/td>\n<\/tr>\n<tr>\n<td width=\"302\">Aussch\u00fcsse\/Gremien:<\/td>\n<td width=\"302\"><u>Aussch\u00fcsse im Kreistag:<\/u><\/p>\n<ul>\n<li>Finanzausschuss<\/li>\n<li>Ausschuss f\u00fcr Planung, Bauen und Infrastruktur<\/li>\n<li>Ausschuss f\u00fcr Umwelt, Klimaschutz und Landwirtschaft<\/li>\n<li>Betriebsausschuss<\/li>\n<li>Rechnungspr\u00fcfungsausschuss<\/li>\n<\/ul>\n<p><u>Mitgliedschaften in Organen:<\/u><\/p>\n<ul>\n<li>Verbandsversammlung Zweckverband KRZN<\/li>\n<li>Verein zur F\u00f6rderung der Abfallwirtschaft Rhein-Wupper e.V.<\/li>\n<\/ul>\n<p><u>Stadtrat:<\/u><\/p>\n<ul>\n<li>Sachkundiger B\u00fcrger im Wirtschaftsausschuss<\/li>\n<li>Stellv. Sachkundiger B\u00fcrger im Sportausschuss<\/li>\n<\/ul>\n<\/td>\n<\/tr>\n<tr>\n<td width=\"302\">Kommunalpolitische Schwerpunktthemen:<\/td>\n<td width=\"302\">\n<ul>\n<li>Wirtschafts- und Finanzpolitik<\/li>\n<li>Infrastruktur, Klima- und Umweltpolitik<\/li>\n<\/ul>\n<\/td>\n<\/tr>\n<tr>\n<td width=\"302\">Ich engagiere mich f\u00fcr Kempen, weil:<\/td>\n<td width=\"302\">Gemeinsam mit den B\u00fcrgerinnen und B\u00fcrgern will ich die Zukunftsthemen in unserer Heimat im Kreis Viersen und der Stadt Kempen angehen. F\u00fcr die nachfolgenden Generationen gilt es die richtigen Rahmenbedingungen zu setzen und sich f\u00fcr die Belange aller einzusetzen. So ist es mein Ziel, dass das vielf\u00e4ltige, ansprechende und wohlf\u00fchlende Flair unseres Kreises und unserer Stadt erhalten bleibt und gleichzeitig eine kontinuierliche, wie zukunftsorientierte Weiterentwicklung erfolgt.<\/td>\n<\/tr>\n<tr>\n<td width=\"302\">F\u00fcnf Stichpunkte, die ich mit Kempen verbinde:<\/td>\n<td width=\"302\">\n<ul>\n<li>Heimat und Wohlf\u00fchlen<\/li>\n<li>Zusammenhalt<\/li>\n<li>Wirtschaftsstandort<\/li>\n<li>Bildungsvielfalt<\/li>\n<li>Gro\u00dfartige Kultur- und Sportlandschaft<\/li>\n<\/ul>\n<\/td>\n<\/tr>\n<\/tbody>\n<\/table>\n","protected":false},"excerpt":{"rendered":"<p>Mitglied des Kreistags Kreistagswahlbezirk 7 St. Hubert \/ T\u00f6nisberg Vorsitzender CDU-Stadtverband Kempen 1991 Beruf: Steuer- und Pr\u00fcfungsassistent Familienstand\/Kinder: Verheiratet E-Mail (CDU-Adresse): Adresse: Von-Loe-Str. 22 47906 Kempen Facebook: Ja Hobbies\/Engagement\/Vereine: Hobbys: Joggen, Fitness Mountainbiken Wandern Engagement: Externer Pr\u00fcfer der Fontys Venlo University of Applied Sciences JU-Kempen\/Grefrath Mein Lieblingsplatz in Kempen: Innenstadt, gut und gerne der Buttermarkt [&hellip;]<\/p>\n","protected":false},"author":5,"featured_media":0,"parent":9157,"menu_order":0,"comment_status":"closed","ping_status":"closed","template":"","meta":{"_et_pb_use_builder":"","_et_pb_old_content":"","_et_gb_content_width":"","footnotes":""},"class_list":["post-9163","page","type-page","status-publish","hentry"],"_links":{"self":[{"href":"https:\/\/cdu-kempen.de\/index.php\/wp-json\/wp\/v2\/pages\/9163"}],"collection":[{"href":"https:\/\/cdu-kempen.de\/index.php\/wp-json\/wp\/v2\/pages"}],"about":[{"href":"https:\/\/cdu-kempen.de\/index.php\/wp-json\/wp\/v2\/types\/page"}],"author":[{"embeddable":true,"href":"https:\/\/cdu-kempen.de\/index.php\/wp-json\/wp\/v2\/users\/5"}],"replies":[{"embeddable":true,"href":"https:\/\/cdu-kempen.de\/index.php\/wp-json\/wp\/v2\/comments?post=9163"}],"version-history":[{"count":17,"href":"https:\/\/cdu-kempen.de\/index.php\/wp-json\/wp\/v2\/pages\/9163\/revisions"}],"predecessor-version":[{"id":12398,"href":"https:\/\/cdu-kempen.de\/index.php\/wp-json\/wp\/v2\/pages\/9163\/revisions\/12398"}],"up":[{"embeddable":true,"href":"https:\/\/cdu-kempen.de\/index.php\/wp-json\/wp\/v2\/pages\/9157"}],"wp:attachment":[{"href":"https:\/\/cdu-kempen.de\/index.php\/wp-json\/wp\/v2\/media?parent=9163"}],"curies":[{"name":"wp","href":"https:\/\/api.w.org\/{rel}","templated":true}]}}